{"id":22641,"date":"2025-11-18T10:30:00","date_gmt":"2025-11-18T10:30:00","guid":{"rendered":"https:\/\/expoquebecvert.com\/programmation\/fleurs-comestibles-de-la-cuisine-aux-cosmetiques\/"},"modified":"2026-08-31T11:59:58","modified_gmt":"2026-08-31T15:59:58","slug":"fleurs-comestibles-de-la-cuisine-aux-cosmetiques","status":"publish","type":"programmation","link":"https:\/\/expoquebecvert.com\/en\/program\/fleurs-comestibles-de-la-cuisine-aux-cosmetiques\/","title":{"rendered":"Fleurs comestibles : de la cuisine aux cosm\u00e9tiques"},"content":{"rendered":"<p><em><strong>&#8211; Conference presented in French &#8211;<\/strong><\/em><\/p>\n<p>Bien plus que jolies, les fleurs comestibles offrent une \u00e9tonnante diversit\u00e9 d\u2019usages! S\u00e9lection, culture, r\u00e9colte, saveurs et propri\u00e9t\u00e9s m\u00e9dicinales : cette conf\u00e9rence pr\u00e9sente diff\u00e9rentes fa\u00e7ons de les valoriser, fra\u00eeches ou s\u00e9ch\u00e9es, en cuisine comme en cosm\u00e9tique, ainsi que plusieurs transformations en herboristerie, des boissons et vinaigres aux mac\u00e9rats huileux, cr\u00e8mes et savons.<\/p>\n<p><em>Cr\u00e9dit photo : Ariel Tarr<\/em><\/p>\n","protected":false},"featured_media":22638,"template":"","meta":{"site-sidebar-layout":"default","site-content-layout":"","ast-site-content-layout":"default","site-content-style":"default","site-sidebar-style":"default","ast-global-header-display":"","ast-banner-title-visibility":"","ast-main-header-display":"","ast-hfb-above-header-display":"","ast-hfb-below-header-display":"","ast-hfb-mobile-header-display":"","site-post-title":"","ast-breadcrumbs-content":"","ast-featured-img":"","footer-sml-layout":"","ast-disable-related-posts":"","theme-transparent-header-meta":"default","adv-header-id-meta":"","stick-header-meta":"","header-above-stick-meta":"","header-main-stick-meta":"","header-below-stick-meta":"","astra-migrate-meta-layouts":"set","ast-page-background-enabled":"default","ast-page-background-meta":{"desktop":{"background-color":"","background-image":"","background-repeat":"repeat","background-position":"center center","background-size":"auto","background-attachment":"scroll","background-type":"","background-media":"","overlay-type":"","overlay-color":"","overlay-opacity":"","overlay-gradient":""},"tablet":{"background-color":"","background-image":"","background-repeat":"repeat","background-position":"center center","background-size":"auto","background-attachment":"scroll","background-type":"","background-media":"","overlay-type":"","overlay-color":"","overlay-opacity":"","overlay-gradient":""},"mobile":{"background-color":"","background-image":"","background-repeat":"repeat","background-position":"center center","background-size":"auto","background-attachment":"scroll","background-type":"","background-media":"","overlay-type":"","overlay-color":"","overlay-opacity":"","overlay-gradient":""}},"ast-content-background-meta":{"desktop":{"background-color":"var(--ast-global-color-5)","background-image":"","background-repeat":"repeat","background-position":"center center","background-size":"auto","background-attachment":"scroll","background-type":"","background-media":"","overlay-type":"","overlay-color":"","overlay-opacity":"","overlay-gradient":""},"tablet":{"background-color":"var(--ast-global-color-5)","background-image":"","background-repeat":"repeat","background-position":"center center","background-size":"auto","background-attachment":"scroll","background-type":"","background-media":"","overlay-type":"","overlay-color":"","overlay-opacity":"","overlay-gradient":""},"mobile":{"background-color":"var(--ast-global-color-5)","background-image":"","background-repeat":"repeat","background-position":"center center","background-size":"auto","background-attachment":"scroll","background-type":"","background-media":"","overlay-type":"","overlay-color":"","overlay-opacity":"","overlay-gradient":""}},"footnotes":""},"class_list":["post-22641","programmation","type-programmation","status-publish","has-post-thumbnail","hentry","vedette-oui","clientele-fleuristerie","clientele-jardinerie","type-presentiel","ouverture-ouvert-a-tous","date-mercredi-18-novembre","salle-salle-quebec-vert-pavillon-bmo"],"yoast_head":"<!-- This site is optimized with the Yoast SEO plugin v27.8 - https:\/\/yoast.com\/product\/yoast-seo-wordpress\/ -->\n<title>Fleurs comestibles : de la cuisine aux cosm\u00e9tiques<\/title>\n<meta name=\"description\" content=\"Cette conf\u00e9rence pr\u00e9sente diff\u00e9rentes fa\u00e7ons de valoriser les fleurs comestibles, ainsi que plusieurs transformations en herboristerie.\" \/>\n<meta name=\"robots\" content=\"index, follow, max-snippet:-1, max-image-preview:large, max-video-preview:-1\" \/>\n<link rel=\"canonical\" href=\"https:\/\/expoquebecvert.com\/en\/program\/fleurs-comestibles-de-la-cuisine-aux-cosmetiques\/\" \/>\n<meta property=\"og:locale\" content=\"en_US\" \/>\n<meta property=\"og:type\" content=\"article\" \/>\n<meta property=\"og:title\" content=\"Fleurs comestibles : de la cuisine aux cosm\u00e9tiques\" \/>\n<meta property=\"og:description\" content=\"Cette conf\u00e9rence pr\u00e9sente diff\u00e9rentes fa\u00e7ons de valoriser les fleurs comestibles, ainsi que plusieurs transformations en herboristerie.\" \/>\n<meta property=\"og:url\" content=\"https:\/\/expoquebecvert.com\/en\/program\/fleurs-comestibles-de-la-cuisine-aux-cosmetiques\/\" \/>\n<meta property=\"og:site_name\" content=\"Expo Qu\u00e9bec Vert\" \/>\n<meta property=\"article:publisher\" content=\"https:\/\/www.facebook.com\/expoquebecvert\/\" \/>\n<meta property=\"article:modified_time\" content=\"2026-08-31T15:59:58+00:00\" \/>\n<meta property=\"og:image\" content=\"https:\/\/expoquebecvert.com\/wp-content\/uploads\/2026\/08\/nathalie-beaudoin-web.png\" \/>\n\t<meta property=\"og:image:width\" content=\"400\" \/>\n\t<meta property=\"og:image:height\" content=\"500\" \/>\n\t<meta property=\"og:image:type\" content=\"image\/png\" \/>\n<meta name=\"twitter:card\" content=\"summary_large_image\" \/>\n<meta name=\"twitter:label1\" content=\"Est. reading time\" \/>\n\t<meta name=\"twitter:data1\" content=\"1 minute\" \/>\n<script type=\"application\/ld+json\" class=\"yoast-schema-graph\">{\"@context\":\"https:\\\/\\\/schema.org\",\"@graph\":[{\"@type\":[\"WebPage\",\"ItemPage\"],\"@id\":\"https:\\\/\\\/expoquebecvert.com\\\/en\\\/program\\\/fleurs-comestibles-de-la-cuisine-aux-cosmetiques\\\/\",\"url\":\"https:\\\/\\\/expoquebecvert.com\\\/en\\\/program\\\/fleurs-comestibles-de-la-cuisine-aux-cosmetiques\\\/\",\"name\":\"Fleurs comestibles : de la cuisine aux cosm\u00e9tiques\",\"isPartOf\":{\"@id\":\"https:\\\/\\\/expoquebecvert.com\\\/en\\\/#website\"},\"primaryImageOfPage\":{\"@id\":\"https:\\\/\\\/expoquebecvert.com\\\/en\\\/program\\\/fleurs-comestibles-de-la-cuisine-aux-cosmetiques\\\/#primaryimage\"},\"image\":{\"@id\":\"https:\\\/\\\/expoquebecvert.com\\\/en\\\/program\\\/fleurs-comestibles-de-la-cuisine-aux-cosmetiques\\\/#primaryimage\"},\"thumbnailUrl\":\"https:\\\/\\\/expoquebecvert.com\\\/wp-content\\\/uploads\\\/2026\\\/08\\\/nathalie-beaudoin-web.png\",\"datePublished\":\"2025-11-18T10:30:00+00:00\",\"dateModified\":\"2026-08-31T15:59:58+00:00\",\"description\":\"Cette conf\u00e9rence pr\u00e9sente diff\u00e9rentes fa\u00e7ons de valoriser les fleurs comestibles, ainsi que plusieurs transformations en herboristerie.\",\"breadcrumb\":{\"@id\":\"https:\\\/\\\/expoquebecvert.com\\\/en\\\/program\\\/fleurs-comestibles-de-la-cuisine-aux-cosmetiques\\\/#breadcrumb\"},\"inLanguage\":\"en-US\",\"potentialAction\":[{\"@type\":\"ReadAction\",\"target\":[\"https:\\\/\\\/expoquebecvert.com\\\/en\\\/program\\\/fleurs-comestibles-de-la-cuisine-aux-cosmetiques\\\/\"]}]},{\"@type\":\"ImageObject\",\"inLanguage\":\"en-US\",\"@id\":\"https:\\\/\\\/expoquebecvert.com\\\/en\\\/program\\\/fleurs-comestibles-de-la-cuisine-aux-cosmetiques\\\/#primaryimage\",\"url\":\"https:\\\/\\\/expoquebecvert.com\\\/wp-content\\\/uploads\\\/2026\\\/08\\\/nathalie-beaudoin-web.png\",\"contentUrl\":\"https:\\\/\\\/expoquebecvert.com\\\/wp-content\\\/uploads\\\/2026\\\/08\\\/nathalie-beaudoin-web.png\",\"width\":400,\"height\":500,\"caption\":\"Nathalie Beaudoin\"},{\"@type\":\"BreadcrumbList\",\"@id\":\"https:\\\/\\\/expoquebecvert.com\\\/en\\\/program\\\/fleurs-comestibles-de-la-cuisine-aux-cosmetiques\\\/#breadcrumb\",\"itemListElement\":[{\"@type\":\"ListItem\",\"position\":1,\"name\":\"Home\",\"item\":\"https:\\\/\\\/expoquebecvert.com\\\/\"},{\"@type\":\"ListItem\",\"position\":2,\"name\":\"Programmation\",\"item\":\"https:\\\/\\\/expoquebecvert.com\\\/programmation\\\/\"},{\"@type\":\"ListItem\",\"position\":3,\"name\":\"Fleurs comestibles : de la cuisine aux cosm\u00e9tiques\"}]},{\"@type\":\"WebSite\",\"@id\":\"https:\\\/\\\/expoquebecvert.com\\\/en\\\/#website\",\"url\":\"https:\\\/\\\/expoquebecvert.com\\\/en\\\/\",\"name\":\"Expo Qu\u00e9bec Vert\",\"description\":\"\",\"publisher\":{\"@id\":\"https:\\\/\\\/expoquebecvert.com\\\/en\\\/#organization\"},\"potentialAction\":[{\"@type\":\"SearchAction\",\"target\":{\"@type\":\"EntryPoint\",\"urlTemplate\":\"https:\\\/\\\/expoquebecvert.com\\\/en\\\/?s={search_term_string}\"},\"query-input\":{\"@type\":\"PropertyValueSpecification\",\"valueRequired\":true,\"valueName\":\"search_term_string\"}}],\"inLanguage\":\"en-US\"},{\"@type\":\"Organization\",\"@id\":\"https:\\\/\\\/expoquebecvert.com\\\/en\\\/#organization\",\"name\":\"Expo Qu\u00e9bec Vert\",\"url\":\"https:\\\/\\\/expoquebecvert.com\\\/en\\\/\",\"logo\":{\"@type\":\"ImageObject\",\"inLanguage\":\"en-US\",\"@id\":\"https:\\\/\\\/expoquebecvert.com\\\/en\\\/#\\\/schema\\\/logo\\\/image\\\/\",\"url\":\"https:\\\/\\\/expoquebecvert.com\\\/wp-content\\\/uploads\\\/2020\\\/10\\\/expo-quebec-vert-2.jpg\",\"contentUrl\":\"https:\\\/\\\/expoquebecvert.com\\\/wp-content\\\/uploads\\\/2020\\\/10\\\/expo-quebec-vert-2.jpg\",\"width\":1400,\"height\":1400,\"caption\":\"Expo Qu\u00e9bec Vert\"},\"image\":{\"@id\":\"https:\\\/\\\/expoquebecvert.com\\\/en\\\/#\\\/schema\\\/logo\\\/image\\\/\"},\"sameAs\":[\"https:\\\/\\\/www.facebook.com\\\/expoquebecvert\\\/\"]}]}<\/script>\n<!-- \/ Yoast SEO plugin. -->","yoast_head_json":{"title":"Fleurs comestibles : de la cuisine aux cosm\u00e9tiques","description":"Cette conf\u00e9rence pr\u00e9sente diff\u00e9rentes fa\u00e7ons de valoriser les fleurs comestibles, ainsi que plusieurs transformations en herboristerie.","robots":{"index":"index","follow":"follow","max-snippet":"max-snippet:-1","max-image-preview":"max-image-preview:large","max-video-preview":"max-video-preview:-1"},"canonical":"https:\/\/expoquebecvert.com\/en\/program\/fleurs-comestibles-de-la-cuisine-aux-cosmetiques\/","og_locale":"en_US","og_type":"article","og_title":"Fleurs comestibles : de la cuisine aux cosm\u00e9tiques","og_description":"Cette conf\u00e9rence pr\u00e9sente diff\u00e9rentes fa\u00e7ons de valoriser les fleurs comestibles, ainsi que plusieurs transformations en herboristerie.","og_url":"https:\/\/expoquebecvert.com\/en\/program\/fleurs-comestibles-de-la-cuisine-aux-cosmetiques\/","og_site_name":"Expo Qu\u00e9bec Vert","article_publisher":"https:\/\/www.facebook.com\/expoquebecvert\/","article_modified_time":"2026-08-31T15:59:58+00:00","og_image":[{"width":400,"height":500,"url":"https:\/\/expoquebecvert.com\/wp-content\/uploads\/2026\/08\/nathalie-beaudoin-web.png","type":"image\/png"}],"twitter_card":"summary_large_image","twitter_misc":{"Est. reading time":"1 minute"},"schema":{"@context":"https:\/\/schema.org","@graph":[{"@type":["WebPage","ItemPage"],"@id":"https:\/\/expoquebecvert.com\/en\/program\/fleurs-comestibles-de-la-cuisine-aux-cosmetiques\/","url":"https:\/\/expoquebecvert.com\/en\/program\/fleurs-comestibles-de-la-cuisine-aux-cosmetiques\/","name":"Fleurs comestibles : de la cuisine aux cosm\u00e9tiques","isPartOf":{"@id":"https:\/\/expoquebecvert.com\/en\/#website"},"primaryImageOfPage":{"@id":"https:\/\/expoquebecvert.com\/en\/program\/fleurs-comestibles-de-la-cuisine-aux-cosmetiques\/#primaryimage"},"image":{"@id":"https:\/\/expoquebecvert.com\/en\/program\/fleurs-comestibles-de-la-cuisine-aux-cosmetiques\/#primaryimage"},"thumbnailUrl":"https:\/\/expoquebecvert.com\/wp-content\/uploads\/2026\/08\/nathalie-beaudoin-web.png","datePublished":"2025-11-18T10:30:00+00:00","dateModified":"2026-08-31T15:59:58+00:00","description":"Cette conf\u00e9rence pr\u00e9sente diff\u00e9rentes fa\u00e7ons de valoriser les fleurs comestibles, ainsi que plusieurs transformations en herboristerie.","breadcrumb":{"@id":"https:\/\/expoquebecvert.com\/en\/program\/fleurs-comestibles-de-la-cuisine-aux-cosmetiques\/#breadcrumb"},"inLanguage":"en-US","potentialAction":[{"@type":"ReadAction","target":["https:\/\/expoquebecvert.com\/en\/program\/fleurs-comestibles-de-la-cuisine-aux-cosmetiques\/"]}]},{"@type":"ImageObject","inLanguage":"en-US","@id":"https:\/\/expoquebecvert.com\/en\/program\/fleurs-comestibles-de-la-cuisine-aux-cosmetiques\/#primaryimage","url":"https:\/\/expoquebecvert.com\/wp-content\/uploads\/2026\/08\/nathalie-beaudoin-web.png","contentUrl":"https:\/\/expoquebecvert.com\/wp-content\/uploads\/2026\/08\/nathalie-beaudoin-web.png","width":400,"height":500,"caption":"Nathalie Beaudoin"},{"@type":"BreadcrumbList","@id":"https:\/\/expoquebecvert.com\/en\/program\/fleurs-comestibles-de-la-cuisine-aux-cosmetiques\/#breadcrumb","itemListElement":[{"@type":"ListItem","position":1,"name":"Home","item":"https:\/\/expoquebecvert.com\/"},{"@type":"ListItem","position":2,"name":"Programmation","item":"https:\/\/expoquebecvert.com\/programmation\/"},{"@type":"ListItem","position":3,"name":"Fleurs comestibles : de la cuisine aux cosm\u00e9tiques"}]},{"@type":"WebSite","@id":"https:\/\/expoquebecvert.com\/en\/#website","url":"https:\/\/expoquebecvert.com\/en\/","name":"Expo Qu\u00e9bec Vert","description":"","publisher":{"@id":"https:\/\/expoquebecvert.com\/en\/#organization"},"potentialAction":[{"@type":"SearchAction","target":{"@type":"EntryPoint","urlTemplate":"https:\/\/expoquebecvert.com\/en\/?s={search_term_string}"},"query-input":{"@type":"PropertyValueSpecification","valueRequired":true,"valueName":"search_term_string"}}],"inLanguage":"en-US"},{"@type":"Organization","@id":"https:\/\/expoquebecvert.com\/en\/#organization","name":"Expo Qu\u00e9bec Vert","url":"https:\/\/expoquebecvert.com\/en\/","logo":{"@type":"ImageObject","inLanguage":"en-US","@id":"https:\/\/expoquebecvert.com\/en\/#\/schema\/logo\/image\/","url":"https:\/\/expoquebecvert.com\/wp-content\/uploads\/2020\/10\/expo-quebec-vert-2.jpg","contentUrl":"https:\/\/expoquebecvert.com\/wp-content\/uploads\/2020\/10\/expo-quebec-vert-2.jpg","width":1400,"height":1400,"caption":"Expo Qu\u00e9bec Vert"},"image":{"@id":"https:\/\/expoquebecvert.com\/en\/#\/schema\/logo\/image\/"},"sameAs":["https:\/\/www.facebook.com\/expoquebecvert\/"]}]}},"_links":{"self":[{"href":"https:\/\/expoquebecvert.com\/en\/wp-json\/wp\/v2\/programmation\/22641","targetHints":{"allow":["GET"]}}],"collection":[{"href":"https:\/\/expoquebecvert.com\/en\/wp-json\/wp\/v2\/programmation"}],"about":[{"href":"https:\/\/expoquebecvert.com\/en\/wp-json\/wp\/v2\/types\/programmation"}],"version-history":[{"count":2,"href":"https:\/\/expoquebecvert.com\/en\/wp-json\/wp\/v2\/programmation\/22641\/revisions"}],"predecessor-version":[{"id":22643,"href":"https:\/\/expoquebecvert.com\/en\/wp-json\/wp\/v2\/programmation\/22641\/revisions\/22643"}],"wp:featuredmedia":[{"embeddable":true,"href":"https:\/\/expoquebecvert.com\/en\/wp-json\/wp\/v2\/media\/22638"}],"wp:attachment":[{"href":"https:\/\/expoquebecvert.com\/en\/wp-json\/wp\/v2\/media?parent=22641"}],"curies":[{"name":"wp","href":"https:\/\/api.w.org\/{rel}","templated":true}]}}