{"id":22655,"date":"2025-11-18T11:30:00","date_gmt":"2025-11-18T11:30:00","guid":{"rendered":"https:\/\/expoquebecvert.com\/programmation\/dejouer-les-maladies-de-tomates-au-potager\/"},"modified":"2026-08-31T15:10:09","modified_gmt":"2026-08-31T19:10:09","slug":"dejouer-les-maladies-de-tomates-au-potager","status":"publish","type":"programmation","link":"https:\/\/expoquebecvert.com\/en\/program\/dejouer-les-maladies-de-tomates-au-potager\/","title":{"rendered":"D\u00e9jouer les maladies de tomates au potager"},"content":{"rendered":"<p><em><strong>&#8211; Conference presented in French &#8211;<\/strong><\/em><\/p>\n<p>N\u00e9crose apicale, anthracnose, alternariose, o\u00efdium, mildiou\u2026 Si les tomates sont relativement \u00e9pargn\u00e9es par les ravageurs, elles sont particuli\u00e8rement vuln\u00e9rables aux maladies abiotiques et fongiques. Comment les reconna\u00eetre et, surtout, les pr\u00e9venir? Une conf\u00e9rence pour mieux prot\u00e9ger ses plants et profiter pleinement de la reine du potager!<\/p>\n","protected":false},"featured_media":22654,"template":"","meta":{"site-sidebar-layout":"default","site-content-layout":"","ast-site-content-layout":"default","site-content-style":"default","site-sidebar-style":"default","ast-global-header-display":"","ast-banner-title-visibility":"","ast-main-header-display":"","ast-hfb-above-header-display":"","ast-hfb-below-header-display":"","ast-hfb-mobile-header-display":"","site-post-title":"","ast-breadcrumbs-content":"","ast-featured-img":"","footer-sml-layout":"","ast-disable-related-posts":"","theme-transparent-header-meta":"default","adv-header-id-meta":"","stick-header-meta":"","header-above-stick-meta":"","header-main-stick-meta":"","header-below-stick-meta":"","astra-migrate-meta-layouts":"set","ast-page-background-enabled":"default","ast-page-background-meta":{"desktop":{"background-color":"","background-image":"","background-repeat":"repeat","background-position":"center center","background-size":"auto","background-attachment":"scroll","background-type":"","background-media":"","overlay-type":"","overlay-color":"","overlay-opacity":"","overlay-gradient":""},"tablet":{"background-color":"","background-image":"","background-repeat":"repeat","background-position":"center center","background-size":"auto","background-attachment":"scroll","background-type":"","background-media":"","overlay-type":"","overlay-color":"","overlay-opacity":"","overlay-gradient":""},"mobile":{"background-color":"","background-image":"","background-repeat":"repeat","background-position":"center center","background-size":"auto","background-attachment":"scroll","background-type":"","background-media":"","overlay-type":"","overlay-color":"","overlay-opacity":"","overlay-gradient":""}},"ast-content-background-meta":{"desktop":{"background-color":"var(--ast-global-color-5)","background-image":"","background-repeat":"repeat","background-position":"center center","background-size":"auto","background-attachment":"scroll","background-type":"","background-media":"","overlay-type":"","overlay-color":"","overlay-opacity":"","overlay-gradient":""},"tablet":{"background-color":"var(--ast-global-color-5)","background-image":"","background-repeat":"repeat","background-position":"center center","background-size":"auto","background-attachment":"scroll","background-type":"","background-media":"","overlay-type":"","overlay-color":"","overlay-opacity":"","overlay-gradient":""},"mobile":{"background-color":"var(--ast-global-color-5)","background-image":"","background-repeat":"repeat","background-position":"center center","background-size":"auto","background-attachment":"scroll","background-type":"","background-media":"","overlay-type":"","overlay-color":"","overlay-opacity":"","overlay-gradient":""}},"footnotes":""},"class_list":["post-22655","programmation","type-programmation","status-publish","has-post-thumbnail","hentry","clientele-garden-center","type-presentiel-en","ouverture-open-to-everyone","date-wednesday-november-18","salle-salle-fleurons-pavillon-jefo-en"],"yoast_head":"<!-- This site is optimized with the Yoast SEO plugin v27.8 - https:\/\/yoast.com\/product\/yoast-seo-wordpress\/ -->\n<title>D\u00e9jouer les maladies de tomates au potager<\/title>\n<meta name=\"description\" content=\"Les tomates sont relativement vuln\u00e9rables aux maladies abiotiques et fongiques. Voici comment les reconna\u00eetre et surtout, les pr\u00e9venir!\" \/>\n<meta name=\"robots\" content=\"index, follow, max-snippet:-1, max-image-preview:large, max-video-preview:-1\" \/>\n<link rel=\"canonical\" href=\"https:\/\/expoquebecvert.com\/en\/program\/dejouer-les-maladies-de-tomates-au-potager\/\" \/>\n<meta property=\"og:locale\" content=\"en_US\" \/>\n<meta property=\"og:type\" content=\"article\" \/>\n<meta property=\"og:title\" content=\"D\u00e9jouer les maladies de tomates au potager\" \/>\n<meta property=\"og:description\" content=\"Les tomates sont relativement vuln\u00e9rables aux maladies abiotiques et fongiques. Voici comment les reconna\u00eetre et surtout, les pr\u00e9venir!\" \/>\n<meta property=\"og:url\" content=\"https:\/\/expoquebecvert.com\/en\/program\/dejouer-les-maladies-de-tomates-au-potager\/\" \/>\n<meta property=\"og:site_name\" content=\"Expo Qu\u00e9bec Vert\" \/>\n<meta property=\"article:publisher\" content=\"https:\/\/www.facebook.com\/expoquebecvert\/\" \/>\n<meta property=\"article:modified_time\" content=\"2026-08-31T19:10:09+00:00\" \/>\n<meta property=\"og:image\" content=\"https:\/\/expoquebecvert.com\/wp-content\/uploads\/2025\/11\/lili-michaud-web.png\" \/>\n\t<meta property=\"og:image:width\" content=\"400\" \/>\n\t<meta property=\"og:image:height\" content=\"500\" \/>\n\t<meta property=\"og:image:type\" content=\"image\/png\" \/>\n<meta name=\"twitter:card\" content=\"summary_large_image\" \/>\n<meta name=\"twitter:label1\" content=\"Est. reading time\" \/>\n\t<meta name=\"twitter:data1\" content=\"1 minute\" \/>\n<script type=\"application\/ld+json\" class=\"yoast-schema-graph\">{\"@context\":\"https:\\\/\\\/schema.org\",\"@graph\":[{\"@type\":[\"WebPage\",\"ItemPage\"],\"@id\":\"https:\\\/\\\/expoquebecvert.com\\\/en\\\/program\\\/dejouer-les-maladies-de-tomates-au-potager\\\/\",\"url\":\"https:\\\/\\\/expoquebecvert.com\\\/en\\\/program\\\/dejouer-les-maladies-de-tomates-au-potager\\\/\",\"name\":\"D\u00e9jouer les maladies de tomates au potager\",\"isPartOf\":{\"@id\":\"https:\\\/\\\/expoquebecvert.com\\\/en\\\/#website\"},\"primaryImageOfPage\":{\"@id\":\"https:\\\/\\\/expoquebecvert.com\\\/en\\\/program\\\/dejouer-les-maladies-de-tomates-au-potager\\\/#primaryimage\"},\"image\":{\"@id\":\"https:\\\/\\\/expoquebecvert.com\\\/en\\\/program\\\/dejouer-les-maladies-de-tomates-au-potager\\\/#primaryimage\"},\"thumbnailUrl\":\"https:\\\/\\\/expoquebecvert.com\\\/wp-content\\\/uploads\\\/2025\\\/11\\\/lili-michaud-web.png\",\"datePublished\":\"2025-11-18T11:30:00+00:00\",\"dateModified\":\"2026-08-31T19:10:09+00:00\",\"description\":\"Les tomates sont relativement vuln\u00e9rables aux maladies abiotiques et fongiques. Voici comment les reconna\u00eetre et surtout, les pr\u00e9venir!\",\"breadcrumb\":{\"@id\":\"https:\\\/\\\/expoquebecvert.com\\\/en\\\/program\\\/dejouer-les-maladies-de-tomates-au-potager\\\/#breadcrumb\"},\"inLanguage\":\"en-US\",\"potentialAction\":[{\"@type\":\"ReadAction\",\"target\":[\"https:\\\/\\\/expoquebecvert.com\\\/en\\\/program\\\/dejouer-les-maladies-de-tomates-au-potager\\\/\"]}]},{\"@type\":\"ImageObject\",\"inLanguage\":\"en-US\",\"@id\":\"https:\\\/\\\/expoquebecvert.com\\\/en\\\/program\\\/dejouer-les-maladies-de-tomates-au-potager\\\/#primaryimage\",\"url\":\"https:\\\/\\\/expoquebecvert.com\\\/wp-content\\\/uploads\\\/2025\\\/11\\\/lili-michaud-web.png\",\"contentUrl\":\"https:\\\/\\\/expoquebecvert.com\\\/wp-content\\\/uploads\\\/2025\\\/11\\\/lili-michaud-web.png\",\"width\":400,\"height\":500,\"caption\":\"Lili Michaud\"},{\"@type\":\"BreadcrumbList\",\"@id\":\"https:\\\/\\\/expoquebecvert.com\\\/en\\\/program\\\/dejouer-les-maladies-de-tomates-au-potager\\\/#breadcrumb\",\"itemListElement\":[{\"@type\":\"ListItem\",\"position\":1,\"name\":\"Home\",\"item\":\"https:\\\/\\\/expoquebecvert.com\\\/\"},{\"@type\":\"ListItem\",\"position\":2,\"name\":\"Programmation\",\"item\":\"https:\\\/\\\/expoquebecvert.com\\\/programmation\\\/\"},{\"@type\":\"ListItem\",\"position\":3,\"name\":\"D\u00e9jouer les maladies de tomates au potager\"}]},{\"@type\":\"WebSite\",\"@id\":\"https:\\\/\\\/expoquebecvert.com\\\/en\\\/#website\",\"url\":\"https:\\\/\\\/expoquebecvert.com\\\/en\\\/\",\"name\":\"Expo Qu\u00e9bec Vert\",\"description\":\"\",\"publisher\":{\"@id\":\"https:\\\/\\\/expoquebecvert.com\\\/en\\\/#organization\"},\"potentialAction\":[{\"@type\":\"SearchAction\",\"target\":{\"@type\":\"EntryPoint\",\"urlTemplate\":\"https:\\\/\\\/expoquebecvert.com\\\/en\\\/?s={search_term_string}\"},\"query-input\":{\"@type\":\"PropertyValueSpecification\",\"valueRequired\":true,\"valueName\":\"search_term_string\"}}],\"inLanguage\":\"en-US\"},{\"@type\":\"Organization\",\"@id\":\"https:\\\/\\\/expoquebecvert.com\\\/en\\\/#organization\",\"name\":\"Expo Qu\u00e9bec Vert\",\"url\":\"https:\\\/\\\/expoquebecvert.com\\\/en\\\/\",\"logo\":{\"@type\":\"ImageObject\",\"inLanguage\":\"en-US\",\"@id\":\"https:\\\/\\\/expoquebecvert.com\\\/en\\\/#\\\/schema\\\/logo\\\/image\\\/\",\"url\":\"https:\\\/\\\/expoquebecvert.com\\\/wp-content\\\/uploads\\\/2020\\\/10\\\/expo-quebec-vert-2.jpg\",\"contentUrl\":\"https:\\\/\\\/expoquebecvert.com\\\/wp-content\\\/uploads\\\/2020\\\/10\\\/expo-quebec-vert-2.jpg\",\"width\":1400,\"height\":1400,\"caption\":\"Expo Qu\u00e9bec Vert\"},\"image\":{\"@id\":\"https:\\\/\\\/expoquebecvert.com\\\/en\\\/#\\\/schema\\\/logo\\\/image\\\/\"},\"sameAs\":[\"https:\\\/\\\/www.facebook.com\\\/expoquebecvert\\\/\"]}]}<\/script>\n<!-- \/ Yoast SEO plugin. -->","yoast_head_json":{"title":"D\u00e9jouer les maladies de tomates au potager","description":"Les tomates sont relativement vuln\u00e9rables aux maladies abiotiques et fongiques. Voici comment les reconna\u00eetre et surtout, les pr\u00e9venir!","robots":{"index":"index","follow":"follow","max-snippet":"max-snippet:-1","max-image-preview":"max-image-preview:large","max-video-preview":"max-video-preview:-1"},"canonical":"https:\/\/expoquebecvert.com\/en\/program\/dejouer-les-maladies-de-tomates-au-potager\/","og_locale":"en_US","og_type":"article","og_title":"D\u00e9jouer les maladies de tomates au potager","og_description":"Les tomates sont relativement vuln\u00e9rables aux maladies abiotiques et fongiques. Voici comment les reconna\u00eetre et surtout, les pr\u00e9venir!","og_url":"https:\/\/expoquebecvert.com\/en\/program\/dejouer-les-maladies-de-tomates-au-potager\/","og_site_name":"Expo Qu\u00e9bec Vert","article_publisher":"https:\/\/www.facebook.com\/expoquebecvert\/","article_modified_time":"2026-08-31T19:10:09+00:00","og_image":[{"width":400,"height":500,"url":"https:\/\/expoquebecvert.com\/wp-content\/uploads\/2025\/11\/lili-michaud-web.png","type":"image\/png"}],"twitter_card":"summary_large_image","twitter_misc":{"Est. reading time":"1 minute"},"schema":{"@context":"https:\/\/schema.org","@graph":[{"@type":["WebPage","ItemPage"],"@id":"https:\/\/expoquebecvert.com\/en\/program\/dejouer-les-maladies-de-tomates-au-potager\/","url":"https:\/\/expoquebecvert.com\/en\/program\/dejouer-les-maladies-de-tomates-au-potager\/","name":"D\u00e9jouer les maladies de tomates au potager","isPartOf":{"@id":"https:\/\/expoquebecvert.com\/en\/#website"},"primaryImageOfPage":{"@id":"https:\/\/expoquebecvert.com\/en\/program\/dejouer-les-maladies-de-tomates-au-potager\/#primaryimage"},"image":{"@id":"https:\/\/expoquebecvert.com\/en\/program\/dejouer-les-maladies-de-tomates-au-potager\/#primaryimage"},"thumbnailUrl":"https:\/\/expoquebecvert.com\/wp-content\/uploads\/2025\/11\/lili-michaud-web.png","datePublished":"2025-11-18T11:30:00+00:00","dateModified":"2026-08-31T19:10:09+00:00","description":"Les tomates sont relativement vuln\u00e9rables aux maladies abiotiques et fongiques. Voici comment les reconna\u00eetre et surtout, les pr\u00e9venir!","breadcrumb":{"@id":"https:\/\/expoquebecvert.com\/en\/program\/dejouer-les-maladies-de-tomates-au-potager\/#breadcrumb"},"inLanguage":"en-US","potentialAction":[{"@type":"ReadAction","target":["https:\/\/expoquebecvert.com\/en\/program\/dejouer-les-maladies-de-tomates-au-potager\/"]}]},{"@type":"ImageObject","inLanguage":"en-US","@id":"https:\/\/expoquebecvert.com\/en\/program\/dejouer-les-maladies-de-tomates-au-potager\/#primaryimage","url":"https:\/\/expoquebecvert.com\/wp-content\/uploads\/2025\/11\/lili-michaud-web.png","contentUrl":"https:\/\/expoquebecvert.com\/wp-content\/uploads\/2025\/11\/lili-michaud-web.png","width":400,"height":500,"caption":"Lili Michaud"},{"@type":"BreadcrumbList","@id":"https:\/\/expoquebecvert.com\/en\/program\/dejouer-les-maladies-de-tomates-au-potager\/#breadcrumb","itemListElement":[{"@type":"ListItem","position":1,"name":"Home","item":"https:\/\/expoquebecvert.com\/"},{"@type":"ListItem","position":2,"name":"Programmation","item":"https:\/\/expoquebecvert.com\/programmation\/"},{"@type":"ListItem","position":3,"name":"D\u00e9jouer les maladies de tomates au potager"}]},{"@type":"WebSite","@id":"https:\/\/expoquebecvert.com\/en\/#website","url":"https:\/\/expoquebecvert.com\/en\/","name":"Expo Qu\u00e9bec Vert","description":"","publisher":{"@id":"https:\/\/expoquebecvert.com\/en\/#organization"},"potentialAction":[{"@type":"SearchAction","target":{"@type":"EntryPoint","urlTemplate":"https:\/\/expoquebecvert.com\/en\/?s={search_term_string}"},"query-input":{"@type":"PropertyValueSpecification","valueRequired":true,"valueName":"search_term_string"}}],"inLanguage":"en-US"},{"@type":"Organization","@id":"https:\/\/expoquebecvert.com\/en\/#organization","name":"Expo Qu\u00e9bec Vert","url":"https:\/\/expoquebecvert.com\/en\/","logo":{"@type":"ImageObject","inLanguage":"en-US","@id":"https:\/\/expoquebecvert.com\/en\/#\/schema\/logo\/image\/","url":"https:\/\/expoquebecvert.com\/wp-content\/uploads\/2020\/10\/expo-quebec-vert-2.jpg","contentUrl":"https:\/\/expoquebecvert.com\/wp-content\/uploads\/2020\/10\/expo-quebec-vert-2.jpg","width":1400,"height":1400,"caption":"Expo Qu\u00e9bec Vert"},"image":{"@id":"https:\/\/expoquebecvert.com\/en\/#\/schema\/logo\/image\/"},"sameAs":["https:\/\/www.facebook.com\/expoquebecvert\/"]}]}},"_links":{"self":[{"href":"https:\/\/expoquebecvert.com\/en\/wp-json\/wp\/v2\/programmation\/22655","targetHints":{"allow":["GET"]}}],"collection":[{"href":"https:\/\/expoquebecvert.com\/en\/wp-json\/wp\/v2\/programmation"}],"about":[{"href":"https:\/\/expoquebecvert.com\/en\/wp-json\/wp\/v2\/types\/programmation"}],"version-history":[{"count":2,"href":"https:\/\/expoquebecvert.com\/en\/wp-json\/wp\/v2\/programmation\/22655\/revisions"}],"predecessor-version":[{"id":22657,"href":"https:\/\/expoquebecvert.com\/en\/wp-json\/wp\/v2\/programmation\/22655\/revisions\/22657"}],"wp:featuredmedia":[{"embeddable":true,"href":"https:\/\/expoquebecvert.com\/en\/wp-json\/wp\/v2\/media\/22654"}],"wp:attachment":[{"href":"https:\/\/expoquebecvert.com\/en\/wp-json\/wp\/v2\/media?parent=22655"}],"curies":[{"name":"wp","href":"https:\/\/api.w.org\/{rel}","templated":true}]}}