{"id":22668,"date":"2025-11-18T11:30:00","date_gmt":"2025-11-18T11:30:00","guid":{"rendered":"https:\/\/expoquebecvert.com\/programmation\/diner-conference-horticompetences\/"},"modified":"2026-08-31T12:24:33","modified_gmt":"2026-08-31T16:24:33","slug":"diner-conference-horticompetences","status":"publish","type":"programmation","link":"https:\/\/expoquebecvert.com\/en\/program\/diner-conference-horticompetences\/","title":{"rendered":"D\u00eener-conf\u00e9rence d\u2019HortiComp\u00e9tences"},"content":{"rendered":"<p><strong><em>&#8211; Activity presented in French &#8211;<\/em><\/strong><\/p>\n<p>HortiComp\u00e9tences tiendra son incontournable activit\u00e9 annuelle \u00e0 l\u2019Expo!<\/p>\n<p><strong>Pr\u00e9sentation des dossiers de l\u2019heure en ressources humaines<br \/>\n<\/strong><em>Par : \u00c9quipe d\u2019HortiComp\u00e9tences<\/em><\/p>\n<p>D\u00e9couvrez les faits saillants de la derni\u00e8re ann\u00e9e et les projets \u00e0 venir qui toucheront directement votre r\u00e9alit\u00e9. L\u2019\u00e9quipe d\u2019HortiComp\u00e9tences vous pr\u00e9sentera des initiatives concr\u00e8tes pour mieux vous accompagner dans la gestion de vos ressources humaines et le d\u00e9veloppement des comp\u00e9tences de votre \u00e9quipe : formations, projets de recrutement, virages vert et num\u00e9rique, outils RH innovants\u2026 et bien plus encore !<\/p>\n<p><strong>Remise du Prix HortiComp\u00e9tences<br \/>\n<\/strong>Inspirez-vous des plus belles initiatives de l\u2019ann\u00e9e en mati\u00e8re de gestion des ressources humaines! Deux entreprises, s\u2019\u00e9tant d\u00e9marqu\u00e9es par la qualit\u00e9 et l\u2019originalit\u00e9 de leurs pratiques, se verront d\u00e9cerner un prix d\u2019une valeur de 2500\u00a0$!<\/p>\n<p><strong>D\u00eener sur place<br \/>\n<\/strong>Buffet chaud et dessert seront offerts avant le d\u00e9but de la conf\u00e9rence.<\/p>\n<p><strong>Conf\u00e9rence\u00a0: Oser les vraies conversations : au-del\u00e0 des g\u00e9n\u00e9rations et des cultures!<br \/>\n<\/strong><em>Par : Pierre-Luc Labb\u00e9e, fondateur de rhum.hr, coach en leadership et sp\u00e9cialiste en ressources humaines<\/em><\/p>\n<p>Diff\u00e9rences g\u00e9n\u00e9rationnelles et culturelles, sujets d\u00e9licats, conversations qu\u2019on pr\u00e9f\u00e8re parfois \u00e9viter\u2026 Comment se dire les \u00ab vraies affaires \u00bb sans compromettre la relation? Dans cet atelier interactif, des outils simples et des mises en situation vous aideront \u00e0 aborder les \u00e9changes difficiles avec plus de confiance, de clart\u00e9 et de bienveillance.<\/p>\n<p><strong>Co\u00fbt <\/strong><\/p>\n<ul>\n<li>Activit\u00e9 gratuite<\/li>\n<\/ul>\n<p><strong>Modalit\u00e9s <\/strong><\/p>\n<ul>\n<li>D\u00eener sur place : buffet chaud et dessert avant le d\u00e9but de la conf\u00e9rence<\/li>\n<li>Ouvert \u00e0 tous, inscription obligatoire sur <a href=\"https:\/\/vertfute.com\/\" target=\"_blank\" rel=\"noopener\">https:\/\/vertfute.com\/<\/a><\/li>\n<\/ul>\n<p>Pour en savoir plus sur les projets d\u2019HortiComp\u00e9tences et d\u00e9couvrir comment vous pouvez contribuer \u00e0 faire rayonner l\u2019horticulture, passez nous voir \u00e0 notre kiosque!<\/p>\n<p><em>Une pr\u00e9sentation de : <img decoding=\"async\" class=\"alignnone wp-image-5505\" src=\"https:\/\/expoquebecvert.com\/wp-content\/uploads\/2020\/10\/horticompetences-logo-600x600px.jpg\" alt=\"\" width=\"205\" height=\"205\" srcset=\"https:\/\/expoquebecvert.com\/wp-content\/uploads\/2020\/10\/horticompetences-logo-600x600px.jpg 600w, https:\/\/expoquebecvert.com\/wp-content\/uploads\/2020\/10\/horticompetences-logo-600x600px-300x300.jpg 300w, https:\/\/expoquebecvert.com\/wp-content\/uploads\/2020\/10\/horticompetences-logo-600x600px-150x150.jpg 150w, https:\/\/expoquebecvert.com\/wp-content\/uploads\/2020\/10\/horticompetences-logo-600x600px-96x96.jpg 96w\" sizes=\"(max-width: 205px) 100vw, 205px\" \/><\/em><\/p>\n<p>&nbsp;<\/p>\n","protected":false},"featured_media":15981,"template":"","meta":{"site-sidebar-layout":"default","site-content-layout":"","ast-site-content-layout":"default","site-content-style":"default","site-sidebar-style":"default","ast-global-header-display":"","ast-banner-title-visibility":"","ast-main-header-display":"","ast-hfb-above-header-display":"","ast-hfb-below-header-display":"","ast-hfb-mobile-header-display":"","site-post-title":"","ast-breadcrumbs-content":"","ast-featured-img":"","footer-sml-layout":"","ast-disable-related-posts":"","theme-transparent-header-meta":"default","adv-header-id-meta":"","stick-header-meta":"","header-above-stick-meta":"","header-main-stick-meta":"","header-below-stick-meta":"","astra-migrate-meta-layouts":"set","ast-page-background-enabled":"default","ast-page-background-meta":{"desktop":{"background-color":"","background-image":"","background-repeat":"repeat","background-position":"center center","background-size":"auto","background-attachment":"scroll","background-type":"","background-media":"","overlay-type":"","overlay-color":"","overlay-opacity":"","overlay-gradient":""},"tablet":{"background-color":"","background-image":"","background-repeat":"repeat","background-position":"center center","background-size":"auto","background-attachment":"scroll","background-type":"","background-media":"","overlay-type":"","overlay-color":"","overlay-opacity":"","overlay-gradient":""},"mobile":{"background-color":"","background-image":"","background-repeat":"repeat","background-position":"center center","background-size":"auto","background-attachment":"scroll","background-type":"","background-media":"","overlay-type":"","overlay-color":"","overlay-opacity":"","overlay-gradient":""}},"ast-content-background-meta":{"desktop":{"background-color":"var(--ast-global-color-5)","background-image":"","background-repeat":"repeat","background-position":"center center","background-size":"auto","background-attachment":"scroll","background-type":"","background-media":"","overlay-type":"","overlay-color":"","overlay-opacity":"","overlay-gradient":""},"tablet":{"background-color":"var(--ast-global-color-5)","background-image":"","background-repeat":"repeat","background-position":"center center","background-size":"auto","background-attachment":"scroll","background-type":"","background-media":"","overlay-type":"","overlay-color":"","overlay-opacity":"","overlay-gradient":""},"mobile":{"background-color":"var(--ast-global-color-5)","background-image":"","background-repeat":"repeat","background-position":"center center","background-size":"auto","background-attachment":"scroll","background-type":"","background-media":"","overlay-type":"","overlay-color":"","overlay-opacity":"","overlay-gradient":""}},"footnotes":""},"class_list":["post-22668","programmation","type-programmation","status-publish","has-post-thumbnail","hentry","clientele-floristry","clientele-garden-center","clientele-ground-maintenance-and-lawn-care","clientele-interior-and-landscape-design","clientele-landscaping","type-presentiel-en","ouverture-open-to-everyone","date-wednesday-november-18","salle-salle-quebec-vert-pavillon-bmo-en"],"yoast_head":"<!-- This site is optimized with the Yoast SEO plugin v27.8 - https:\/\/yoast.com\/product\/yoast-seo-wordpress\/ -->\n<title>D\u00eener-conf\u00e9rence d\u2019HortiComp\u00e9tences<\/title>\n<meta name=\"description\" content=\"HortiComp\u00e9tences tiendra son activit\u00e9 annuelle \u00e0 l\u2019Expo! Au programme : faits saillants de l&#039;ann\u00e9e, remise du Prix HortiComp\u00e9tences, conf\u00e9rence et bien plus.\" \/>\n<meta name=\"robots\" content=\"index, follow, max-snippet:-1, max-image-preview:large, max-video-preview:-1\" \/>\n<link rel=\"canonical\" href=\"https:\/\/expoquebecvert.com\/en\/program\/diner-conference-horticompetences\/\" \/>\n<meta property=\"og:locale\" content=\"en_US\" \/>\n<meta property=\"og:type\" content=\"article\" \/>\n<meta property=\"og:title\" content=\"D\u00eener-conf\u00e9rence d\u2019HortiComp\u00e9tences\" \/>\n<meta property=\"og:description\" content=\"HortiComp\u00e9tences tiendra son activit\u00e9 annuelle \u00e0 l\u2019Expo! Au programme : faits saillants de l&#039;ann\u00e9e, remise du Prix HortiComp\u00e9tences, conf\u00e9rence et bien plus.\" \/>\n<meta property=\"og:url\" content=\"https:\/\/expoquebecvert.com\/en\/program\/diner-conference-horticompetences\/\" \/>\n<meta property=\"og:site_name\" content=\"Expo Qu\u00e9bec Vert\" \/>\n<meta property=\"article:publisher\" content=\"https:\/\/www.facebook.com\/expoquebecvert\/\" \/>\n<meta property=\"article:modified_time\" content=\"2026-08-31T16:24:33+00:00\" \/>\n<meta property=\"og:image\" content=\"https:\/\/expoquebecvert.com\/wp-content\/uploads\/2023\/09\/logo-horticompetences-activites.jpg\" \/>\n\t<meta property=\"og:image:width\" content=\"400\" \/>\n\t<meta property=\"og:image:height\" content=\"500\" \/>\n\t<meta property=\"og:image:type\" content=\"image\/jpeg\" \/>\n<meta name=\"twitter:card\" content=\"summary_large_image\" \/>\n<meta name=\"twitter:label1\" content=\"Est. reading time\" \/>\n\t<meta name=\"twitter:data1\" content=\"2 minutes\" \/>\n<script type=\"application\/ld+json\" class=\"yoast-schema-graph\">{\"@context\":\"https:\\\/\\\/schema.org\",\"@graph\":[{\"@type\":[\"WebPage\",\"ItemPage\"],\"@id\":\"https:\\\/\\\/expoquebecvert.com\\\/en\\\/program\\\/diner-conference-horticompetences\\\/\",\"url\":\"https:\\\/\\\/expoquebecvert.com\\\/en\\\/program\\\/diner-conference-horticompetences\\\/\",\"name\":\"D\u00eener-conf\u00e9rence d\u2019HortiComp\u00e9tences\",\"isPartOf\":{\"@id\":\"https:\\\/\\\/expoquebecvert.com\\\/en\\\/#website\"},\"primaryImageOfPage\":{\"@id\":\"https:\\\/\\\/expoquebecvert.com\\\/en\\\/program\\\/diner-conference-horticompetences\\\/#primaryimage\"},\"image\":{\"@id\":\"https:\\\/\\\/expoquebecvert.com\\\/en\\\/program\\\/diner-conference-horticompetences\\\/#primaryimage\"},\"thumbnailUrl\":\"https:\\\/\\\/expoquebecvert.com\\\/wp-content\\\/uploads\\\/2023\\\/09\\\/logo-horticompetences-activites.jpg\",\"datePublished\":\"2025-11-18T11:30:00+00:00\",\"dateModified\":\"2026-08-31T16:24:33+00:00\",\"description\":\"HortiComp\u00e9tences tiendra son activit\u00e9 annuelle \u00e0 l\u2019Expo! Au programme : faits saillants de l'ann\u00e9e, remise du Prix HortiComp\u00e9tences, conf\u00e9rence et bien plus.\",\"breadcrumb\":{\"@id\":\"https:\\\/\\\/expoquebecvert.com\\\/en\\\/program\\\/diner-conference-horticompetences\\\/#breadcrumb\"},\"inLanguage\":\"en-US\",\"potentialAction\":[{\"@type\":\"ReadAction\",\"target\":[\"https:\\\/\\\/expoquebecvert.com\\\/en\\\/program\\\/diner-conference-horticompetences\\\/\"]}]},{\"@type\":\"ImageObject\",\"inLanguage\":\"en-US\",\"@id\":\"https:\\\/\\\/expoquebecvert.com\\\/en\\\/program\\\/diner-conference-horticompetences\\\/#primaryimage\",\"url\":\"https:\\\/\\\/expoquebecvert.com\\\/wp-content\\\/uploads\\\/2023\\\/09\\\/logo-horticompetences-activites.jpg\",\"contentUrl\":\"https:\\\/\\\/expoquebecvert.com\\\/wp-content\\\/uploads\\\/2023\\\/09\\\/logo-horticompetences-activites.jpg\",\"width\":400,\"height\":500,\"caption\":\"HortiComp\u00e9tences\"},{\"@type\":\"BreadcrumbList\",\"@id\":\"https:\\\/\\\/expoquebecvert.com\\\/en\\\/program\\\/diner-conference-horticompetences\\\/#breadcrumb\",\"itemListElement\":[{\"@type\":\"ListItem\",\"position\":1,\"name\":\"Home\",\"item\":\"https:\\\/\\\/expoquebecvert.com\\\/\"},{\"@type\":\"ListItem\",\"position\":2,\"name\":\"Programmation\",\"item\":\"https:\\\/\\\/expoquebecvert.com\\\/programmation\\\/\"},{\"@type\":\"ListItem\",\"position\":3,\"name\":\"D\u00eener-conf\u00e9rence d\u2019HortiComp\u00e9tences\"}]},{\"@type\":\"WebSite\",\"@id\":\"https:\\\/\\\/expoquebecvert.com\\\/en\\\/#website\",\"url\":\"https:\\\/\\\/expoquebecvert.com\\\/en\\\/\",\"name\":\"Expo Qu\u00e9bec Vert\",\"description\":\"\",\"publisher\":{\"@id\":\"https:\\\/\\\/expoquebecvert.com\\\/en\\\/#organization\"},\"potentialAction\":[{\"@type\":\"SearchAction\",\"target\":{\"@type\":\"EntryPoint\",\"urlTemplate\":\"https:\\\/\\\/expoquebecvert.com\\\/en\\\/?s={search_term_string}\"},\"query-input\":{\"@type\":\"PropertyValueSpecification\",\"valueRequired\":true,\"valueName\":\"search_term_string\"}}],\"inLanguage\":\"en-US\"},{\"@type\":\"Organization\",\"@id\":\"https:\\\/\\\/expoquebecvert.com\\\/en\\\/#organization\",\"name\":\"Expo Qu\u00e9bec Vert\",\"url\":\"https:\\\/\\\/expoquebecvert.com\\\/en\\\/\",\"logo\":{\"@type\":\"ImageObject\",\"inLanguage\":\"en-US\",\"@id\":\"https:\\\/\\\/expoquebecvert.com\\\/en\\\/#\\\/schema\\\/logo\\\/image\\\/\",\"url\":\"https:\\\/\\\/expoquebecvert.com\\\/wp-content\\\/uploads\\\/2020\\\/10\\\/expo-quebec-vert-2.jpg\",\"contentUrl\":\"https:\\\/\\\/expoquebecvert.com\\\/wp-content\\\/uploads\\\/2020\\\/10\\\/expo-quebec-vert-2.jpg\",\"width\":1400,\"height\":1400,\"caption\":\"Expo Qu\u00e9bec Vert\"},\"image\":{\"@id\":\"https:\\\/\\\/expoquebecvert.com\\\/en\\\/#\\\/schema\\\/logo\\\/image\\\/\"},\"sameAs\":[\"https:\\\/\\\/www.facebook.com\\\/expoquebecvert\\\/\"]}]}<\/script>\n<!-- \/ Yoast SEO plugin. -->","yoast_head_json":{"title":"D\u00eener-conf\u00e9rence d\u2019HortiComp\u00e9tences","description":"HortiComp\u00e9tences tiendra son activit\u00e9 annuelle \u00e0 l\u2019Expo! Au programme : faits saillants de l'ann\u00e9e, remise du Prix HortiComp\u00e9tences, conf\u00e9rence et bien plus.","robots":{"index":"index","follow":"follow","max-snippet":"max-snippet:-1","max-image-preview":"max-image-preview:large","max-video-preview":"max-video-preview:-1"},"canonical":"https:\/\/expoquebecvert.com\/en\/program\/diner-conference-horticompetences\/","og_locale":"en_US","og_type":"article","og_title":"D\u00eener-conf\u00e9rence d\u2019HortiComp\u00e9tences","og_description":"HortiComp\u00e9tences tiendra son activit\u00e9 annuelle \u00e0 l\u2019Expo! Au programme : faits saillants de l'ann\u00e9e, remise du Prix HortiComp\u00e9tences, conf\u00e9rence et bien plus.","og_url":"https:\/\/expoquebecvert.com\/en\/program\/diner-conference-horticompetences\/","og_site_name":"Expo Qu\u00e9bec Vert","article_publisher":"https:\/\/www.facebook.com\/expoquebecvert\/","article_modified_time":"2026-08-31T16:24:33+00:00","og_image":[{"width":400,"height":500,"url":"https:\/\/expoquebecvert.com\/wp-content\/uploads\/2023\/09\/logo-horticompetences-activites.jpg","type":"image\/jpeg"}],"twitter_card":"summary_large_image","twitter_misc":{"Est. reading time":"2 minutes"},"schema":{"@context":"https:\/\/schema.org","@graph":[{"@type":["WebPage","ItemPage"],"@id":"https:\/\/expoquebecvert.com\/en\/program\/diner-conference-horticompetences\/","url":"https:\/\/expoquebecvert.com\/en\/program\/diner-conference-horticompetences\/","name":"D\u00eener-conf\u00e9rence d\u2019HortiComp\u00e9tences","isPartOf":{"@id":"https:\/\/expoquebecvert.com\/en\/#website"},"primaryImageOfPage":{"@id":"https:\/\/expoquebecvert.com\/en\/program\/diner-conference-horticompetences\/#primaryimage"},"image":{"@id":"https:\/\/expoquebecvert.com\/en\/program\/diner-conference-horticompetences\/#primaryimage"},"thumbnailUrl":"https:\/\/expoquebecvert.com\/wp-content\/uploads\/2023\/09\/logo-horticompetences-activites.jpg","datePublished":"2025-11-18T11:30:00+00:00","dateModified":"2026-08-31T16:24:33+00:00","description":"HortiComp\u00e9tences tiendra son activit\u00e9 annuelle \u00e0 l\u2019Expo! Au programme : faits saillants de l'ann\u00e9e, remise du Prix HortiComp\u00e9tences, conf\u00e9rence et bien plus.","breadcrumb":{"@id":"https:\/\/expoquebecvert.com\/en\/program\/diner-conference-horticompetences\/#breadcrumb"},"inLanguage":"en-US","potentialAction":[{"@type":"ReadAction","target":["https:\/\/expoquebecvert.com\/en\/program\/diner-conference-horticompetences\/"]}]},{"@type":"ImageObject","inLanguage":"en-US","@id":"https:\/\/expoquebecvert.com\/en\/program\/diner-conference-horticompetences\/#primaryimage","url":"https:\/\/expoquebecvert.com\/wp-content\/uploads\/2023\/09\/logo-horticompetences-activites.jpg","contentUrl":"https:\/\/expoquebecvert.com\/wp-content\/uploads\/2023\/09\/logo-horticompetences-activites.jpg","width":400,"height":500,"caption":"HortiComp\u00e9tences"},{"@type":"BreadcrumbList","@id":"https:\/\/expoquebecvert.com\/en\/program\/diner-conference-horticompetences\/#breadcrumb","itemListElement":[{"@type":"ListItem","position":1,"name":"Home","item":"https:\/\/expoquebecvert.com\/"},{"@type":"ListItem","position":2,"name":"Programmation","item":"https:\/\/expoquebecvert.com\/programmation\/"},{"@type":"ListItem","position":3,"name":"D\u00eener-conf\u00e9rence d\u2019HortiComp\u00e9tences"}]},{"@type":"WebSite","@id":"https:\/\/expoquebecvert.com\/en\/#website","url":"https:\/\/expoquebecvert.com\/en\/","name":"Expo Qu\u00e9bec Vert","description":"","publisher":{"@id":"https:\/\/expoquebecvert.com\/en\/#organization"},"potentialAction":[{"@type":"SearchAction","target":{"@type":"EntryPoint","urlTemplate":"https:\/\/expoquebecvert.com\/en\/?s={search_term_string}"},"query-input":{"@type":"PropertyValueSpecification","valueRequired":true,"valueName":"search_term_string"}}],"inLanguage":"en-US"},{"@type":"Organization","@id":"https:\/\/expoquebecvert.com\/en\/#organization","name":"Expo Qu\u00e9bec Vert","url":"https:\/\/expoquebecvert.com\/en\/","logo":{"@type":"ImageObject","inLanguage":"en-US","@id":"https:\/\/expoquebecvert.com\/en\/#\/schema\/logo\/image\/","url":"https:\/\/expoquebecvert.com\/wp-content\/uploads\/2020\/10\/expo-quebec-vert-2.jpg","contentUrl":"https:\/\/expoquebecvert.com\/wp-content\/uploads\/2020\/10\/expo-quebec-vert-2.jpg","width":1400,"height":1400,"caption":"Expo Qu\u00e9bec Vert"},"image":{"@id":"https:\/\/expoquebecvert.com\/en\/#\/schema\/logo\/image\/"},"sameAs":["https:\/\/www.facebook.com\/expoquebecvert\/"]}]}},"_links":{"self":[{"href":"https:\/\/expoquebecvert.com\/en\/wp-json\/wp\/v2\/programmation\/22668","targetHints":{"allow":["GET"]}}],"collection":[{"href":"https:\/\/expoquebecvert.com\/en\/wp-json\/wp\/v2\/programmation"}],"about":[{"href":"https:\/\/expoquebecvert.com\/en\/wp-json\/wp\/v2\/types\/programmation"}],"version-history":[{"count":2,"href":"https:\/\/expoquebecvert.com\/en\/wp-json\/wp\/v2\/programmation\/22668\/revisions"}],"predecessor-version":[{"id":22670,"href":"https:\/\/expoquebecvert.com\/en\/wp-json\/wp\/v2\/programmation\/22668\/revisions\/22670"}],"wp:featuredmedia":[{"embeddable":true,"href":"https:\/\/expoquebecvert.com\/en\/wp-json\/wp\/v2\/media\/15981"}],"wp:attachment":[{"href":"https:\/\/expoquebecvert.com\/en\/wp-json\/wp\/v2\/media?parent=22668"}],"curies":[{"name":"wp","href":"https:\/\/api.w.org\/{rel}","templated":true}]}}