{"id":22710,"date":"2025-11-18T14:00:00","date_gmt":"2025-11-18T14:00:00","guid":{"rendered":"https:\/\/expoquebecvert.com\/programmation\/5-strategies-pour-la-durabilite-des-plantations\/"},"modified":"2026-08-31T13:12:39","modified_gmt":"2026-08-31T17:12:39","slug":"5-strategies-pour-la-durabilite-des-plantations","status":"publish","type":"programmation","link":"https:\/\/expoquebecvert.com\/en\/program\/5-strategies-pour-la-durabilite-des-plantations\/","title":{"rendered":"5 strat\u00e9gies pour la durabilit\u00e9 et la r\u00e9silience des plantations"},"content":{"rendered":"<p><em><strong>&#8211; Conference presented in French &#8211;<\/strong><\/em><\/p>\n<p>Esp\u00e8ces indig\u00e8nes, conception \u00e9cosyst\u00e9mique, assemblage des v\u00e9g\u00e9taux\u2026 cinq strat\u00e9gies peuvent faire toute la diff\u00e9rence dans la qualit\u00e9 et la r\u00e9silience des plantations. Isabelle Dupras pr\u00e9sente les principes qui permettent de concevoir des am\u00e9nagements plus durables, capables de mieux \u00e9voluer dans le temps et de r\u00e9pondre aux d\u00e9fis des ann\u00e9es \u00e0 venir.<\/p>\n<p class=\"Notes\"><em><span lang=\"FR\">Cr\u00e9dit photo\u00a0: Orphisme<\/span><\/em><\/p>\n","protected":false},"featured_media":22708,"template":"","meta":{"site-sidebar-layout":"default","site-content-layout":"","ast-site-content-layout":"default","site-content-style":"default","site-sidebar-style":"default","ast-global-header-display":"","ast-banner-title-visibility":"","ast-main-header-display":"","ast-hfb-above-header-display":"","ast-hfb-below-header-display":"","ast-hfb-mobile-header-display":"","site-post-title":"","ast-breadcrumbs-content":"","ast-featured-img":"","footer-sml-layout":"","ast-disable-related-posts":"","theme-transparent-header-meta":"default","adv-header-id-meta":"","stick-header-meta":"","header-above-stick-meta":"","header-main-stick-meta":"","header-below-stick-meta":"","astra-migrate-meta-layouts":"set","ast-page-background-enabled":"default","ast-page-background-meta":{"desktop":{"background-color":"","background-image":"","background-repeat":"repeat","background-position":"center center","background-size":"auto","background-attachment":"scroll","background-type":"","background-media":"","overlay-type":"","overlay-color":"","overlay-opacity":"","overlay-gradient":""},"tablet":{"background-color":"","background-image":"","background-repeat":"repeat","background-position":"center center","background-size":"auto","background-attachment":"scroll","background-type":"","background-media":"","overlay-type":"","overlay-color":"","overlay-opacity":"","overlay-gradient":""},"mobile":{"background-color":"","background-image":"","background-repeat":"repeat","background-position":"center center","background-size":"auto","background-attachment":"scroll","background-type":"","background-media":"","overlay-type":"","overlay-color":"","overlay-opacity":"","overlay-gradient":""}},"ast-content-background-meta":{"desktop":{"background-color":"var(--ast-global-color-5)","background-image":"","background-repeat":"repeat","background-position":"center center","background-size":"auto","background-attachment":"scroll","background-type":"","background-media":"","overlay-type":"","overlay-color":"","overlay-opacity":"","overlay-gradient":""},"tablet":{"background-color":"var(--ast-global-color-5)","background-image":"","background-repeat":"repeat","background-position":"center center","background-size":"auto","background-attachment":"scroll","background-type":"","background-media":"","overlay-type":"","overlay-color":"","overlay-opacity":"","overlay-gradient":""},"mobile":{"background-color":"var(--ast-global-color-5)","background-image":"","background-repeat":"repeat","background-position":"center center","background-size":"auto","background-attachment":"scroll","background-type":"","background-media":"","overlay-type":"","overlay-color":"","overlay-opacity":"","overlay-gradient":""}},"footnotes":""},"class_list":["post-22710","programmation","type-programmation","status-publish","has-post-thumbnail","hentry","vedette-oui","clientele-architecture-municipalite","clientele-design-interieur-et-exterieur","clientele-amenagement","type-presentiel","ouverture-ouvert-a-tous","date-mercredi-18-novembre"],"yoast_head":"<!-- This site is optimized with the Yoast SEO plugin v27.8 - https:\/\/yoast.com\/product\/yoast-seo-wordpress\/ -->\n<title>5 strat\u00e9gies pour la durabilit\u00e9 et la r\u00e9silience des plantations<\/title>\n<meta name=\"description\" content=\"D\u00e9couvrez les principes qui permettent de concevoir des am\u00e9nagements plus durables, capables d&#039;\u00e9voluer dans le temps et de r\u00e9pondre aux d\u00e9fis des ann\u00e9es \u00e0 venir.\" \/>\n<meta name=\"robots\" content=\"index, follow, max-snippet:-1, max-image-preview:large, max-video-preview:-1\" \/>\n<link rel=\"canonical\" href=\"https:\/\/expoquebecvert.com\/en\/program\/5-strategies-pour-la-durabilite-des-plantations\/\" \/>\n<meta property=\"og:locale\" content=\"en_US\" \/>\n<meta property=\"og:type\" content=\"article\" \/>\n<meta property=\"og:title\" content=\"5 strat\u00e9gies pour la durabilit\u00e9 et la r\u00e9silience des plantations\" \/>\n<meta property=\"og:description\" content=\"D\u00e9couvrez les principes qui permettent de concevoir des am\u00e9nagements plus durables, capables d&#039;\u00e9voluer dans le temps et de r\u00e9pondre aux d\u00e9fis des ann\u00e9es \u00e0 venir.\" \/>\n<meta property=\"og:url\" content=\"https:\/\/expoquebecvert.com\/en\/program\/5-strategies-pour-la-durabilite-des-plantations\/\" \/>\n<meta property=\"og:site_name\" content=\"Expo Qu\u00e9bec Vert\" \/>\n<meta property=\"article:publisher\" content=\"https:\/\/www.facebook.com\/expoquebecvert\/\" \/>\n<meta property=\"article:modified_time\" content=\"2026-08-31T17:12:39+00:00\" \/>\n<meta property=\"og:image\" content=\"https:\/\/expoquebecvert.com\/wp-content\/uploads\/2026\/08\/isabelle-dupras-web.png\" \/>\n\t<meta property=\"og:image:width\" content=\"400\" \/>\n\t<meta property=\"og:image:height\" content=\"500\" \/>\n\t<meta property=\"og:image:type\" content=\"image\/png\" \/>\n<meta name=\"twitter:card\" content=\"summary_large_image\" \/>\n<meta name=\"twitter:label1\" content=\"Est. reading time\" \/>\n\t<meta name=\"twitter:data1\" content=\"1 minute\" \/>\n<script type=\"application\/ld+json\" class=\"yoast-schema-graph\">{\"@context\":\"https:\\\/\\\/schema.org\",\"@graph\":[{\"@type\":[\"WebPage\",\"ItemPage\"],\"@id\":\"https:\\\/\\\/expoquebecvert.com\\\/en\\\/program\\\/5-strategies-pour-la-durabilite-des-plantations\\\/\",\"url\":\"https:\\\/\\\/expoquebecvert.com\\\/en\\\/program\\\/5-strategies-pour-la-durabilite-des-plantations\\\/\",\"name\":\"5 strat\u00e9gies pour la durabilit\u00e9 et la r\u00e9silience des plantations\",\"isPartOf\":{\"@id\":\"https:\\\/\\\/expoquebecvert.com\\\/en\\\/#website\"},\"primaryImageOfPage\":{\"@id\":\"https:\\\/\\\/expoquebecvert.com\\\/en\\\/program\\\/5-strategies-pour-la-durabilite-des-plantations\\\/#primaryimage\"},\"image\":{\"@id\":\"https:\\\/\\\/expoquebecvert.com\\\/en\\\/program\\\/5-strategies-pour-la-durabilite-des-plantations\\\/#primaryimage\"},\"thumbnailUrl\":\"https:\\\/\\\/expoquebecvert.com\\\/wp-content\\\/uploads\\\/2026\\\/08\\\/isabelle-dupras-web.png\",\"datePublished\":\"2025-11-18T14:00:00+00:00\",\"dateModified\":\"2026-08-31T17:12:39+00:00\",\"description\":\"D\u00e9couvrez les principes qui permettent de concevoir des am\u00e9nagements plus durables, capables d'\u00e9voluer dans le temps et de r\u00e9pondre aux d\u00e9fis des ann\u00e9es \u00e0 venir.\",\"breadcrumb\":{\"@id\":\"https:\\\/\\\/expoquebecvert.com\\\/en\\\/program\\\/5-strategies-pour-la-durabilite-des-plantations\\\/#breadcrumb\"},\"inLanguage\":\"en-US\",\"potentialAction\":[{\"@type\":\"ReadAction\",\"target\":[\"https:\\\/\\\/expoquebecvert.com\\\/en\\\/program\\\/5-strategies-pour-la-durabilite-des-plantations\\\/\"]}]},{\"@type\":\"ImageObject\",\"inLanguage\":\"en-US\",\"@id\":\"https:\\\/\\\/expoquebecvert.com\\\/en\\\/program\\\/5-strategies-pour-la-durabilite-des-plantations\\\/#primaryimage\",\"url\":\"https:\\\/\\\/expoquebecvert.com\\\/wp-content\\\/uploads\\\/2026\\\/08\\\/isabelle-dupras-web.png\",\"contentUrl\":\"https:\\\/\\\/expoquebecvert.com\\\/wp-content\\\/uploads\\\/2026\\\/08\\\/isabelle-dupras-web.png\",\"width\":400,\"height\":500,\"caption\":\"Isabelle Dupras\"},{\"@type\":\"BreadcrumbList\",\"@id\":\"https:\\\/\\\/expoquebecvert.com\\\/en\\\/program\\\/5-strategies-pour-la-durabilite-des-plantations\\\/#breadcrumb\",\"itemListElement\":[{\"@type\":\"ListItem\",\"position\":1,\"name\":\"Home\",\"item\":\"https:\\\/\\\/expoquebecvert.com\\\/\"},{\"@type\":\"ListItem\",\"position\":2,\"name\":\"Programmation\",\"item\":\"https:\\\/\\\/expoquebecvert.com\\\/programmation\\\/\"},{\"@type\":\"ListItem\",\"position\":3,\"name\":\"5 strat\u00e9gies pour la durabilit\u00e9 et la r\u00e9silience des plantations\"}]},{\"@type\":\"WebSite\",\"@id\":\"https:\\\/\\\/expoquebecvert.com\\\/en\\\/#website\",\"url\":\"https:\\\/\\\/expoquebecvert.com\\\/en\\\/\",\"name\":\"Expo Qu\u00e9bec Vert\",\"description\":\"\",\"publisher\":{\"@id\":\"https:\\\/\\\/expoquebecvert.com\\\/en\\\/#organization\"},\"potentialAction\":[{\"@type\":\"SearchAction\",\"target\":{\"@type\":\"EntryPoint\",\"urlTemplate\":\"https:\\\/\\\/expoquebecvert.com\\\/en\\\/?s={search_term_string}\"},\"query-input\":{\"@type\":\"PropertyValueSpecification\",\"valueRequired\":true,\"valueName\":\"search_term_string\"}}],\"inLanguage\":\"en-US\"},{\"@type\":\"Organization\",\"@id\":\"https:\\\/\\\/expoquebecvert.com\\\/en\\\/#organization\",\"name\":\"Expo Qu\u00e9bec Vert\",\"url\":\"https:\\\/\\\/expoquebecvert.com\\\/en\\\/\",\"logo\":{\"@type\":\"ImageObject\",\"inLanguage\":\"en-US\",\"@id\":\"https:\\\/\\\/expoquebecvert.com\\\/en\\\/#\\\/schema\\\/logo\\\/image\\\/\",\"url\":\"https:\\\/\\\/expoquebecvert.com\\\/wp-content\\\/uploads\\\/2020\\\/10\\\/expo-quebec-vert-2.jpg\",\"contentUrl\":\"https:\\\/\\\/expoquebecvert.com\\\/wp-content\\\/uploads\\\/2020\\\/10\\\/expo-quebec-vert-2.jpg\",\"width\":1400,\"height\":1400,\"caption\":\"Expo Qu\u00e9bec Vert\"},\"image\":{\"@id\":\"https:\\\/\\\/expoquebecvert.com\\\/en\\\/#\\\/schema\\\/logo\\\/image\\\/\"},\"sameAs\":[\"https:\\\/\\\/www.facebook.com\\\/expoquebecvert\\\/\"]}]}<\/script>\n<!-- \/ Yoast SEO plugin. -->","yoast_head_json":{"title":"5 strat\u00e9gies pour la durabilit\u00e9 et la r\u00e9silience des plantations","description":"D\u00e9couvrez les principes qui permettent de concevoir des am\u00e9nagements plus durables, capables d'\u00e9voluer dans le temps et de r\u00e9pondre aux d\u00e9fis des ann\u00e9es \u00e0 venir.","robots":{"index":"index","follow":"follow","max-snippet":"max-snippet:-1","max-image-preview":"max-image-preview:large","max-video-preview":"max-video-preview:-1"},"canonical":"https:\/\/expoquebecvert.com\/en\/program\/5-strategies-pour-la-durabilite-des-plantations\/","og_locale":"en_US","og_type":"article","og_title":"5 strat\u00e9gies pour la durabilit\u00e9 et la r\u00e9silience des plantations","og_description":"D\u00e9couvrez les principes qui permettent de concevoir des am\u00e9nagements plus durables, capables d'\u00e9voluer dans le temps et de r\u00e9pondre aux d\u00e9fis des ann\u00e9es \u00e0 venir.","og_url":"https:\/\/expoquebecvert.com\/en\/program\/5-strategies-pour-la-durabilite-des-plantations\/","og_site_name":"Expo Qu\u00e9bec Vert","article_publisher":"https:\/\/www.facebook.com\/expoquebecvert\/","article_modified_time":"2026-08-31T17:12:39+00:00","og_image":[{"width":400,"height":500,"url":"https:\/\/expoquebecvert.com\/wp-content\/uploads\/2026\/08\/isabelle-dupras-web.png","type":"image\/png"}],"twitter_card":"summary_large_image","twitter_misc":{"Est. reading time":"1 minute"},"schema":{"@context":"https:\/\/schema.org","@graph":[{"@type":["WebPage","ItemPage"],"@id":"https:\/\/expoquebecvert.com\/en\/program\/5-strategies-pour-la-durabilite-des-plantations\/","url":"https:\/\/expoquebecvert.com\/en\/program\/5-strategies-pour-la-durabilite-des-plantations\/","name":"5 strat\u00e9gies pour la durabilit\u00e9 et la r\u00e9silience des plantations","isPartOf":{"@id":"https:\/\/expoquebecvert.com\/en\/#website"},"primaryImageOfPage":{"@id":"https:\/\/expoquebecvert.com\/en\/program\/5-strategies-pour-la-durabilite-des-plantations\/#primaryimage"},"image":{"@id":"https:\/\/expoquebecvert.com\/en\/program\/5-strategies-pour-la-durabilite-des-plantations\/#primaryimage"},"thumbnailUrl":"https:\/\/expoquebecvert.com\/wp-content\/uploads\/2026\/08\/isabelle-dupras-web.png","datePublished":"2025-11-18T14:00:00+00:00","dateModified":"2026-08-31T17:12:39+00:00","description":"D\u00e9couvrez les principes qui permettent de concevoir des am\u00e9nagements plus durables, capables d'\u00e9voluer dans le temps et de r\u00e9pondre aux d\u00e9fis des ann\u00e9es \u00e0 venir.","breadcrumb":{"@id":"https:\/\/expoquebecvert.com\/en\/program\/5-strategies-pour-la-durabilite-des-plantations\/#breadcrumb"},"inLanguage":"en-US","potentialAction":[{"@type":"ReadAction","target":["https:\/\/expoquebecvert.com\/en\/program\/5-strategies-pour-la-durabilite-des-plantations\/"]}]},{"@type":"ImageObject","inLanguage":"en-US","@id":"https:\/\/expoquebecvert.com\/en\/program\/5-strategies-pour-la-durabilite-des-plantations\/#primaryimage","url":"https:\/\/expoquebecvert.com\/wp-content\/uploads\/2026\/08\/isabelle-dupras-web.png","contentUrl":"https:\/\/expoquebecvert.com\/wp-content\/uploads\/2026\/08\/isabelle-dupras-web.png","width":400,"height":500,"caption":"Isabelle Dupras"},{"@type":"BreadcrumbList","@id":"https:\/\/expoquebecvert.com\/en\/program\/5-strategies-pour-la-durabilite-des-plantations\/#breadcrumb","itemListElement":[{"@type":"ListItem","position":1,"name":"Home","item":"https:\/\/expoquebecvert.com\/"},{"@type":"ListItem","position":2,"name":"Programmation","item":"https:\/\/expoquebecvert.com\/programmation\/"},{"@type":"ListItem","position":3,"name":"5 strat\u00e9gies pour la durabilit\u00e9 et la r\u00e9silience des plantations"}]},{"@type":"WebSite","@id":"https:\/\/expoquebecvert.com\/en\/#website","url":"https:\/\/expoquebecvert.com\/en\/","name":"Expo Qu\u00e9bec Vert","description":"","publisher":{"@id":"https:\/\/expoquebecvert.com\/en\/#organization"},"potentialAction":[{"@type":"SearchAction","target":{"@type":"EntryPoint","urlTemplate":"https:\/\/expoquebecvert.com\/en\/?s={search_term_string}"},"query-input":{"@type":"PropertyValueSpecification","valueRequired":true,"valueName":"search_term_string"}}],"inLanguage":"en-US"},{"@type":"Organization","@id":"https:\/\/expoquebecvert.com\/en\/#organization","name":"Expo Qu\u00e9bec Vert","url":"https:\/\/expoquebecvert.com\/en\/","logo":{"@type":"ImageObject","inLanguage":"en-US","@id":"https:\/\/expoquebecvert.com\/en\/#\/schema\/logo\/image\/","url":"https:\/\/expoquebecvert.com\/wp-content\/uploads\/2020\/10\/expo-quebec-vert-2.jpg","contentUrl":"https:\/\/expoquebecvert.com\/wp-content\/uploads\/2020\/10\/expo-quebec-vert-2.jpg","width":1400,"height":1400,"caption":"Expo Qu\u00e9bec Vert"},"image":{"@id":"https:\/\/expoquebecvert.com\/en\/#\/schema\/logo\/image\/"},"sameAs":["https:\/\/www.facebook.com\/expoquebecvert\/"]}]}},"_links":{"self":[{"href":"https:\/\/expoquebecvert.com\/en\/wp-json\/wp\/v2\/programmation\/22710","targetHints":{"allow":["GET"]}}],"collection":[{"href":"https:\/\/expoquebecvert.com\/en\/wp-json\/wp\/v2\/programmation"}],"about":[{"href":"https:\/\/expoquebecvert.com\/en\/wp-json\/wp\/v2\/types\/programmation"}],"version-history":[{"count":2,"href":"https:\/\/expoquebecvert.com\/en\/wp-json\/wp\/v2\/programmation\/22710\/revisions"}],"predecessor-version":[{"id":22712,"href":"https:\/\/expoquebecvert.com\/en\/wp-json\/wp\/v2\/programmation\/22710\/revisions\/22712"}],"wp:featuredmedia":[{"embeddable":true,"href":"https:\/\/expoquebecvert.com\/en\/wp-json\/wp\/v2\/media\/22708"}],"wp:attachment":[{"href":"https:\/\/expoquebecvert.com\/en\/wp-json\/wp\/v2\/media?parent=22710"}],"curies":[{"name":"wp","href":"https:\/\/api.w.org\/{rel}","templated":true}]}}