{"id":22746,"date":"2025-11-19T11:15:00","date_gmt":"2025-11-19T11:15:00","guid":{"rendered":"https:\/\/expoquebecvert.com\/programmation\/larbre-urbain-de-demain\/"},"modified":"2026-08-31T13:38:34","modified_gmt":"2026-08-31T17:38:34","slug":"larbre-urbain-de-demain","status":"publish","type":"programmation","link":"https:\/\/expoquebecvert.com\/en\/program\/larbre-urbain-de-demain\/","title":{"rendered":"L\u2019arbre urbain de demain : choisir, planter et transmettre un patrimoine vivant"},"content":{"rendered":"<p><strong><em>&#8211; Conference presented in French &#8211;<\/em><\/strong><\/p>\n<p>Quels arbres plant\u00e9s aujourd\u2019hui formeront la canop\u00e9e de demain? Producteurs, chercheurs et experts du terrain croisent leurs perspectives sur les choix d\u2019essences, les contraintes urbaines, l\u2019entretien, la r\u00e9silience et la biodiversit\u00e9. Bons coups, erreurs \u00e0 \u00e9viter et vision \u00e0 long terme alimenteront les \u00e9changes autour de ce patrimoine vivant \u00e0 transmettre.<\/p>\n<p><strong>Animation <\/strong><\/p>\n<ul>\n<li>Christian Dufresne, classificateur, Les Fleurons du Qu\u00e9bec<\/li>\n<\/ul>\n<p><strong>Pan\u00e9listes <\/strong><\/p>\n<ul>\n<li>Serge Dubois, chef de section, p\u00e9pini\u00e8re et renforcement de la canop\u00e9e, Ville de Montr\u00e9al<\/li>\n<li>Bruno Paquet, expert-conseil, Gestion Arboreta<\/li>\n<li>Elyssa Cameron, agente de recherche, Chaire de recherche sur la for\u00eat urbaine, UQAM<\/li>\n<li>Vincent Gendron Rossignol, propri\u00e9taire et consultant, arboriste certifi\u00e9 ISA et TRAQ<\/li>\n<li>Autre pan\u00e9liste \u00e0 confirmer<\/li>\n<\/ul>\n","protected":false},"featured_media":22880,"template":"","meta":{"site-sidebar-layout":"default","site-content-layout":"","ast-site-content-layout":"default","site-content-style":"default","site-sidebar-style":"default","ast-global-header-display":"","ast-banner-title-visibility":"","ast-main-header-display":"","ast-hfb-above-header-display":"","ast-hfb-below-header-display":"","ast-hfb-mobile-header-display":"","site-post-title":"","ast-breadcrumbs-content":"","ast-featured-img":"","footer-sml-layout":"","ast-disable-related-posts":"","theme-transparent-header-meta":"default","adv-header-id-meta":"","stick-header-meta":"","header-above-stick-meta":"","header-main-stick-meta":"","header-below-stick-meta":"","astra-migrate-meta-layouts":"set","ast-page-background-enabled":"default","ast-page-background-meta":{"desktop":{"background-color":"","background-image":"","background-repeat":"repeat","background-position":"center center","background-size":"auto","background-attachment":"scroll","background-type":"","background-media":"","overlay-type":"","overlay-color":"","overlay-opacity":"","overlay-gradient":""},"tablet":{"background-color":"","background-image":"","background-repeat":"repeat","background-position":"center center","background-size":"auto","background-attachment":"scroll","background-type":"","background-media":"","overlay-type":"","overlay-color":"","overlay-opacity":"","overlay-gradient":""},"mobile":{"background-color":"","background-image":"","background-repeat":"repeat","background-position":"center center","background-size":"auto","background-attachment":"scroll","background-type":"","background-media":"","overlay-type":"","overlay-color":"","overlay-opacity":"","overlay-gradient":""}},"ast-content-background-meta":{"desktop":{"background-color":"var(--ast-global-color-5)","background-image":"","background-repeat":"repeat","background-position":"center center","background-size":"auto","background-attachment":"scroll","background-type":"","background-media":"","overlay-type":"","overlay-color":"","overlay-opacity":"","overlay-gradient":""},"tablet":{"background-color":"var(--ast-global-color-5)","background-image":"","background-repeat":"repeat","background-position":"center center","background-size":"auto","background-attachment":"scroll","background-type":"","background-media":"","overlay-type":"","overlay-color":"","overlay-opacity":"","overlay-gradient":""},"mobile":{"background-color":"var(--ast-global-color-5)","background-image":"","background-repeat":"repeat","background-position":"center center","background-size":"auto","background-attachment":"scroll","background-type":"","background-media":"","overlay-type":"","overlay-color":"","overlay-opacity":"","overlay-gradient":""}},"footnotes":""},"class_list":["post-22746","programmation","type-programmation","status-publish","has-post-thumbnail","hentry","vedette-oui","clientele-architecture-and-municipal-world","clientele-ground-maintenance-and-lawn-care","clientele-landscaping","clientele-production-en-2","type-presentiel-en","ouverture-open-to-everyone","date-thursday-november-19","salle-salle-paysage-bmo-en"],"yoast_head":"<!-- This site is optimized with the Yoast SEO plugin v27.8 - https:\/\/yoast.com\/product\/yoast-seo-wordpress\/ -->\n<title>L\u2019arbre urbain de demain : choisir, planter et transmettre un patrimoine vivant<\/title>\n<meta name=\"description\" content=\"Producteurs, chercheurs et experts croisent leurs perspectives sur les choix d\u2019essences, les contraintes urbaines, l\u2019entretien, la r\u00e9silience et la biodiversit\u00e9.\" \/>\n<meta name=\"robots\" content=\"index, follow, max-snippet:-1, max-image-preview:large, max-video-preview:-1\" \/>\n<link rel=\"canonical\" href=\"https:\/\/expoquebecvert.com\/en\/program\/larbre-urbain-de-demain\/\" \/>\n<meta property=\"og:locale\" content=\"en_US\" \/>\n<meta property=\"og:type\" content=\"article\" \/>\n<meta property=\"og:title\" content=\"L\u2019arbre urbain de demain : choisir, planter et transmettre un patrimoine vivant\" \/>\n<meta property=\"og:description\" content=\"Producteurs, chercheurs et experts croisent leurs perspectives sur les choix d\u2019essences, les contraintes urbaines, l\u2019entretien, la r\u00e9silience et la biodiversit\u00e9.\" \/>\n<meta property=\"og:url\" content=\"https:\/\/expoquebecvert.com\/en\/program\/larbre-urbain-de-demain\/\" \/>\n<meta property=\"og:site_name\" content=\"Expo Qu\u00e9bec Vert\" \/>\n<meta property=\"article:publisher\" content=\"https:\/\/www.facebook.com\/expoquebecvert\/\" \/>\n<meta property=\"article:modified_time\" content=\"2026-08-31T17:38:34+00:00\" \/>\n<meta property=\"og:image\" content=\"https:\/\/expoquebecvert.com\/wp-content\/uploads\/2020\/10\/christiandufresne.jpg\" \/>\n\t<meta property=\"og:image:width\" content=\"400\" \/>\n\t<meta property=\"og:image:height\" content=\"500\" \/>\n\t<meta property=\"og:image:type\" content=\"image\/jpeg\" \/>\n<meta name=\"twitter:card\" content=\"summary_large_image\" \/>\n<meta name=\"twitter:label1\" content=\"Est. reading time\" \/>\n\t<meta name=\"twitter:data1\" content=\"1 minute\" \/>\n<script type=\"application\/ld+json\" class=\"yoast-schema-graph\">{\"@context\":\"https:\\\/\\\/schema.org\",\"@graph\":[{\"@type\":[\"WebPage\",\"ItemPage\"],\"@id\":\"https:\\\/\\\/expoquebecvert.com\\\/en\\\/program\\\/larbre-urbain-de-demain\\\/\",\"url\":\"https:\\\/\\\/expoquebecvert.com\\\/en\\\/program\\\/larbre-urbain-de-demain\\\/\",\"name\":\"L\u2019arbre urbain de demain : choisir, planter et transmettre un patrimoine vivant\",\"isPartOf\":{\"@id\":\"https:\\\/\\\/expoquebecvert.com\\\/en\\\/#website\"},\"primaryImageOfPage\":{\"@id\":\"https:\\\/\\\/expoquebecvert.com\\\/en\\\/program\\\/larbre-urbain-de-demain\\\/#primaryimage\"},\"image\":{\"@id\":\"https:\\\/\\\/expoquebecvert.com\\\/en\\\/program\\\/larbre-urbain-de-demain\\\/#primaryimage\"},\"thumbnailUrl\":\"https:\\\/\\\/expoquebecvert.com\\\/wp-content\\\/uploads\\\/2025\\\/11\\\/panel.png\",\"datePublished\":\"2025-11-19T11:15:00+00:00\",\"dateModified\":\"2026-08-31T17:38:34+00:00\",\"description\":\"Producteurs, chercheurs et experts croisent leurs perspectives sur les choix d\u2019essences, les contraintes urbaines, l\u2019entretien, la r\u00e9silience et la biodiversit\u00e9.\",\"breadcrumb\":{\"@id\":\"https:\\\/\\\/expoquebecvert.com\\\/en\\\/program\\\/larbre-urbain-de-demain\\\/#breadcrumb\"},\"inLanguage\":\"en-US\",\"potentialAction\":[{\"@type\":\"ReadAction\",\"target\":[\"https:\\\/\\\/expoquebecvert.com\\\/en\\\/program\\\/larbre-urbain-de-demain\\\/\"]}]},{\"@type\":\"ImageObject\",\"inLanguage\":\"en-US\",\"@id\":\"https:\\\/\\\/expoquebecvert.com\\\/en\\\/program\\\/larbre-urbain-de-demain\\\/#primaryimage\",\"url\":\"https:\\\/\\\/expoquebecvert.com\\\/wp-content\\\/uploads\\\/2025\\\/11\\\/panel.png\",\"contentUrl\":\"https:\\\/\\\/expoquebecvert.com\\\/wp-content\\\/uploads\\\/2025\\\/11\\\/panel.png\",\"width\":1122,\"height\":1402,\"caption\":\"Planel d'experts\"},{\"@type\":\"BreadcrumbList\",\"@id\":\"https:\\\/\\\/expoquebecvert.com\\\/en\\\/program\\\/larbre-urbain-de-demain\\\/#breadcrumb\",\"itemListElement\":[{\"@type\":\"ListItem\",\"position\":1,\"name\":\"Home\",\"item\":\"https:\\\/\\\/expoquebecvert.com\\\/\"},{\"@type\":\"ListItem\",\"position\":2,\"name\":\"Programmation\",\"item\":\"https:\\\/\\\/expoquebecvert.com\\\/programmation\\\/\"},{\"@type\":\"ListItem\",\"position\":3,\"name\":\"L\u2019arbre urbain de demain : choisir, planter et transmettre un patrimoine vivant\"}]},{\"@type\":\"WebSite\",\"@id\":\"https:\\\/\\\/expoquebecvert.com\\\/en\\\/#website\",\"url\":\"https:\\\/\\\/expoquebecvert.com\\\/en\\\/\",\"name\":\"Expo Qu\u00e9bec Vert\",\"description\":\"\",\"publisher\":{\"@id\":\"https:\\\/\\\/expoquebecvert.com\\\/en\\\/#organization\"},\"potentialAction\":[{\"@type\":\"SearchAction\",\"target\":{\"@type\":\"EntryPoint\",\"urlTemplate\":\"https:\\\/\\\/expoquebecvert.com\\\/en\\\/?s={search_term_string}\"},\"query-input\":{\"@type\":\"PropertyValueSpecification\",\"valueRequired\":true,\"valueName\":\"search_term_string\"}}],\"inLanguage\":\"en-US\"},{\"@type\":\"Organization\",\"@id\":\"https:\\\/\\\/expoquebecvert.com\\\/en\\\/#organization\",\"name\":\"Expo Qu\u00e9bec Vert\",\"url\":\"https:\\\/\\\/expoquebecvert.com\\\/en\\\/\",\"logo\":{\"@type\":\"ImageObject\",\"inLanguage\":\"en-US\",\"@id\":\"https:\\\/\\\/expoquebecvert.com\\\/en\\\/#\\\/schema\\\/logo\\\/image\\\/\",\"url\":\"https:\\\/\\\/expoquebecvert.com\\\/wp-content\\\/uploads\\\/2020\\\/10\\\/expo-quebec-vert-2.jpg\",\"contentUrl\":\"https:\\\/\\\/expoquebecvert.com\\\/wp-content\\\/uploads\\\/2020\\\/10\\\/expo-quebec-vert-2.jpg\",\"width\":1400,\"height\":1400,\"caption\":\"Expo Qu\u00e9bec Vert\"},\"image\":{\"@id\":\"https:\\\/\\\/expoquebecvert.com\\\/en\\\/#\\\/schema\\\/logo\\\/image\\\/\"},\"sameAs\":[\"https:\\\/\\\/www.facebook.com\\\/expoquebecvert\\\/\"]}]}<\/script>\n<!-- \/ Yoast SEO plugin. -->","yoast_head_json":{"title":"L\u2019arbre urbain de demain : choisir, planter et transmettre un patrimoine vivant","description":"Producteurs, chercheurs et experts croisent leurs perspectives sur les choix d\u2019essences, les contraintes urbaines, l\u2019entretien, la r\u00e9silience et la biodiversit\u00e9.","robots":{"index":"index","follow":"follow","max-snippet":"max-snippet:-1","max-image-preview":"max-image-preview:large","max-video-preview":"max-video-preview:-1"},"canonical":"https:\/\/expoquebecvert.com\/en\/program\/larbre-urbain-de-demain\/","og_locale":"en_US","og_type":"article","og_title":"L\u2019arbre urbain de demain : choisir, planter et transmettre un patrimoine vivant","og_description":"Producteurs, chercheurs et experts croisent leurs perspectives sur les choix d\u2019essences, les contraintes urbaines, l\u2019entretien, la r\u00e9silience et la biodiversit\u00e9.","og_url":"https:\/\/expoquebecvert.com\/en\/program\/larbre-urbain-de-demain\/","og_site_name":"Expo Qu\u00e9bec Vert","article_publisher":"https:\/\/www.facebook.com\/expoquebecvert\/","article_modified_time":"2026-08-31T17:38:34+00:00","og_image":[{"width":400,"height":500,"url":"https:\/\/expoquebecvert.com\/wp-content\/uploads\/2020\/10\/christiandufresne.jpg","type":"image\/jpeg"}],"twitter_card":"summary_large_image","twitter_misc":{"Est. reading time":"1 minute"},"schema":{"@context":"https:\/\/schema.org","@graph":[{"@type":["WebPage","ItemPage"],"@id":"https:\/\/expoquebecvert.com\/en\/program\/larbre-urbain-de-demain\/","url":"https:\/\/expoquebecvert.com\/en\/program\/larbre-urbain-de-demain\/","name":"L\u2019arbre urbain de demain : choisir, planter et transmettre un patrimoine vivant","isPartOf":{"@id":"https:\/\/expoquebecvert.com\/en\/#website"},"primaryImageOfPage":{"@id":"https:\/\/expoquebecvert.com\/en\/program\/larbre-urbain-de-demain\/#primaryimage"},"image":{"@id":"https:\/\/expoquebecvert.com\/en\/program\/larbre-urbain-de-demain\/#primaryimage"},"thumbnailUrl":"https:\/\/expoquebecvert.com\/wp-content\/uploads\/2025\/11\/panel.png","datePublished":"2025-11-19T11:15:00+00:00","dateModified":"2026-08-31T17:38:34+00:00","description":"Producteurs, chercheurs et experts croisent leurs perspectives sur les choix d\u2019essences, les contraintes urbaines, l\u2019entretien, la r\u00e9silience et la biodiversit\u00e9.","breadcrumb":{"@id":"https:\/\/expoquebecvert.com\/en\/program\/larbre-urbain-de-demain\/#breadcrumb"},"inLanguage":"en-US","potentialAction":[{"@type":"ReadAction","target":["https:\/\/expoquebecvert.com\/en\/program\/larbre-urbain-de-demain\/"]}]},{"@type":"ImageObject","inLanguage":"en-US","@id":"https:\/\/expoquebecvert.com\/en\/program\/larbre-urbain-de-demain\/#primaryimage","url":"https:\/\/expoquebecvert.com\/wp-content\/uploads\/2025\/11\/panel.png","contentUrl":"https:\/\/expoquebecvert.com\/wp-content\/uploads\/2025\/11\/panel.png","width":1122,"height":1402,"caption":"Planel d'experts"},{"@type":"BreadcrumbList","@id":"https:\/\/expoquebecvert.com\/en\/program\/larbre-urbain-de-demain\/#breadcrumb","itemListElement":[{"@type":"ListItem","position":1,"name":"Home","item":"https:\/\/expoquebecvert.com\/"},{"@type":"ListItem","position":2,"name":"Programmation","item":"https:\/\/expoquebecvert.com\/programmation\/"},{"@type":"ListItem","position":3,"name":"L\u2019arbre urbain de demain : choisir, planter et transmettre un patrimoine vivant"}]},{"@type":"WebSite","@id":"https:\/\/expoquebecvert.com\/en\/#website","url":"https:\/\/expoquebecvert.com\/en\/","name":"Expo Qu\u00e9bec Vert","description":"","publisher":{"@id":"https:\/\/expoquebecvert.com\/en\/#organization"},"potentialAction":[{"@type":"SearchAction","target":{"@type":"EntryPoint","urlTemplate":"https:\/\/expoquebecvert.com\/en\/?s={search_term_string}"},"query-input":{"@type":"PropertyValueSpecification","valueRequired":true,"valueName":"search_term_string"}}],"inLanguage":"en-US"},{"@type":"Organization","@id":"https:\/\/expoquebecvert.com\/en\/#organization","name":"Expo Qu\u00e9bec Vert","url":"https:\/\/expoquebecvert.com\/en\/","logo":{"@type":"ImageObject","inLanguage":"en-US","@id":"https:\/\/expoquebecvert.com\/en\/#\/schema\/logo\/image\/","url":"https:\/\/expoquebecvert.com\/wp-content\/uploads\/2020\/10\/expo-quebec-vert-2.jpg","contentUrl":"https:\/\/expoquebecvert.com\/wp-content\/uploads\/2020\/10\/expo-quebec-vert-2.jpg","width":1400,"height":1400,"caption":"Expo Qu\u00e9bec Vert"},"image":{"@id":"https:\/\/expoquebecvert.com\/en\/#\/schema\/logo\/image\/"},"sameAs":["https:\/\/www.facebook.com\/expoquebecvert\/"]}]}},"_links":{"self":[{"href":"https:\/\/expoquebecvert.com\/en\/wp-json\/wp\/v2\/programmation\/22746","targetHints":{"allow":["GET"]}}],"collection":[{"href":"https:\/\/expoquebecvert.com\/en\/wp-json\/wp\/v2\/programmation"}],"about":[{"href":"https:\/\/expoquebecvert.com\/en\/wp-json\/wp\/v2\/types\/programmation"}],"version-history":[{"count":2,"href":"https:\/\/expoquebecvert.com\/en\/wp-json\/wp\/v2\/programmation\/22746\/revisions"}],"predecessor-version":[{"id":22748,"href":"https:\/\/expoquebecvert.com\/en\/wp-json\/wp\/v2\/programmation\/22746\/revisions\/22748"}],"wp:featuredmedia":[{"embeddable":true,"href":"https:\/\/expoquebecvert.com\/en\/wp-json\/wp\/v2\/media\/22880"}],"wp:attachment":[{"href":"https:\/\/expoquebecvert.com\/en\/wp-json\/wp\/v2\/media?parent=22746"}],"curies":[{"name":"wp","href":"https:\/\/api.w.org\/{rel}","templated":true}]}}