{"id":22771,"date":"2025-11-19T14:00:00","date_gmt":"2025-11-19T14:00:00","guid":{"rendered":"https:\/\/expoquebecvert.com\/programmation\/30-nouveautes-vegetales-pour-2027\/"},"modified":"2026-08-31T14:12:06","modified_gmt":"2026-08-31T18:12:06","slug":"30-nouveautes-vegetales-pour-2027","status":"publish","type":"programmation","link":"https:\/\/expoquebecvert.com\/en\/program\/30-nouveautes-vegetales-pour-2027\/","title":{"rendered":"30 nouveaut\u00e9s v\u00e9g\u00e9tales pour 2027"},"content":{"rendered":"<p><em><strong>&#8211; Conference presented in French &#8211;<\/strong><\/em><\/p>\n<p>Chaque saison apporte son lot de nouveaut\u00e9s\u2026 mais lesquelles m\u00e9ritent vraiment votre attention? Arbustes, conif\u00e8res, vivaces, annuelles et plantes potag\u00e8res passent sous la loupe. Une s\u00e9lection de 30 nouveaut\u00e9s v\u00e9g\u00e9tales \u00e0 conna\u00eetre pour conseiller votre client\u00e8le, renouveler l\u2019offre en jardinerie ou insuffler de nouvelles id\u00e9es \u00e0 vos am\u00e9nagements.<\/p>\n","protected":false},"featured_media":18328,"template":"","meta":{"site-sidebar-layout":"default","site-content-layout":"","ast-site-content-layout":"default","site-content-style":"default","site-sidebar-style":"default","ast-global-header-display":"","ast-banner-title-visibility":"","ast-main-header-display":"","ast-hfb-above-header-display":"","ast-hfb-below-header-display":"","ast-hfb-mobile-header-display":"","site-post-title":"","ast-breadcrumbs-content":"","ast-featured-img":"","footer-sml-layout":"","ast-disable-related-posts":"","theme-transparent-header-meta":"default","adv-header-id-meta":"","stick-header-meta":"","header-above-stick-meta":"","header-main-stick-meta":"","header-below-stick-meta":"","astra-migrate-meta-layouts":"set","ast-page-background-enabled":"default","ast-page-background-meta":{"desktop":{"background-color":"","background-image":"","background-repeat":"repeat","background-position":"center center","background-size":"auto","background-attachment":"scroll","background-type":"","background-media":"","overlay-type":"","overlay-color":"","overlay-opacity":"","overlay-gradient":""},"tablet":{"background-color":"","background-image":"","background-repeat":"repeat","background-position":"center center","background-size":"auto","background-attachment":"scroll","background-type":"","background-media":"","overlay-type":"","overlay-color":"","overlay-opacity":"","overlay-gradient":""},"mobile":{"background-color":"","background-image":"","background-repeat":"repeat","background-position":"center center","background-size":"auto","background-attachment":"scroll","background-type":"","background-media":"","overlay-type":"","overlay-color":"","overlay-opacity":"","overlay-gradient":""}},"ast-content-background-meta":{"desktop":{"background-color":"var(--ast-global-color-5)","background-image":"","background-repeat":"repeat","background-position":"center center","background-size":"auto","background-attachment":"scroll","background-type":"","background-media":"","overlay-type":"","overlay-color":"","overlay-opacity":"","overlay-gradient":""},"tablet":{"background-color":"var(--ast-global-color-5)","background-image":"","background-repeat":"repeat","background-position":"center center","background-size":"auto","background-attachment":"scroll","background-type":"","background-media":"","overlay-type":"","overlay-color":"","overlay-opacity":"","overlay-gradient":""},"mobile":{"background-color":"var(--ast-global-color-5)","background-image":"","background-repeat":"repeat","background-position":"center center","background-size":"auto","background-attachment":"scroll","background-type":"","background-media":"","overlay-type":"","overlay-color":"","overlay-opacity":"","overlay-gradient":""}},"footnotes":""},"class_list":["post-22771","programmation","type-programmation","status-publish","has-post-thumbnail","hentry","clientele-garden-center","type-presentiel-en","ouverture-open-to-everyone","date-thursday-november-19"],"yoast_head":"<!-- This site is optimized with the Yoast SEO plugin v27.8 - https:\/\/yoast.com\/product\/yoast-seo-wordpress\/ -->\n<title>30 nouveaut\u00e9s v\u00e9g\u00e9tales pour 2027 - Expo Qu\u00e9bec Vert<\/title>\n<meta name=\"description\" content=\"D\u00e9couvrez une s\u00e9lection de 30 nouveaut\u00e9s v\u00e9g\u00e9tales pour conseiller votre client\u00e8le, renouveler l\u2019offre en jardinerie ou insuffler de nouvelles id\u00e9es \u00e0 vos am\u00e9nagements.\" \/>\n<meta name=\"robots\" content=\"index, follow, max-snippet:-1, max-image-preview:large, max-video-preview:-1\" \/>\n<link rel=\"canonical\" href=\"https:\/\/expoquebecvert.com\/en\/program\/30-nouveautes-vegetales-pour-2027\/\" \/>\n<meta property=\"og:locale\" content=\"en_US\" \/>\n<meta property=\"og:type\" content=\"article\" \/>\n<meta property=\"og:title\" content=\"30 nouveaut\u00e9s v\u00e9g\u00e9tales pour 2027 - Expo Qu\u00e9bec Vert\" \/>\n<meta property=\"og:description\" content=\"D\u00e9couvrez une s\u00e9lection de 30 nouveaut\u00e9s v\u00e9g\u00e9tales pour conseiller votre client\u00e8le, renouveler l\u2019offre en jardinerie ou insuffler de nouvelles id\u00e9es \u00e0 vos am\u00e9nagements.\" \/>\n<meta property=\"og:url\" content=\"https:\/\/expoquebecvert.com\/en\/program\/30-nouveautes-vegetales-pour-2027\/\" \/>\n<meta property=\"og:site_name\" content=\"Expo Qu\u00e9bec Vert\" \/>\n<meta property=\"article:publisher\" content=\"https:\/\/www.facebook.com\/expoquebecvert\/\" \/>\n<meta property=\"article:modified_time\" content=\"2026-08-31T18:12:06+00:00\" \/>\n<meta property=\"og:image\" content=\"https:\/\/expoquebecvert.com\/wp-content\/uploads\/2024\/08\/eqv24-emilie-gabias.jpg\" \/>\n\t<meta property=\"og:image:width\" content=\"400\" \/>\n\t<meta property=\"og:image:height\" content=\"500\" \/>\n\t<meta property=\"og:image:type\" content=\"image\/jpeg\" \/>\n<meta name=\"twitter:card\" content=\"summary_large_image\" \/>\n<meta name=\"twitter:label1\" content=\"Est. reading time\" \/>\n\t<meta name=\"twitter:data1\" content=\"1 minute\" \/>\n<script type=\"application\/ld+json\" class=\"yoast-schema-graph\">{\"@context\":\"https:\\\/\\\/schema.org\",\"@graph\":[{\"@type\":[\"WebPage\",\"ItemPage\"],\"@id\":\"https:\\\/\\\/expoquebecvert.com\\\/en\\\/program\\\/30-nouveautes-vegetales-pour-2027\\\/\",\"url\":\"https:\\\/\\\/expoquebecvert.com\\\/en\\\/program\\\/30-nouveautes-vegetales-pour-2027\\\/\",\"name\":\"30 nouveaut\u00e9s v\u00e9g\u00e9tales pour 2027 - Expo Qu\u00e9bec Vert\",\"isPartOf\":{\"@id\":\"https:\\\/\\\/expoquebecvert.com\\\/en\\\/#website\"},\"primaryImageOfPage\":{\"@id\":\"https:\\\/\\\/expoquebecvert.com\\\/en\\\/program\\\/30-nouveautes-vegetales-pour-2027\\\/#primaryimage\"},\"image\":{\"@id\":\"https:\\\/\\\/expoquebecvert.com\\\/en\\\/program\\\/30-nouveautes-vegetales-pour-2027\\\/#primaryimage\"},\"thumbnailUrl\":\"https:\\\/\\\/expoquebecvert.com\\\/wp-content\\\/uploads\\\/2024\\\/08\\\/eqv24-emilie-gabias.jpg\",\"datePublished\":\"2025-11-19T14:00:00+00:00\",\"dateModified\":\"2026-08-31T18:12:06+00:00\",\"description\":\"D\u00e9couvrez une s\u00e9lection de 30 nouveaut\u00e9s v\u00e9g\u00e9tales pour conseiller votre client\u00e8le, renouveler l\u2019offre en jardinerie ou insuffler de nouvelles id\u00e9es \u00e0 vos am\u00e9nagements.\",\"breadcrumb\":{\"@id\":\"https:\\\/\\\/expoquebecvert.com\\\/en\\\/program\\\/30-nouveautes-vegetales-pour-2027\\\/#breadcrumb\"},\"inLanguage\":\"en-US\",\"potentialAction\":[{\"@type\":\"ReadAction\",\"target\":[\"https:\\\/\\\/expoquebecvert.com\\\/en\\\/program\\\/30-nouveautes-vegetales-pour-2027\\\/\"]}]},{\"@type\":\"ImageObject\",\"inLanguage\":\"en-US\",\"@id\":\"https:\\\/\\\/expoquebecvert.com\\\/en\\\/program\\\/30-nouveautes-vegetales-pour-2027\\\/#primaryimage\",\"url\":\"https:\\\/\\\/expoquebecvert.com\\\/wp-content\\\/uploads\\\/2024\\\/08\\\/eqv24-emilie-gabias.jpg\",\"contentUrl\":\"https:\\\/\\\/expoquebecvert.com\\\/wp-content\\\/uploads\\\/2024\\\/08\\\/eqv24-emilie-gabias.jpg\",\"width\":400,\"height\":500,\"caption\":\"Emilie Gabias\"},{\"@type\":\"BreadcrumbList\",\"@id\":\"https:\\\/\\\/expoquebecvert.com\\\/en\\\/program\\\/30-nouveautes-vegetales-pour-2027\\\/#breadcrumb\",\"itemListElement\":[{\"@type\":\"ListItem\",\"position\":1,\"name\":\"Home\",\"item\":\"https:\\\/\\\/expoquebecvert.com\\\/\"},{\"@type\":\"ListItem\",\"position\":2,\"name\":\"Programmation\",\"item\":\"https:\\\/\\\/expoquebecvert.com\\\/programmation\\\/\"},{\"@type\":\"ListItem\",\"position\":3,\"name\":\"30 nouveaut\u00e9s v\u00e9g\u00e9tales pour 2027\"}]},{\"@type\":\"WebSite\",\"@id\":\"https:\\\/\\\/expoquebecvert.com\\\/en\\\/#website\",\"url\":\"https:\\\/\\\/expoquebecvert.com\\\/en\\\/\",\"name\":\"Expo Qu\u00e9bec Vert\",\"description\":\"\",\"publisher\":{\"@id\":\"https:\\\/\\\/expoquebecvert.com\\\/en\\\/#organization\"},\"potentialAction\":[{\"@type\":\"SearchAction\",\"target\":{\"@type\":\"EntryPoint\",\"urlTemplate\":\"https:\\\/\\\/expoquebecvert.com\\\/en\\\/?s={search_term_string}\"},\"query-input\":{\"@type\":\"PropertyValueSpecification\",\"valueRequired\":true,\"valueName\":\"search_term_string\"}}],\"inLanguage\":\"en-US\"},{\"@type\":\"Organization\",\"@id\":\"https:\\\/\\\/expoquebecvert.com\\\/en\\\/#organization\",\"name\":\"Expo Qu\u00e9bec Vert\",\"url\":\"https:\\\/\\\/expoquebecvert.com\\\/en\\\/\",\"logo\":{\"@type\":\"ImageObject\",\"inLanguage\":\"en-US\",\"@id\":\"https:\\\/\\\/expoquebecvert.com\\\/en\\\/#\\\/schema\\\/logo\\\/image\\\/\",\"url\":\"https:\\\/\\\/expoquebecvert.com\\\/wp-content\\\/uploads\\\/2020\\\/10\\\/expo-quebec-vert-2.jpg\",\"contentUrl\":\"https:\\\/\\\/expoquebecvert.com\\\/wp-content\\\/uploads\\\/2020\\\/10\\\/expo-quebec-vert-2.jpg\",\"width\":1400,\"height\":1400,\"caption\":\"Expo Qu\u00e9bec Vert\"},\"image\":{\"@id\":\"https:\\\/\\\/expoquebecvert.com\\\/en\\\/#\\\/schema\\\/logo\\\/image\\\/\"},\"sameAs\":[\"https:\\\/\\\/www.facebook.com\\\/expoquebecvert\\\/\"]}]}<\/script>\n<!-- \/ Yoast SEO plugin. -->","yoast_head_json":{"title":"30 nouveaut\u00e9s v\u00e9g\u00e9tales pour 2027 - Expo Qu\u00e9bec Vert","description":"D\u00e9couvrez une s\u00e9lection de 30 nouveaut\u00e9s v\u00e9g\u00e9tales pour conseiller votre client\u00e8le, renouveler l\u2019offre en jardinerie ou insuffler de nouvelles id\u00e9es \u00e0 vos am\u00e9nagements.","robots":{"index":"index","follow":"follow","max-snippet":"max-snippet:-1","max-image-preview":"max-image-preview:large","max-video-preview":"max-video-preview:-1"},"canonical":"https:\/\/expoquebecvert.com\/en\/program\/30-nouveautes-vegetales-pour-2027\/","og_locale":"en_US","og_type":"article","og_title":"30 nouveaut\u00e9s v\u00e9g\u00e9tales pour 2027 - Expo Qu\u00e9bec Vert","og_description":"D\u00e9couvrez une s\u00e9lection de 30 nouveaut\u00e9s v\u00e9g\u00e9tales pour conseiller votre client\u00e8le, renouveler l\u2019offre en jardinerie ou insuffler de nouvelles id\u00e9es \u00e0 vos am\u00e9nagements.","og_url":"https:\/\/expoquebecvert.com\/en\/program\/30-nouveautes-vegetales-pour-2027\/","og_site_name":"Expo Qu\u00e9bec Vert","article_publisher":"https:\/\/www.facebook.com\/expoquebecvert\/","article_modified_time":"2026-08-31T18:12:06+00:00","og_image":[{"width":400,"height":500,"url":"https:\/\/expoquebecvert.com\/wp-content\/uploads\/2024\/08\/eqv24-emilie-gabias.jpg","type":"image\/jpeg"}],"twitter_card":"summary_large_image","twitter_misc":{"Est. reading time":"1 minute"},"schema":{"@context":"https:\/\/schema.org","@graph":[{"@type":["WebPage","ItemPage"],"@id":"https:\/\/expoquebecvert.com\/en\/program\/30-nouveautes-vegetales-pour-2027\/","url":"https:\/\/expoquebecvert.com\/en\/program\/30-nouveautes-vegetales-pour-2027\/","name":"30 nouveaut\u00e9s v\u00e9g\u00e9tales pour 2027 - Expo Qu\u00e9bec Vert","isPartOf":{"@id":"https:\/\/expoquebecvert.com\/en\/#website"},"primaryImageOfPage":{"@id":"https:\/\/expoquebecvert.com\/en\/program\/30-nouveautes-vegetales-pour-2027\/#primaryimage"},"image":{"@id":"https:\/\/expoquebecvert.com\/en\/program\/30-nouveautes-vegetales-pour-2027\/#primaryimage"},"thumbnailUrl":"https:\/\/expoquebecvert.com\/wp-content\/uploads\/2024\/08\/eqv24-emilie-gabias.jpg","datePublished":"2025-11-19T14:00:00+00:00","dateModified":"2026-08-31T18:12:06+00:00","description":"D\u00e9couvrez une s\u00e9lection de 30 nouveaut\u00e9s v\u00e9g\u00e9tales pour conseiller votre client\u00e8le, renouveler l\u2019offre en jardinerie ou insuffler de nouvelles id\u00e9es \u00e0 vos am\u00e9nagements.","breadcrumb":{"@id":"https:\/\/expoquebecvert.com\/en\/program\/30-nouveautes-vegetales-pour-2027\/#breadcrumb"},"inLanguage":"en-US","potentialAction":[{"@type":"ReadAction","target":["https:\/\/expoquebecvert.com\/en\/program\/30-nouveautes-vegetales-pour-2027\/"]}]},{"@type":"ImageObject","inLanguage":"en-US","@id":"https:\/\/expoquebecvert.com\/en\/program\/30-nouveautes-vegetales-pour-2027\/#primaryimage","url":"https:\/\/expoquebecvert.com\/wp-content\/uploads\/2024\/08\/eqv24-emilie-gabias.jpg","contentUrl":"https:\/\/expoquebecvert.com\/wp-content\/uploads\/2024\/08\/eqv24-emilie-gabias.jpg","width":400,"height":500,"caption":"Emilie Gabias"},{"@type":"BreadcrumbList","@id":"https:\/\/expoquebecvert.com\/en\/program\/30-nouveautes-vegetales-pour-2027\/#breadcrumb","itemListElement":[{"@type":"ListItem","position":1,"name":"Home","item":"https:\/\/expoquebecvert.com\/"},{"@type":"ListItem","position":2,"name":"Programmation","item":"https:\/\/expoquebecvert.com\/programmation\/"},{"@type":"ListItem","position":3,"name":"30 nouveaut\u00e9s v\u00e9g\u00e9tales pour 2027"}]},{"@type":"WebSite","@id":"https:\/\/expoquebecvert.com\/en\/#website","url":"https:\/\/expoquebecvert.com\/en\/","name":"Expo Qu\u00e9bec Vert","description":"","publisher":{"@id":"https:\/\/expoquebecvert.com\/en\/#organization"},"potentialAction":[{"@type":"SearchAction","target":{"@type":"EntryPoint","urlTemplate":"https:\/\/expoquebecvert.com\/en\/?s={search_term_string}"},"query-input":{"@type":"PropertyValueSpecification","valueRequired":true,"valueName":"search_term_string"}}],"inLanguage":"en-US"},{"@type":"Organization","@id":"https:\/\/expoquebecvert.com\/en\/#organization","name":"Expo Qu\u00e9bec Vert","url":"https:\/\/expoquebecvert.com\/en\/","logo":{"@type":"ImageObject","inLanguage":"en-US","@id":"https:\/\/expoquebecvert.com\/en\/#\/schema\/logo\/image\/","url":"https:\/\/expoquebecvert.com\/wp-content\/uploads\/2020\/10\/expo-quebec-vert-2.jpg","contentUrl":"https:\/\/expoquebecvert.com\/wp-content\/uploads\/2020\/10\/expo-quebec-vert-2.jpg","width":1400,"height":1400,"caption":"Expo Qu\u00e9bec Vert"},"image":{"@id":"https:\/\/expoquebecvert.com\/en\/#\/schema\/logo\/image\/"},"sameAs":["https:\/\/www.facebook.com\/expoquebecvert\/"]}]}},"_links":{"self":[{"href":"https:\/\/expoquebecvert.com\/en\/wp-json\/wp\/v2\/programmation\/22771","targetHints":{"allow":["GET"]}}],"collection":[{"href":"https:\/\/expoquebecvert.com\/en\/wp-json\/wp\/v2\/programmation"}],"about":[{"href":"https:\/\/expoquebecvert.com\/en\/wp-json\/wp\/v2\/types\/programmation"}],"version-history":[{"count":2,"href":"https:\/\/expoquebecvert.com\/en\/wp-json\/wp\/v2\/programmation\/22771\/revisions"}],"predecessor-version":[{"id":22773,"href":"https:\/\/expoquebecvert.com\/en\/wp-json\/wp\/v2\/programmation\/22771\/revisions\/22773"}],"wp:featuredmedia":[{"embeddable":true,"href":"https:\/\/expoquebecvert.com\/en\/wp-json\/wp\/v2\/media\/18328"}],"wp:attachment":[{"href":"https:\/\/expoquebecvert.com\/en\/wp-json\/wp\/v2\/media?parent=22771"}],"curies":[{"name":"wp","href":"https:\/\/api.w.org\/{rel}","templated":true}]}}