{"id":22799,"date":"2025-11-19T15:00:00","date_gmt":"2025-11-19T15:00:00","guid":{"rendered":"https:\/\/expoquebecvert.com\/programmation\/erosion-des-berges-et-si-la-solution-etait-deja-dans-la-nature\/"},"modified":"2026-08-31T14:26:26","modified_gmt":"2026-08-31T18:26:26","slug":"erosion-des-berges-et-si-la-solution-etait-deja-dans-la-nature","status":"publish","type":"programmation","link":"https:\/\/expoquebecvert.com\/en\/program\/erosion-des-berges-et-si-la-solution-etait-deja-dans-la-nature\/","title":{"rendered":"\u00c9rosion des berges : et si la solution \u00e9tait d\u00e9j\u00e0 dans la nature?"},"content":{"rendered":"<p><em><strong>&#8211; Conference presented in French &#8211;<\/strong><\/em><\/p>\n<p>Face \u00e0 l\u2019\u00e9rosion des berges accentu\u00e9e par les changements dans le r\u00e9gime des pr\u00e9cipitations, la nature peut faire partie de la solution. Encore peu utilis\u00e9es au Qu\u00e9bec, les approches qui misent sur les v\u00e9g\u00e9taux et les processus naturels offrent des pistes prometteuses pour stabiliser les berges, tout en g\u00e9n\u00e9rant de nombreux cob\u00e9n\u00e9fices.<\/p>\n<p><em>Une pr\u00e9sentation de : <img decoding=\"async\" class=\"alignnone wp-image-19274\" src=\"https:\/\/expoquebecvert.com\/wp-content\/uploads\/2024\/10\/logosqpt-coul-web-600px.png\" alt=\"\" width=\"199\" height=\"199\" srcset=\"https:\/\/expoquebecvert.com\/wp-content\/uploads\/2024\/10\/logosqpt-coul-web-600px.png 600w, https:\/\/expoquebecvert.com\/wp-content\/uploads\/2024\/10\/logosqpt-coul-web-600px-300x300.png 300w, https:\/\/expoquebecvert.com\/wp-content\/uploads\/2024\/10\/logosqpt-coul-web-600px-150x150.png 150w\" sizes=\"(max-width: 199px) 100vw, 199px\" \/><\/em><\/p>\n","protected":false},"featured_media":22797,"template":"","meta":{"site-sidebar-layout":"default","site-content-layout":"","ast-site-content-layout":"default","site-content-style":"default","site-sidebar-style":"default","ast-global-header-display":"","ast-banner-title-visibility":"","ast-main-header-display":"","ast-hfb-above-header-display":"","ast-hfb-below-header-display":"","ast-hfb-mobile-header-display":"","site-post-title":"","ast-breadcrumbs-content":"","ast-featured-img":"","footer-sml-layout":"","ast-disable-related-posts":"","theme-transparent-header-meta":"default","adv-header-id-meta":"","stick-header-meta":"","header-above-stick-meta":"","header-main-stick-meta":"","header-below-stick-meta":"","astra-migrate-meta-layouts":"set","ast-page-background-enabled":"default","ast-page-background-meta":{"desktop":{"background-color":"","background-image":"","background-repeat":"repeat","background-position":"center center","background-size":"auto","background-attachment":"scroll","background-type":"","background-media":"","overlay-type":"","overlay-color":"","overlay-opacity":"","overlay-gradient":""},"tablet":{"background-color":"","background-image":"","background-repeat":"repeat","background-position":"center center","background-size":"auto","background-attachment":"scroll","background-type":"","background-media":"","overlay-type":"","overlay-color":"","overlay-opacity":"","overlay-gradient":""},"mobile":{"background-color":"","background-image":"","background-repeat":"repeat","background-position":"center center","background-size":"auto","background-attachment":"scroll","background-type":"","background-media":"","overlay-type":"","overlay-color":"","overlay-opacity":"","overlay-gradient":""}},"ast-content-background-meta":{"desktop":{"background-color":"var(--ast-global-color-5)","background-image":"","background-repeat":"repeat","background-position":"center center","background-size":"auto","background-attachment":"scroll","background-type":"","background-media":"","overlay-type":"","overlay-color":"","overlay-opacity":"","overlay-gradient":""},"tablet":{"background-color":"var(--ast-global-color-5)","background-image":"","background-repeat":"repeat","background-position":"center center","background-size":"auto","background-attachment":"scroll","background-type":"","background-media":"","overlay-type":"","overlay-color":"","overlay-opacity":"","overlay-gradient":""},"mobile":{"background-color":"var(--ast-global-color-5)","background-image":"","background-repeat":"repeat","background-position":"center center","background-size":"auto","background-attachment":"scroll","background-type":"","background-media":"","overlay-type":"","overlay-color":"","overlay-opacity":"","overlay-gradient":""}},"footnotes":""},"class_list":["post-22799","programmation","type-programmation","status-publish","has-post-thumbnail","hentry","clientele-architecture-and-municipal-world","clientele-landscaping","type-presentiel-en","ouverture-open-to-everyone","date-thursday-november-19","salle-salle-quebec-vert-pavillon-bmo-en"],"yoast_head":"<!-- This site is optimized with the Yoast SEO plugin v27.8 - https:\/\/yoast.com\/product\/yoast-seo-wordpress\/ -->\n<title>\u00c9rosion des berges : et si la solution \u00e9tait d\u00e9j\u00e0 dans la nature?<\/title>\n<meta name=\"description\" content=\"Encore peu utilis\u00e9es au Qu\u00e9bec, les approches qui misent sur les v\u00e9g\u00e9taux et les processus naturels offrent des pistes prometteuses pour stabiliser les berges.\" \/>\n<meta name=\"robots\" content=\"index, follow, max-snippet:-1, max-image-preview:large, max-video-preview:-1\" \/>\n<link rel=\"canonical\" href=\"https:\/\/expoquebecvert.com\/en\/program\/erosion-des-berges-et-si-la-solution-etait-deja-dans-la-nature\/\" \/>\n<meta property=\"og:locale\" content=\"en_US\" \/>\n<meta property=\"og:type\" content=\"article\" \/>\n<meta property=\"og:title\" content=\"\u00c9rosion des berges : et si la solution \u00e9tait d\u00e9j\u00e0 dans la nature?\" \/>\n<meta property=\"og:description\" content=\"Encore peu utilis\u00e9es au Qu\u00e9bec, les approches qui misent sur les v\u00e9g\u00e9taux et les processus naturels offrent des pistes prometteuses pour stabiliser les berges.\" \/>\n<meta property=\"og:url\" content=\"https:\/\/expoquebecvert.com\/en\/program\/erosion-des-berges-et-si-la-solution-etait-deja-dans-la-nature\/\" \/>\n<meta property=\"og:site_name\" content=\"Expo Qu\u00e9bec Vert\" \/>\n<meta property=\"article:publisher\" content=\"https:\/\/www.facebook.com\/expoquebecvert\/\" \/>\n<meta property=\"article:modified_time\" content=\"2026-08-31T18:26:26+00:00\" \/>\n<meta property=\"og:image\" content=\"https:\/\/expoquebecvert.com\/wp-content\/uploads\/2026\/08\/olivier-boucher-carrier-web.png\" \/>\n\t<meta property=\"og:image:width\" content=\"400\" \/>\n\t<meta property=\"og:image:height\" content=\"500\" \/>\n\t<meta property=\"og:image:type\" content=\"image\/png\" \/>\n<meta name=\"twitter:card\" content=\"summary_large_image\" \/>\n<meta name=\"twitter:label1\" content=\"Est. reading time\" \/>\n\t<meta name=\"twitter:data1\" content=\"1 minute\" \/>\n<script type=\"application\/ld+json\" class=\"yoast-schema-graph\">{\"@context\":\"https:\\\/\\\/schema.org\",\"@graph\":[{\"@type\":[\"WebPage\",\"ItemPage\"],\"@id\":\"https:\\\/\\\/expoquebecvert.com\\\/en\\\/program\\\/erosion-des-berges-et-si-la-solution-etait-deja-dans-la-nature\\\/\",\"url\":\"https:\\\/\\\/expoquebecvert.com\\\/en\\\/program\\\/erosion-des-berges-et-si-la-solution-etait-deja-dans-la-nature\\\/\",\"name\":\"\u00c9rosion des berges : et si la solution \u00e9tait d\u00e9j\u00e0 dans la nature?\",\"isPartOf\":{\"@id\":\"https:\\\/\\\/expoquebecvert.com\\\/en\\\/#website\"},\"primaryImageOfPage\":{\"@id\":\"https:\\\/\\\/expoquebecvert.com\\\/en\\\/program\\\/erosion-des-berges-et-si-la-solution-etait-deja-dans-la-nature\\\/#primaryimage\"},\"image\":{\"@id\":\"https:\\\/\\\/expoquebecvert.com\\\/en\\\/program\\\/erosion-des-berges-et-si-la-solution-etait-deja-dans-la-nature\\\/#primaryimage\"},\"thumbnailUrl\":\"https:\\\/\\\/expoquebecvert.com\\\/wp-content\\\/uploads\\\/2026\\\/08\\\/olivier-boucher-carrier-web.png\",\"datePublished\":\"2025-11-19T15:00:00+00:00\",\"dateModified\":\"2026-08-31T18:26:26+00:00\",\"description\":\"Encore peu utilis\u00e9es au Qu\u00e9bec, les approches qui misent sur les v\u00e9g\u00e9taux et les processus naturels offrent des pistes prometteuses pour stabiliser les berges.\",\"breadcrumb\":{\"@id\":\"https:\\\/\\\/expoquebecvert.com\\\/en\\\/program\\\/erosion-des-berges-et-si-la-solution-etait-deja-dans-la-nature\\\/#breadcrumb\"},\"inLanguage\":\"en-US\",\"potentialAction\":[{\"@type\":\"ReadAction\",\"target\":[\"https:\\\/\\\/expoquebecvert.com\\\/en\\\/program\\\/erosion-des-berges-et-si-la-solution-etait-deja-dans-la-nature\\\/\"]}]},{\"@type\":\"ImageObject\",\"inLanguage\":\"en-US\",\"@id\":\"https:\\\/\\\/expoquebecvert.com\\\/en\\\/program\\\/erosion-des-berges-et-si-la-solution-etait-deja-dans-la-nature\\\/#primaryimage\",\"url\":\"https:\\\/\\\/expoquebecvert.com\\\/wp-content\\\/uploads\\\/2026\\\/08\\\/olivier-boucher-carrier-web.png\",\"contentUrl\":\"https:\\\/\\\/expoquebecvert.com\\\/wp-content\\\/uploads\\\/2026\\\/08\\\/olivier-boucher-carrier-web.png\",\"width\":400,\"height\":500,\"caption\":\"Olivier Boucher-Carrier\"},{\"@type\":\"BreadcrumbList\",\"@id\":\"https:\\\/\\\/expoquebecvert.com\\\/en\\\/program\\\/erosion-des-berges-et-si-la-solution-etait-deja-dans-la-nature\\\/#breadcrumb\",\"itemListElement\":[{\"@type\":\"ListItem\",\"position\":1,\"name\":\"Home\",\"item\":\"https:\\\/\\\/expoquebecvert.com\\\/\"},{\"@type\":\"ListItem\",\"position\":2,\"name\":\"Programmation\",\"item\":\"https:\\\/\\\/expoquebecvert.com\\\/programmation\\\/\"},{\"@type\":\"ListItem\",\"position\":3,\"name\":\"\u00c9rosion des berges : et si la solution \u00e9tait d\u00e9j\u00e0 dans la nature?\"}]},{\"@type\":\"WebSite\",\"@id\":\"https:\\\/\\\/expoquebecvert.com\\\/en\\\/#website\",\"url\":\"https:\\\/\\\/expoquebecvert.com\\\/en\\\/\",\"name\":\"Expo Qu\u00e9bec Vert\",\"description\":\"\",\"publisher\":{\"@id\":\"https:\\\/\\\/expoquebecvert.com\\\/en\\\/#organization\"},\"potentialAction\":[{\"@type\":\"SearchAction\",\"target\":{\"@type\":\"EntryPoint\",\"urlTemplate\":\"https:\\\/\\\/expoquebecvert.com\\\/en\\\/?s={search_term_string}\"},\"query-input\":{\"@type\":\"PropertyValueSpecification\",\"valueRequired\":true,\"valueName\":\"search_term_string\"}}],\"inLanguage\":\"en-US\"},{\"@type\":\"Organization\",\"@id\":\"https:\\\/\\\/expoquebecvert.com\\\/en\\\/#organization\",\"name\":\"Expo Qu\u00e9bec Vert\",\"url\":\"https:\\\/\\\/expoquebecvert.com\\\/en\\\/\",\"logo\":{\"@type\":\"ImageObject\",\"inLanguage\":\"en-US\",\"@id\":\"https:\\\/\\\/expoquebecvert.com\\\/en\\\/#\\\/schema\\\/logo\\\/image\\\/\",\"url\":\"https:\\\/\\\/expoquebecvert.com\\\/wp-content\\\/uploads\\\/2020\\\/10\\\/expo-quebec-vert-2.jpg\",\"contentUrl\":\"https:\\\/\\\/expoquebecvert.com\\\/wp-content\\\/uploads\\\/2020\\\/10\\\/expo-quebec-vert-2.jpg\",\"width\":1400,\"height\":1400,\"caption\":\"Expo Qu\u00e9bec Vert\"},\"image\":{\"@id\":\"https:\\\/\\\/expoquebecvert.com\\\/en\\\/#\\\/schema\\\/logo\\\/image\\\/\"},\"sameAs\":[\"https:\\\/\\\/www.facebook.com\\\/expoquebecvert\\\/\"]}]}<\/script>\n<!-- \/ Yoast SEO plugin. -->","yoast_head_json":{"title":"\u00c9rosion des berges : et si la solution \u00e9tait d\u00e9j\u00e0 dans la nature?","description":"Encore peu utilis\u00e9es au Qu\u00e9bec, les approches qui misent sur les v\u00e9g\u00e9taux et les processus naturels offrent des pistes prometteuses pour stabiliser les berges.","robots":{"index":"index","follow":"follow","max-snippet":"max-snippet:-1","max-image-preview":"max-image-preview:large","max-video-preview":"max-video-preview:-1"},"canonical":"https:\/\/expoquebecvert.com\/en\/program\/erosion-des-berges-et-si-la-solution-etait-deja-dans-la-nature\/","og_locale":"en_US","og_type":"article","og_title":"\u00c9rosion des berges : et si la solution \u00e9tait d\u00e9j\u00e0 dans la nature?","og_description":"Encore peu utilis\u00e9es au Qu\u00e9bec, les approches qui misent sur les v\u00e9g\u00e9taux et les processus naturels offrent des pistes prometteuses pour stabiliser les berges.","og_url":"https:\/\/expoquebecvert.com\/en\/program\/erosion-des-berges-et-si-la-solution-etait-deja-dans-la-nature\/","og_site_name":"Expo Qu\u00e9bec Vert","article_publisher":"https:\/\/www.facebook.com\/expoquebecvert\/","article_modified_time":"2026-08-31T18:26:26+00:00","og_image":[{"width":400,"height":500,"url":"https:\/\/expoquebecvert.com\/wp-content\/uploads\/2026\/08\/olivier-boucher-carrier-web.png","type":"image\/png"}],"twitter_card":"summary_large_image","twitter_misc":{"Est. reading time":"1 minute"},"schema":{"@context":"https:\/\/schema.org","@graph":[{"@type":["WebPage","ItemPage"],"@id":"https:\/\/expoquebecvert.com\/en\/program\/erosion-des-berges-et-si-la-solution-etait-deja-dans-la-nature\/","url":"https:\/\/expoquebecvert.com\/en\/program\/erosion-des-berges-et-si-la-solution-etait-deja-dans-la-nature\/","name":"\u00c9rosion des berges : et si la solution \u00e9tait d\u00e9j\u00e0 dans la nature?","isPartOf":{"@id":"https:\/\/expoquebecvert.com\/en\/#website"},"primaryImageOfPage":{"@id":"https:\/\/expoquebecvert.com\/en\/program\/erosion-des-berges-et-si-la-solution-etait-deja-dans-la-nature\/#primaryimage"},"image":{"@id":"https:\/\/expoquebecvert.com\/en\/program\/erosion-des-berges-et-si-la-solution-etait-deja-dans-la-nature\/#primaryimage"},"thumbnailUrl":"https:\/\/expoquebecvert.com\/wp-content\/uploads\/2026\/08\/olivier-boucher-carrier-web.png","datePublished":"2025-11-19T15:00:00+00:00","dateModified":"2026-08-31T18:26:26+00:00","description":"Encore peu utilis\u00e9es au Qu\u00e9bec, les approches qui misent sur les v\u00e9g\u00e9taux et les processus naturels offrent des pistes prometteuses pour stabiliser les berges.","breadcrumb":{"@id":"https:\/\/expoquebecvert.com\/en\/program\/erosion-des-berges-et-si-la-solution-etait-deja-dans-la-nature\/#breadcrumb"},"inLanguage":"en-US","potentialAction":[{"@type":"ReadAction","target":["https:\/\/expoquebecvert.com\/en\/program\/erosion-des-berges-et-si-la-solution-etait-deja-dans-la-nature\/"]}]},{"@type":"ImageObject","inLanguage":"en-US","@id":"https:\/\/expoquebecvert.com\/en\/program\/erosion-des-berges-et-si-la-solution-etait-deja-dans-la-nature\/#primaryimage","url":"https:\/\/expoquebecvert.com\/wp-content\/uploads\/2026\/08\/olivier-boucher-carrier-web.png","contentUrl":"https:\/\/expoquebecvert.com\/wp-content\/uploads\/2026\/08\/olivier-boucher-carrier-web.png","width":400,"height":500,"caption":"Olivier Boucher-Carrier"},{"@type":"BreadcrumbList","@id":"https:\/\/expoquebecvert.com\/en\/program\/erosion-des-berges-et-si-la-solution-etait-deja-dans-la-nature\/#breadcrumb","itemListElement":[{"@type":"ListItem","position":1,"name":"Home","item":"https:\/\/expoquebecvert.com\/"},{"@type":"ListItem","position":2,"name":"Programmation","item":"https:\/\/expoquebecvert.com\/programmation\/"},{"@type":"ListItem","position":3,"name":"\u00c9rosion des berges : et si la solution \u00e9tait d\u00e9j\u00e0 dans la nature?"}]},{"@type":"WebSite","@id":"https:\/\/expoquebecvert.com\/en\/#website","url":"https:\/\/expoquebecvert.com\/en\/","name":"Expo Qu\u00e9bec Vert","description":"","publisher":{"@id":"https:\/\/expoquebecvert.com\/en\/#organization"},"potentialAction":[{"@type":"SearchAction","target":{"@type":"EntryPoint","urlTemplate":"https:\/\/expoquebecvert.com\/en\/?s={search_term_string}"},"query-input":{"@type":"PropertyValueSpecification","valueRequired":true,"valueName":"search_term_string"}}],"inLanguage":"en-US"},{"@type":"Organization","@id":"https:\/\/expoquebecvert.com\/en\/#organization","name":"Expo Qu\u00e9bec Vert","url":"https:\/\/expoquebecvert.com\/en\/","logo":{"@type":"ImageObject","inLanguage":"en-US","@id":"https:\/\/expoquebecvert.com\/en\/#\/schema\/logo\/image\/","url":"https:\/\/expoquebecvert.com\/wp-content\/uploads\/2020\/10\/expo-quebec-vert-2.jpg","contentUrl":"https:\/\/expoquebecvert.com\/wp-content\/uploads\/2020\/10\/expo-quebec-vert-2.jpg","width":1400,"height":1400,"caption":"Expo Qu\u00e9bec Vert"},"image":{"@id":"https:\/\/expoquebecvert.com\/en\/#\/schema\/logo\/image\/"},"sameAs":["https:\/\/www.facebook.com\/expoquebecvert\/"]}]}},"_links":{"self":[{"href":"https:\/\/expoquebecvert.com\/en\/wp-json\/wp\/v2\/programmation\/22799","targetHints":{"allow":["GET"]}}],"collection":[{"href":"https:\/\/expoquebecvert.com\/en\/wp-json\/wp\/v2\/programmation"}],"about":[{"href":"https:\/\/expoquebecvert.com\/en\/wp-json\/wp\/v2\/types\/programmation"}],"version-history":[{"count":2,"href":"https:\/\/expoquebecvert.com\/en\/wp-json\/wp\/v2\/programmation\/22799\/revisions"}],"predecessor-version":[{"id":22801,"href":"https:\/\/expoquebecvert.com\/en\/wp-json\/wp\/v2\/programmation\/22799\/revisions\/22801"}],"wp:featuredmedia":[{"embeddable":true,"href":"https:\/\/expoquebecvert.com\/en\/wp-json\/wp\/v2\/media\/22797"}],"wp:attachment":[{"href":"https:\/\/expoquebecvert.com\/en\/wp-json\/wp\/v2\/media?parent=22799"}],"curies":[{"name":"wp","href":"https:\/\/api.w.org\/{rel}","templated":true}]}}