{"id":22827,"date":"2025-11-20T09:00:00","date_gmt":"2025-11-20T09:00:00","guid":{"rendered":"https:\/\/expoquebecvert.com\/programmation\/vers-une-ville-vivante-repenser-le-verdissement-municipal\/"},"modified":"2026-08-31T14:47:56","modified_gmt":"2026-08-31T18:47:56","slug":"vers-une-ville-vivante-repenser-le-verdissement-municipal","status":"publish","type":"programmation","link":"https:\/\/expoquebecvert.com\/en\/program\/vers-une-ville-vivante-repenser-le-verdissement-municipal\/","title":{"rendered":"Vers une ville vivante : repenser le verdissement municipal"},"content":{"rendered":"<p><em><strong>&#8211; Conference presented in French &#8211;<\/strong><\/em><\/p>\n<p>Les municipalit\u00e9s multiplient les initiatives de verdissement, mais comment les r\u00e9unir dans une v\u00e9ritable strat\u00e9gie de v\u00e9g\u00e9talisation du territoire?<\/p>\n<p>Cette conf\u00e9rence propose une approche int\u00e9gr\u00e9e combinant gestion diff\u00e9renci\u00e9e, corridors de biodiversit\u00e9, agriculture urbaine, phytotechnologies, plantation d\u2019arbres, gestion des eaux pluviales et protection des arbres patrimoniaux.<\/p>\n<p>\u00c0 travers des pistes concr\u00e8tes, d\u00e9couvrez comment planifier des interventions compl\u00e9mentaires pour cr\u00e9er des milieux de vie plus durables, fonctionnels et r\u00e9silients.<\/p>\n<p><em>Une pr\u00e9sentation de :<\/em> <img decoding=\"async\" class=\"alignnone wp-image-2460\" src=\"https:\/\/expoquebecvert.com\/wp-content\/uploads\/2020\/10\/les-fleurons-du-quebec.jpg\" alt=\"\" width=\"192\" height=\"192\" srcset=\"https:\/\/expoquebecvert.com\/wp-content\/uploads\/2020\/10\/les-fleurons-du-quebec.jpg 600w, https:\/\/expoquebecvert.com\/wp-content\/uploads\/2020\/10\/les-fleurons-du-quebec-300x300.jpg 300w, https:\/\/expoquebecvert.com\/wp-content\/uploads\/2020\/10\/les-fleurons-du-quebec-150x150.jpg 150w, https:\/\/expoquebecvert.com\/wp-content\/uploads\/2020\/10\/les-fleurons-du-quebec-96x96.jpg 96w\" sizes=\"(max-width: 192px) 100vw, 192px\" \/><\/p>\n","protected":false},"featured_media":130,"template":"","meta":{"site-sidebar-layout":"default","site-content-layout":"","ast-site-content-layout":"default","site-content-style":"default","site-sidebar-style":"default","ast-global-header-display":"","ast-banner-title-visibility":"","ast-main-header-display":"","ast-hfb-above-header-display":"","ast-hfb-below-header-display":"","ast-hfb-mobile-header-display":"","site-post-title":"","ast-breadcrumbs-content":"","ast-featured-img":"","footer-sml-layout":"","ast-disable-related-posts":"","theme-transparent-header-meta":"default","adv-header-id-meta":"","stick-header-meta":"","header-above-stick-meta":"","header-main-stick-meta":"","header-below-stick-meta":"","astra-migrate-meta-layouts":"set","ast-page-background-enabled":"default","ast-page-background-meta":{"desktop":{"background-color":"","background-image":"","background-repeat":"repeat","background-position":"center center","background-size":"auto","background-attachment":"scroll","background-type":"","background-media":"","overlay-type":"","overlay-color":"","overlay-opacity":"","overlay-gradient":""},"tablet":{"background-color":"","background-image":"","background-repeat":"repeat","background-position":"center center","background-size":"auto","background-attachment":"scroll","background-type":"","background-media":"","overlay-type":"","overlay-color":"","overlay-opacity":"","overlay-gradient":""},"mobile":{"background-color":"","background-image":"","background-repeat":"repeat","background-position":"center center","background-size":"auto","background-attachment":"scroll","background-type":"","background-media":"","overlay-type":"","overlay-color":"","overlay-opacity":"","overlay-gradient":""}},"ast-content-background-meta":{"desktop":{"background-color":"var(--ast-global-color-5)","background-image":"","background-repeat":"repeat","background-position":"center center","background-size":"auto","background-attachment":"scroll","background-type":"","background-media":"","overlay-type":"","overlay-color":"","overlay-opacity":"","overlay-gradient":""},"tablet":{"background-color":"var(--ast-global-color-5)","background-image":"","background-repeat":"repeat","background-position":"center center","background-size":"auto","background-attachment":"scroll","background-type":"","background-media":"","overlay-type":"","overlay-color":"","overlay-opacity":"","overlay-gradient":""},"mobile":{"background-color":"var(--ast-global-color-5)","background-image":"","background-repeat":"repeat","background-position":"center center","background-size":"auto","background-attachment":"scroll","background-type":"","background-media":"","overlay-type":"","overlay-color":"","overlay-opacity":"","overlay-gradient":""}},"footnotes":""},"class_list":["post-22827","programmation","type-programmation","status-publish","has-post-thumbnail","hentry","clientele-architecture-and-municipal-world","type-presentiel-en","ouverture-open-to-everyone","date-friday-november-20","salle-salle-fleurons-pavillon-jefo-en"],"yoast_head":"<!-- This site is optimized with the Yoast SEO plugin v27.8 - https:\/\/yoast.com\/product\/yoast-seo-wordpress\/ -->\n<title>Vers une ville vivante : repenser le verdissement municipal<\/title>\n<meta name=\"description\" content=\"D\u00e9couvrez comment planifier des interventions compl\u00e9mentaires pour cr\u00e9er des milieux de vie plus durables, fonctionnels et r\u00e9silients.\" \/>\n<meta name=\"robots\" content=\"index, follow, max-snippet:-1, max-image-preview:large, max-video-preview:-1\" \/>\n<link rel=\"canonical\" href=\"https:\/\/expoquebecvert.com\/en\/program\/vers-une-ville-vivante-repenser-le-verdissement-municipal\/\" \/>\n<meta property=\"og:locale\" content=\"en_US\" \/>\n<meta property=\"og:type\" content=\"article\" \/>\n<meta property=\"og:title\" content=\"Vers une ville vivante : repenser le verdissement municipal\" \/>\n<meta property=\"og:description\" content=\"D\u00e9couvrez comment planifier des interventions compl\u00e9mentaires pour cr\u00e9er des milieux de vie plus durables, fonctionnels et r\u00e9silients.\" \/>\n<meta property=\"og:url\" content=\"https:\/\/expoquebecvert.com\/en\/program\/vers-une-ville-vivante-repenser-le-verdissement-municipal\/\" \/>\n<meta property=\"og:site_name\" content=\"Expo Qu\u00e9bec Vert\" \/>\n<meta property=\"article:publisher\" content=\"https:\/\/www.facebook.com\/expoquebecvert\/\" \/>\n<meta property=\"article:modified_time\" content=\"2026-08-31T18:47:56+00:00\" \/>\n<meta property=\"og:image\" content=\"https:\/\/expoquebecvert.com\/wp-content\/uploads\/2020\/10\/christiandufresne.jpg\" \/>\n\t<meta property=\"og:image:width\" content=\"400\" \/>\n\t<meta property=\"og:image:height\" content=\"500\" \/>\n\t<meta property=\"og:image:type\" content=\"image\/jpeg\" \/>\n<meta name=\"twitter:card\" content=\"summary_large_image\" \/>\n<meta name=\"twitter:label1\" content=\"Est. reading time\" \/>\n\t<meta name=\"twitter:data1\" content=\"1 minute\" \/>\n<script type=\"application\/ld+json\" class=\"yoast-schema-graph\">{\"@context\":\"https:\\\/\\\/schema.org\",\"@graph\":[{\"@type\":[\"WebPage\",\"ItemPage\"],\"@id\":\"https:\\\/\\\/expoquebecvert.com\\\/en\\\/program\\\/vers-une-ville-vivante-repenser-le-verdissement-municipal\\\/\",\"url\":\"https:\\\/\\\/expoquebecvert.com\\\/en\\\/program\\\/vers-une-ville-vivante-repenser-le-verdissement-municipal\\\/\",\"name\":\"Vers une ville vivante : repenser le verdissement municipal\",\"isPartOf\":{\"@id\":\"https:\\\/\\\/expoquebecvert.com\\\/en\\\/#website\"},\"primaryImageOfPage\":{\"@id\":\"https:\\\/\\\/expoquebecvert.com\\\/en\\\/program\\\/vers-une-ville-vivante-repenser-le-verdissement-municipal\\\/#primaryimage\"},\"image\":{\"@id\":\"https:\\\/\\\/expoquebecvert.com\\\/en\\\/program\\\/vers-une-ville-vivante-repenser-le-verdissement-municipal\\\/#primaryimage\"},\"thumbnailUrl\":\"https:\\\/\\\/expoquebecvert.com\\\/wp-content\\\/uploads\\\/2020\\\/10\\\/christiandufresne.jpg\",\"datePublished\":\"2025-11-20T09:00:00+00:00\",\"dateModified\":\"2026-08-31T18:47:56+00:00\",\"description\":\"D\u00e9couvrez comment planifier des interventions compl\u00e9mentaires pour cr\u00e9er des milieux de vie plus durables, fonctionnels et r\u00e9silients.\",\"breadcrumb\":{\"@id\":\"https:\\\/\\\/expoquebecvert.com\\\/en\\\/program\\\/vers-une-ville-vivante-repenser-le-verdissement-municipal\\\/#breadcrumb\"},\"inLanguage\":\"en-US\",\"potentialAction\":[{\"@type\":\"ReadAction\",\"target\":[\"https:\\\/\\\/expoquebecvert.com\\\/en\\\/program\\\/vers-une-ville-vivante-repenser-le-verdissement-municipal\\\/\"]}]},{\"@type\":\"ImageObject\",\"inLanguage\":\"en-US\",\"@id\":\"https:\\\/\\\/expoquebecvert.com\\\/en\\\/program\\\/vers-une-ville-vivante-repenser-le-verdissement-municipal\\\/#primaryimage\",\"url\":\"https:\\\/\\\/expoquebecvert.com\\\/wp-content\\\/uploads\\\/2020\\\/10\\\/christiandufresne.jpg\",\"contentUrl\":\"https:\\\/\\\/expoquebecvert.com\\\/wp-content\\\/uploads\\\/2020\\\/10\\\/christiandufresne.jpg\",\"width\":400,\"height\":500},{\"@type\":\"BreadcrumbList\",\"@id\":\"https:\\\/\\\/expoquebecvert.com\\\/en\\\/program\\\/vers-une-ville-vivante-repenser-le-verdissement-municipal\\\/#breadcrumb\",\"itemListElement\":[{\"@type\":\"ListItem\",\"position\":1,\"name\":\"Home\",\"item\":\"https:\\\/\\\/expoquebecvert.com\\\/\"},{\"@type\":\"ListItem\",\"position\":2,\"name\":\"Programmation\",\"item\":\"https:\\\/\\\/expoquebecvert.com\\\/programmation\\\/\"},{\"@type\":\"ListItem\",\"position\":3,\"name\":\"Vers une ville vivante : repenser le verdissement municipal\"}]},{\"@type\":\"WebSite\",\"@id\":\"https:\\\/\\\/expoquebecvert.com\\\/en\\\/#website\",\"url\":\"https:\\\/\\\/expoquebecvert.com\\\/en\\\/\",\"name\":\"Expo Qu\u00e9bec Vert\",\"description\":\"\",\"publisher\":{\"@id\":\"https:\\\/\\\/expoquebecvert.com\\\/en\\\/#organization\"},\"potentialAction\":[{\"@type\":\"SearchAction\",\"target\":{\"@type\":\"EntryPoint\",\"urlTemplate\":\"https:\\\/\\\/expoquebecvert.com\\\/en\\\/?s={search_term_string}\"},\"query-input\":{\"@type\":\"PropertyValueSpecification\",\"valueRequired\":true,\"valueName\":\"search_term_string\"}}],\"inLanguage\":\"en-US\"},{\"@type\":\"Organization\",\"@id\":\"https:\\\/\\\/expoquebecvert.com\\\/en\\\/#organization\",\"name\":\"Expo Qu\u00e9bec Vert\",\"url\":\"https:\\\/\\\/expoquebecvert.com\\\/en\\\/\",\"logo\":{\"@type\":\"ImageObject\",\"inLanguage\":\"en-US\",\"@id\":\"https:\\\/\\\/expoquebecvert.com\\\/en\\\/#\\\/schema\\\/logo\\\/image\\\/\",\"url\":\"https:\\\/\\\/expoquebecvert.com\\\/wp-content\\\/uploads\\\/2020\\\/10\\\/expo-quebec-vert-2.jpg\",\"contentUrl\":\"https:\\\/\\\/expoquebecvert.com\\\/wp-content\\\/uploads\\\/2020\\\/10\\\/expo-quebec-vert-2.jpg\",\"width\":1400,\"height\":1400,\"caption\":\"Expo Qu\u00e9bec Vert\"},\"image\":{\"@id\":\"https:\\\/\\\/expoquebecvert.com\\\/en\\\/#\\\/schema\\\/logo\\\/image\\\/\"},\"sameAs\":[\"https:\\\/\\\/www.facebook.com\\\/expoquebecvert\\\/\"]}]}<\/script>\n<!-- \/ Yoast SEO plugin. -->","yoast_head_json":{"title":"Vers une ville vivante : repenser le verdissement municipal","description":"D\u00e9couvrez comment planifier des interventions compl\u00e9mentaires pour cr\u00e9er des milieux de vie plus durables, fonctionnels et r\u00e9silients.","robots":{"index":"index","follow":"follow","max-snippet":"max-snippet:-1","max-image-preview":"max-image-preview:large","max-video-preview":"max-video-preview:-1"},"canonical":"https:\/\/expoquebecvert.com\/en\/program\/vers-une-ville-vivante-repenser-le-verdissement-municipal\/","og_locale":"en_US","og_type":"article","og_title":"Vers une ville vivante : repenser le verdissement municipal","og_description":"D\u00e9couvrez comment planifier des interventions compl\u00e9mentaires pour cr\u00e9er des milieux de vie plus durables, fonctionnels et r\u00e9silients.","og_url":"https:\/\/expoquebecvert.com\/en\/program\/vers-une-ville-vivante-repenser-le-verdissement-municipal\/","og_site_name":"Expo Qu\u00e9bec Vert","article_publisher":"https:\/\/www.facebook.com\/expoquebecvert\/","article_modified_time":"2026-08-31T18:47:56+00:00","og_image":[{"width":400,"height":500,"url":"https:\/\/expoquebecvert.com\/wp-content\/uploads\/2020\/10\/christiandufresne.jpg","type":"image\/jpeg"}],"twitter_card":"summary_large_image","twitter_misc":{"Est. reading time":"1 minute"},"schema":{"@context":"https:\/\/schema.org","@graph":[{"@type":["WebPage","ItemPage"],"@id":"https:\/\/expoquebecvert.com\/en\/program\/vers-une-ville-vivante-repenser-le-verdissement-municipal\/","url":"https:\/\/expoquebecvert.com\/en\/program\/vers-une-ville-vivante-repenser-le-verdissement-municipal\/","name":"Vers une ville vivante : repenser le verdissement municipal","isPartOf":{"@id":"https:\/\/expoquebecvert.com\/en\/#website"},"primaryImageOfPage":{"@id":"https:\/\/expoquebecvert.com\/en\/program\/vers-une-ville-vivante-repenser-le-verdissement-municipal\/#primaryimage"},"image":{"@id":"https:\/\/expoquebecvert.com\/en\/program\/vers-une-ville-vivante-repenser-le-verdissement-municipal\/#primaryimage"},"thumbnailUrl":"https:\/\/expoquebecvert.com\/wp-content\/uploads\/2020\/10\/christiandufresne.jpg","datePublished":"2025-11-20T09:00:00+00:00","dateModified":"2026-08-31T18:47:56+00:00","description":"D\u00e9couvrez comment planifier des interventions compl\u00e9mentaires pour cr\u00e9er des milieux de vie plus durables, fonctionnels et r\u00e9silients.","breadcrumb":{"@id":"https:\/\/expoquebecvert.com\/en\/program\/vers-une-ville-vivante-repenser-le-verdissement-municipal\/#breadcrumb"},"inLanguage":"en-US","potentialAction":[{"@type":"ReadAction","target":["https:\/\/expoquebecvert.com\/en\/program\/vers-une-ville-vivante-repenser-le-verdissement-municipal\/"]}]},{"@type":"ImageObject","inLanguage":"en-US","@id":"https:\/\/expoquebecvert.com\/en\/program\/vers-une-ville-vivante-repenser-le-verdissement-municipal\/#primaryimage","url":"https:\/\/expoquebecvert.com\/wp-content\/uploads\/2020\/10\/christiandufresne.jpg","contentUrl":"https:\/\/expoquebecvert.com\/wp-content\/uploads\/2020\/10\/christiandufresne.jpg","width":400,"height":500},{"@type":"BreadcrumbList","@id":"https:\/\/expoquebecvert.com\/en\/program\/vers-une-ville-vivante-repenser-le-verdissement-municipal\/#breadcrumb","itemListElement":[{"@type":"ListItem","position":1,"name":"Home","item":"https:\/\/expoquebecvert.com\/"},{"@type":"ListItem","position":2,"name":"Programmation","item":"https:\/\/expoquebecvert.com\/programmation\/"},{"@type":"ListItem","position":3,"name":"Vers une ville vivante : repenser le verdissement municipal"}]},{"@type":"WebSite","@id":"https:\/\/expoquebecvert.com\/en\/#website","url":"https:\/\/expoquebecvert.com\/en\/","name":"Expo Qu\u00e9bec Vert","description":"","publisher":{"@id":"https:\/\/expoquebecvert.com\/en\/#organization"},"potentialAction":[{"@type":"SearchAction","target":{"@type":"EntryPoint","urlTemplate":"https:\/\/expoquebecvert.com\/en\/?s={search_term_string}"},"query-input":{"@type":"PropertyValueSpecification","valueRequired":true,"valueName":"search_term_string"}}],"inLanguage":"en-US"},{"@type":"Organization","@id":"https:\/\/expoquebecvert.com\/en\/#organization","name":"Expo Qu\u00e9bec Vert","url":"https:\/\/expoquebecvert.com\/en\/","logo":{"@type":"ImageObject","inLanguage":"en-US","@id":"https:\/\/expoquebecvert.com\/en\/#\/schema\/logo\/image\/","url":"https:\/\/expoquebecvert.com\/wp-content\/uploads\/2020\/10\/expo-quebec-vert-2.jpg","contentUrl":"https:\/\/expoquebecvert.com\/wp-content\/uploads\/2020\/10\/expo-quebec-vert-2.jpg","width":1400,"height":1400,"caption":"Expo Qu\u00e9bec Vert"},"image":{"@id":"https:\/\/expoquebecvert.com\/en\/#\/schema\/logo\/image\/"},"sameAs":["https:\/\/www.facebook.com\/expoquebecvert\/"]}]}},"_links":{"self":[{"href":"https:\/\/expoquebecvert.com\/en\/wp-json\/wp\/v2\/programmation\/22827","targetHints":{"allow":["GET"]}}],"collection":[{"href":"https:\/\/expoquebecvert.com\/en\/wp-json\/wp\/v2\/programmation"}],"about":[{"href":"https:\/\/expoquebecvert.com\/en\/wp-json\/wp\/v2\/types\/programmation"}],"version-history":[{"count":3,"href":"https:\/\/expoquebecvert.com\/en\/wp-json\/wp\/v2\/programmation\/22827\/revisions"}],"predecessor-version":[{"id":22830,"href":"https:\/\/expoquebecvert.com\/en\/wp-json\/wp\/v2\/programmation\/22827\/revisions\/22830"}],"wp:featuredmedia":[{"embeddable":true,"href":"https:\/\/expoquebecvert.com\/en\/wp-json\/wp\/v2\/media\/130"}],"wp:attachment":[{"href":"https:\/\/expoquebecvert.com\/en\/wp-json\/wp\/v2\/media?parent=22827"}],"curies":[{"name":"wp","href":"https:\/\/api.w.org\/{rel}","templated":true}]}}