{"id":22836,"date":"2025-11-20T09:30:00","date_gmt":"2025-11-20T09:30:00","guid":{"rendered":"https:\/\/expoquebecvert.com\/programmation\/cultiver-lautonomie-alimentaire\/"},"modified":"2026-08-31T14:51:38","modified_gmt":"2026-08-31T18:51:38","slug":"cultiver-lautonomie-alimentaire","status":"publish","type":"programmation","link":"https:\/\/expoquebecvert.com\/en\/program\/cultiver-lautonomie-alimentaire\/","title":{"rendered":"Cultiver l&#8217;autonomie alimentaire : le potentiel fruitier des r\u00e9gions nordiques et \u00e9loign\u00e9es"},"content":{"rendered":"<p><em><strong>&#8211; Conference presented in French &#8211;<\/strong><\/em><\/p>\n<p>Les r\u00e9gions nordiques et \u00e9loign\u00e9es poss\u00e8dent un potentiel fruitier souvent sous-estim\u00e9. D\u00e9couvrez comment la physiologie des plantes, le choix des esp\u00e8ces, l\u2019am\u00e9nagement des sites et la compr\u00e9hension des r\u00e9alit\u00e9s territoriales peuvent contribuer au d\u00e9veloppement de projets fruitiers adapt\u00e9s, r\u00e9silients et porteurs pour l\u2019autonomie alimentaire de ces communaut\u00e9s.<\/p>\n","protected":false},"featured_media":22834,"template":"","meta":{"site-sidebar-layout":"default","site-content-layout":"","ast-site-content-layout":"default","site-content-style":"default","site-sidebar-style":"default","ast-global-header-display":"","ast-banner-title-visibility":"","ast-main-header-display":"","ast-hfb-above-header-display":"","ast-hfb-below-header-display":"","ast-hfb-mobile-header-display":"","site-post-title":"","ast-breadcrumbs-content":"","ast-featured-img":"","footer-sml-layout":"","ast-disable-related-posts":"","theme-transparent-header-meta":"default","adv-header-id-meta":"","stick-header-meta":"","header-above-stick-meta":"","header-main-stick-meta":"","header-below-stick-meta":"","astra-migrate-meta-layouts":"set","ast-page-background-enabled":"default","ast-page-background-meta":{"desktop":{"background-color":"","background-image":"","background-repeat":"repeat","background-position":"center center","background-size":"auto","background-attachment":"scroll","background-type":"","background-media":"","overlay-type":"","overlay-color":"","overlay-opacity":"","overlay-gradient":""},"tablet":{"background-color":"","background-image":"","background-repeat":"repeat","background-position":"center center","background-size":"auto","background-attachment":"scroll","background-type":"","background-media":"","overlay-type":"","overlay-color":"","overlay-opacity":"","overlay-gradient":""},"mobile":{"background-color":"","background-image":"","background-repeat":"repeat","background-position":"center center","background-size":"auto","background-attachment":"scroll","background-type":"","background-media":"","overlay-type":"","overlay-color":"","overlay-opacity":"","overlay-gradient":""}},"ast-content-background-meta":{"desktop":{"background-color":"var(--ast-global-color-5)","background-image":"","background-repeat":"repeat","background-position":"center center","background-size":"auto","background-attachment":"scroll","background-type":"","background-media":"","overlay-type":"","overlay-color":"","overlay-opacity":"","overlay-gradient":""},"tablet":{"background-color":"var(--ast-global-color-5)","background-image":"","background-repeat":"repeat","background-position":"center center","background-size":"auto","background-attachment":"scroll","background-type":"","background-media":"","overlay-type":"","overlay-color":"","overlay-opacity":"","overlay-gradient":""},"mobile":{"background-color":"var(--ast-global-color-5)","background-image":"","background-repeat":"repeat","background-position":"center center","background-size":"auto","background-attachment":"scroll","background-type":"","background-media":"","overlay-type":"","overlay-color":"","overlay-opacity":"","overlay-gradient":""}},"footnotes":""},"class_list":["post-22836","programmation","type-programmation","status-publish","has-post-thumbnail","hentry","clientele-landscaping","type-presentiel-en","ouverture-open-to-everyone","date-friday-november-20","salle-salle-quebec-vert-pavillon-bmo-en"],"yoast_head":"<!-- This site is optimized with the Yoast SEO plugin v27.8 - https:\/\/yoast.com\/product\/yoast-seo-wordpress\/ -->\n<title>Cultiver l&#039;autonomie alimentaire : le potentiel fruitier des r\u00e9gions nordiques et \u00e9loign\u00e9es<\/title>\n<meta name=\"description\" content=\"D\u00e9couvrez comment la physiologie des plantes, le choix des esp\u00e8ces, l\u2019am\u00e9nagement des sites peuvent contribuer au d\u00e9veloppement de projets fruitiers.\" \/>\n<meta name=\"robots\" content=\"index, follow, max-snippet:-1, max-image-preview:large, max-video-preview:-1\" \/>\n<link rel=\"canonical\" href=\"https:\/\/expoquebecvert.com\/en\/program\/cultiver-lautonomie-alimentaire\/\" \/>\n<meta property=\"og:locale\" content=\"en_US\" \/>\n<meta property=\"og:type\" content=\"article\" \/>\n<meta property=\"og:title\" content=\"Cultiver l&#039;autonomie alimentaire : le potentiel fruitier des r\u00e9gions nordiques et \u00e9loign\u00e9es\" \/>\n<meta property=\"og:description\" content=\"D\u00e9couvrez comment la physiologie des plantes, le choix des esp\u00e8ces, l\u2019am\u00e9nagement des sites peuvent contribuer au d\u00e9veloppement de projets fruitiers.\" \/>\n<meta property=\"og:url\" content=\"https:\/\/expoquebecvert.com\/en\/program\/cultiver-lautonomie-alimentaire\/\" \/>\n<meta property=\"og:site_name\" content=\"Expo Qu\u00e9bec Vert\" \/>\n<meta property=\"article:publisher\" content=\"https:\/\/www.facebook.com\/expoquebecvert\/\" \/>\n<meta property=\"article:modified_time\" content=\"2026-08-31T18:51:38+00:00\" \/>\n<meta property=\"og:image\" content=\"https:\/\/expoquebecvert.com\/wp-content\/uploads\/2026\/08\/maya-boivin-lalonde-web.png\" \/>\n\t<meta property=\"og:image:width\" content=\"400\" \/>\n\t<meta property=\"og:image:height\" content=\"500\" \/>\n\t<meta property=\"og:image:type\" content=\"image\/png\" \/>\n<meta name=\"twitter:card\" content=\"summary_large_image\" \/>\n<meta name=\"twitter:label1\" content=\"Est. reading time\" \/>\n\t<meta name=\"twitter:data1\" content=\"1 minute\" \/>\n<script type=\"application\/ld+json\" class=\"yoast-schema-graph\">{\"@context\":\"https:\\\/\\\/schema.org\",\"@graph\":[{\"@type\":[\"WebPage\",\"ItemPage\"],\"@id\":\"https:\\\/\\\/expoquebecvert.com\\\/en\\\/program\\\/cultiver-lautonomie-alimentaire\\\/\",\"url\":\"https:\\\/\\\/expoquebecvert.com\\\/en\\\/program\\\/cultiver-lautonomie-alimentaire\\\/\",\"name\":\"Cultiver l'autonomie alimentaire : le potentiel fruitier des r\u00e9gions nordiques et \u00e9loign\u00e9es\",\"isPartOf\":{\"@id\":\"https:\\\/\\\/expoquebecvert.com\\\/en\\\/#website\"},\"primaryImageOfPage\":{\"@id\":\"https:\\\/\\\/expoquebecvert.com\\\/en\\\/program\\\/cultiver-lautonomie-alimentaire\\\/#primaryimage\"},\"image\":{\"@id\":\"https:\\\/\\\/expoquebecvert.com\\\/en\\\/program\\\/cultiver-lautonomie-alimentaire\\\/#primaryimage\"},\"thumbnailUrl\":\"https:\\\/\\\/expoquebecvert.com\\\/wp-content\\\/uploads\\\/2026\\\/08\\\/maya-boivin-lalonde-web.png\",\"datePublished\":\"2025-11-20T09:30:00+00:00\",\"dateModified\":\"2026-08-31T18:51:38+00:00\",\"description\":\"D\u00e9couvrez comment la physiologie des plantes, le choix des esp\u00e8ces, l\u2019am\u00e9nagement des sites peuvent contribuer au d\u00e9veloppement de projets fruitiers.\",\"breadcrumb\":{\"@id\":\"https:\\\/\\\/expoquebecvert.com\\\/en\\\/program\\\/cultiver-lautonomie-alimentaire\\\/#breadcrumb\"},\"inLanguage\":\"en-US\",\"potentialAction\":[{\"@type\":\"ReadAction\",\"target\":[\"https:\\\/\\\/expoquebecvert.com\\\/en\\\/program\\\/cultiver-lautonomie-alimentaire\\\/\"]}]},{\"@type\":\"ImageObject\",\"inLanguage\":\"en-US\",\"@id\":\"https:\\\/\\\/expoquebecvert.com\\\/en\\\/program\\\/cultiver-lautonomie-alimentaire\\\/#primaryimage\",\"url\":\"https:\\\/\\\/expoquebecvert.com\\\/wp-content\\\/uploads\\\/2026\\\/08\\\/maya-boivin-lalonde-web.png\",\"contentUrl\":\"https:\\\/\\\/expoquebecvert.com\\\/wp-content\\\/uploads\\\/2026\\\/08\\\/maya-boivin-lalonde-web.png\",\"width\":400,\"height\":500,\"caption\":\"Maya Boivin-Lalonde\"},{\"@type\":\"BreadcrumbList\",\"@id\":\"https:\\\/\\\/expoquebecvert.com\\\/en\\\/program\\\/cultiver-lautonomie-alimentaire\\\/#breadcrumb\",\"itemListElement\":[{\"@type\":\"ListItem\",\"position\":1,\"name\":\"Home\",\"item\":\"https:\\\/\\\/expoquebecvert.com\\\/\"},{\"@type\":\"ListItem\",\"position\":2,\"name\":\"Programmation\",\"item\":\"https:\\\/\\\/expoquebecvert.com\\\/programmation\\\/\"},{\"@type\":\"ListItem\",\"position\":3,\"name\":\"Cultiver l&rsquo;autonomie alimentaire : le potentiel fruitier des r\u00e9gions nordiques et \u00e9loign\u00e9es\"}]},{\"@type\":\"WebSite\",\"@id\":\"https:\\\/\\\/expoquebecvert.com\\\/en\\\/#website\",\"url\":\"https:\\\/\\\/expoquebecvert.com\\\/en\\\/\",\"name\":\"Expo Qu\u00e9bec Vert\",\"description\":\"\",\"publisher\":{\"@id\":\"https:\\\/\\\/expoquebecvert.com\\\/en\\\/#organization\"},\"potentialAction\":[{\"@type\":\"SearchAction\",\"target\":{\"@type\":\"EntryPoint\",\"urlTemplate\":\"https:\\\/\\\/expoquebecvert.com\\\/en\\\/?s={search_term_string}\"},\"query-input\":{\"@type\":\"PropertyValueSpecification\",\"valueRequired\":true,\"valueName\":\"search_term_string\"}}],\"inLanguage\":\"en-US\"},{\"@type\":\"Organization\",\"@id\":\"https:\\\/\\\/expoquebecvert.com\\\/en\\\/#organization\",\"name\":\"Expo Qu\u00e9bec Vert\",\"url\":\"https:\\\/\\\/expoquebecvert.com\\\/en\\\/\",\"logo\":{\"@type\":\"ImageObject\",\"inLanguage\":\"en-US\",\"@id\":\"https:\\\/\\\/expoquebecvert.com\\\/en\\\/#\\\/schema\\\/logo\\\/image\\\/\",\"url\":\"https:\\\/\\\/expoquebecvert.com\\\/wp-content\\\/uploads\\\/2020\\\/10\\\/expo-quebec-vert-2.jpg\",\"contentUrl\":\"https:\\\/\\\/expoquebecvert.com\\\/wp-content\\\/uploads\\\/2020\\\/10\\\/expo-quebec-vert-2.jpg\",\"width\":1400,\"height\":1400,\"caption\":\"Expo Qu\u00e9bec Vert\"},\"image\":{\"@id\":\"https:\\\/\\\/expoquebecvert.com\\\/en\\\/#\\\/schema\\\/logo\\\/image\\\/\"},\"sameAs\":[\"https:\\\/\\\/www.facebook.com\\\/expoquebecvert\\\/\"]}]}<\/script>\n<!-- \/ Yoast SEO plugin. -->","yoast_head_json":{"title":"Cultiver l'autonomie alimentaire : le potentiel fruitier des r\u00e9gions nordiques et \u00e9loign\u00e9es","description":"D\u00e9couvrez comment la physiologie des plantes, le choix des esp\u00e8ces, l\u2019am\u00e9nagement des sites peuvent contribuer au d\u00e9veloppement de projets fruitiers.","robots":{"index":"index","follow":"follow","max-snippet":"max-snippet:-1","max-image-preview":"max-image-preview:large","max-video-preview":"max-video-preview:-1"},"canonical":"https:\/\/expoquebecvert.com\/en\/program\/cultiver-lautonomie-alimentaire\/","og_locale":"en_US","og_type":"article","og_title":"Cultiver l'autonomie alimentaire : le potentiel fruitier des r\u00e9gions nordiques et \u00e9loign\u00e9es","og_description":"D\u00e9couvrez comment la physiologie des plantes, le choix des esp\u00e8ces, l\u2019am\u00e9nagement des sites peuvent contribuer au d\u00e9veloppement de projets fruitiers.","og_url":"https:\/\/expoquebecvert.com\/en\/program\/cultiver-lautonomie-alimentaire\/","og_site_name":"Expo Qu\u00e9bec Vert","article_publisher":"https:\/\/www.facebook.com\/expoquebecvert\/","article_modified_time":"2026-08-31T18:51:38+00:00","og_image":[{"width":400,"height":500,"url":"https:\/\/expoquebecvert.com\/wp-content\/uploads\/2026\/08\/maya-boivin-lalonde-web.png","type":"image\/png"}],"twitter_card":"summary_large_image","twitter_misc":{"Est. reading time":"1 minute"},"schema":{"@context":"https:\/\/schema.org","@graph":[{"@type":["WebPage","ItemPage"],"@id":"https:\/\/expoquebecvert.com\/en\/program\/cultiver-lautonomie-alimentaire\/","url":"https:\/\/expoquebecvert.com\/en\/program\/cultiver-lautonomie-alimentaire\/","name":"Cultiver l'autonomie alimentaire : le potentiel fruitier des r\u00e9gions nordiques et \u00e9loign\u00e9es","isPartOf":{"@id":"https:\/\/expoquebecvert.com\/en\/#website"},"primaryImageOfPage":{"@id":"https:\/\/expoquebecvert.com\/en\/program\/cultiver-lautonomie-alimentaire\/#primaryimage"},"image":{"@id":"https:\/\/expoquebecvert.com\/en\/program\/cultiver-lautonomie-alimentaire\/#primaryimage"},"thumbnailUrl":"https:\/\/expoquebecvert.com\/wp-content\/uploads\/2026\/08\/maya-boivin-lalonde-web.png","datePublished":"2025-11-20T09:30:00+00:00","dateModified":"2026-08-31T18:51:38+00:00","description":"D\u00e9couvrez comment la physiologie des plantes, le choix des esp\u00e8ces, l\u2019am\u00e9nagement des sites peuvent contribuer au d\u00e9veloppement de projets fruitiers.","breadcrumb":{"@id":"https:\/\/expoquebecvert.com\/en\/program\/cultiver-lautonomie-alimentaire\/#breadcrumb"},"inLanguage":"en-US","potentialAction":[{"@type":"ReadAction","target":["https:\/\/expoquebecvert.com\/en\/program\/cultiver-lautonomie-alimentaire\/"]}]},{"@type":"ImageObject","inLanguage":"en-US","@id":"https:\/\/expoquebecvert.com\/en\/program\/cultiver-lautonomie-alimentaire\/#primaryimage","url":"https:\/\/expoquebecvert.com\/wp-content\/uploads\/2026\/08\/maya-boivin-lalonde-web.png","contentUrl":"https:\/\/expoquebecvert.com\/wp-content\/uploads\/2026\/08\/maya-boivin-lalonde-web.png","width":400,"height":500,"caption":"Maya Boivin-Lalonde"},{"@type":"BreadcrumbList","@id":"https:\/\/expoquebecvert.com\/en\/program\/cultiver-lautonomie-alimentaire\/#breadcrumb","itemListElement":[{"@type":"ListItem","position":1,"name":"Home","item":"https:\/\/expoquebecvert.com\/"},{"@type":"ListItem","position":2,"name":"Programmation","item":"https:\/\/expoquebecvert.com\/programmation\/"},{"@type":"ListItem","position":3,"name":"Cultiver l&rsquo;autonomie alimentaire : le potentiel fruitier des r\u00e9gions nordiques et \u00e9loign\u00e9es"}]},{"@type":"WebSite","@id":"https:\/\/expoquebecvert.com\/en\/#website","url":"https:\/\/expoquebecvert.com\/en\/","name":"Expo Qu\u00e9bec Vert","description":"","publisher":{"@id":"https:\/\/expoquebecvert.com\/en\/#organization"},"potentialAction":[{"@type":"SearchAction","target":{"@type":"EntryPoint","urlTemplate":"https:\/\/expoquebecvert.com\/en\/?s={search_term_string}"},"query-input":{"@type":"PropertyValueSpecification","valueRequired":true,"valueName":"search_term_string"}}],"inLanguage":"en-US"},{"@type":"Organization","@id":"https:\/\/expoquebecvert.com\/en\/#organization","name":"Expo Qu\u00e9bec Vert","url":"https:\/\/expoquebecvert.com\/en\/","logo":{"@type":"ImageObject","inLanguage":"en-US","@id":"https:\/\/expoquebecvert.com\/en\/#\/schema\/logo\/image\/","url":"https:\/\/expoquebecvert.com\/wp-content\/uploads\/2020\/10\/expo-quebec-vert-2.jpg","contentUrl":"https:\/\/expoquebecvert.com\/wp-content\/uploads\/2020\/10\/expo-quebec-vert-2.jpg","width":1400,"height":1400,"caption":"Expo Qu\u00e9bec Vert"},"image":{"@id":"https:\/\/expoquebecvert.com\/en\/#\/schema\/logo\/image\/"},"sameAs":["https:\/\/www.facebook.com\/expoquebecvert\/"]}]}},"_links":{"self":[{"href":"https:\/\/expoquebecvert.com\/en\/wp-json\/wp\/v2\/programmation\/22836","targetHints":{"allow":["GET"]}}],"collection":[{"href":"https:\/\/expoquebecvert.com\/en\/wp-json\/wp\/v2\/programmation"}],"about":[{"href":"https:\/\/expoquebecvert.com\/en\/wp-json\/wp\/v2\/types\/programmation"}],"version-history":[{"count":2,"href":"https:\/\/expoquebecvert.com\/en\/wp-json\/wp\/v2\/programmation\/22836\/revisions"}],"predecessor-version":[{"id":22838,"href":"https:\/\/expoquebecvert.com\/en\/wp-json\/wp\/v2\/programmation\/22836\/revisions\/22838"}],"wp:featuredmedia":[{"embeddable":true,"href":"https:\/\/expoquebecvert.com\/en\/wp-json\/wp\/v2\/media\/22834"}],"wp:attachment":[{"href":"https:\/\/expoquebecvert.com\/en\/wp-json\/wp\/v2\/media?parent=22836"}],"curies":[{"name":"wp","href":"https:\/\/api.w.org\/{rel}","templated":true}]}}