{"id":22848,"date":"2025-11-20T10:45:00","date_gmt":"2025-11-20T10:45:00","guid":{"rendered":"https:\/\/expoquebecvert.com\/programmation\/concevoir-aujourdhui-pour-entretenir-moins-demain\/"},"modified":"2026-08-31T14:59:16","modified_gmt":"2026-08-31T18:59:16","slug":"concevoir-aujourdhui-pour-entretenir-moins-demain","status":"publish","type":"programmation","link":"https:\/\/expoquebecvert.com\/en\/program\/concevoir-aujourdhui-pour-entretenir-moins-demain\/","title":{"rendered":"Concevoir aujourd\u2019hui pour entretenir moins demain"},"content":{"rendered":"<p><em><strong>&#8211; Conference presented in French &#8211;<\/strong> <\/em><\/p>\n<p>Les choix faits d\u00e8s la conception d\u00e9terminent en grande partie les besoins d\u2019entretien futurs. V\u00e9g\u00e9taux, surfaces gazonn\u00e9es, irrigation, \u00e9quipements, configuration des espaces : d\u00e9couvrez comment concevoir des am\u00e9nagements r\u00e9silients et durables qui maximisent les b\u00e9n\u00e9fices \u00e9cosyst\u00e9miques tout en r\u00e9duisant la charge d\u2019entretien et les co\u00fbts \u00e0 long terme.<\/p>\n","protected":false},"featured_media":16021,"template":"","meta":{"site-sidebar-layout":"default","site-content-layout":"","ast-site-content-layout":"default","site-content-style":"default","site-sidebar-style":"default","ast-global-header-display":"","ast-banner-title-visibility":"","ast-main-header-display":"","ast-hfb-above-header-display":"","ast-hfb-below-header-display":"","ast-hfb-mobile-header-display":"","site-post-title":"","ast-breadcrumbs-content":"","ast-featured-img":"","footer-sml-layout":"","ast-disable-related-posts":"","theme-transparent-header-meta":"default","adv-header-id-meta":"","stick-header-meta":"","header-above-stick-meta":"","header-main-stick-meta":"","header-below-stick-meta":"","astra-migrate-meta-layouts":"set","ast-page-background-enabled":"default","ast-page-background-meta":{"desktop":{"background-color":"","background-image":"","background-repeat":"repeat","background-position":"center center","background-size":"auto","background-attachment":"scroll","background-type":"","background-media":"","overlay-type":"","overlay-color":"","overlay-opacity":"","overlay-gradient":""},"tablet":{"background-color":"","background-image":"","background-repeat":"repeat","background-position":"center center","background-size":"auto","background-attachment":"scroll","background-type":"","background-media":"","overlay-type":"","overlay-color":"","overlay-opacity":"","overlay-gradient":""},"mobile":{"background-color":"","background-image":"","background-repeat":"repeat","background-position":"center center","background-size":"auto","background-attachment":"scroll","background-type":"","background-media":"","overlay-type":"","overlay-color":"","overlay-opacity":"","overlay-gradient":""}},"ast-content-background-meta":{"desktop":{"background-color":"var(--ast-global-color-5)","background-image":"","background-repeat":"repeat","background-position":"center center","background-size":"auto","background-attachment":"scroll","background-type":"","background-media":"","overlay-type":"","overlay-color":"","overlay-opacity":"","overlay-gradient":""},"tablet":{"background-color":"var(--ast-global-color-5)","background-image":"","background-repeat":"repeat","background-position":"center center","background-size":"auto","background-attachment":"scroll","background-type":"","background-media":"","overlay-type":"","overlay-color":"","overlay-opacity":"","overlay-gradient":""},"mobile":{"background-color":"var(--ast-global-color-5)","background-image":"","background-repeat":"repeat","background-position":"center center","background-size":"auto","background-attachment":"scroll","background-type":"","background-media":"","overlay-type":"","overlay-color":"","overlay-opacity":"","overlay-gradient":""}},"footnotes":""},"class_list":["post-22848","programmation","type-programmation","status-publish","has-post-thumbnail","hentry","clientele-architecture-and-municipal-world","clientele-landscaping","type-presentiel-en","ouverture-open-to-everyone","date-friday-november-20"],"yoast_head":"<!-- This site is optimized with the Yoast SEO plugin v27.8 - https:\/\/yoast.com\/product\/yoast-seo-wordpress\/ -->\n<title>Concevoir aujourd\u2019hui pour entretenir moins demain<\/title>\n<meta name=\"description\" content=\"Voyez comment concevoir des am\u00e9nagements r\u00e9silients et durables qui maximisent les b\u00e9n\u00e9fices tout en r\u00e9duisant la charge d\u2019entretien.\" \/>\n<meta name=\"robots\" content=\"index, follow, max-snippet:-1, max-image-preview:large, max-video-preview:-1\" \/>\n<link rel=\"canonical\" href=\"https:\/\/expoquebecvert.com\/en\/program\/concevoir-aujourdhui-pour-entretenir-moins-demain\/\" \/>\n<meta property=\"og:locale\" content=\"en_US\" \/>\n<meta property=\"og:type\" content=\"article\" \/>\n<meta property=\"og:title\" content=\"Concevoir aujourd\u2019hui pour entretenir moins demain\" \/>\n<meta property=\"og:description\" content=\"Voyez comment concevoir des am\u00e9nagements r\u00e9silients et durables qui maximisent les b\u00e9n\u00e9fices tout en r\u00e9duisant la charge d\u2019entretien.\" \/>\n<meta property=\"og:url\" content=\"https:\/\/expoquebecvert.com\/en\/program\/concevoir-aujourdhui-pour-entretenir-moins-demain\/\" \/>\n<meta property=\"og:site_name\" content=\"Expo Qu\u00e9bec Vert\" \/>\n<meta property=\"article:publisher\" content=\"https:\/\/www.facebook.com\/expoquebecvert\/\" \/>\n<meta property=\"article:modified_time\" content=\"2026-08-31T18:59:16+00:00\" \/>\n<meta property=\"og:image\" content=\"https:\/\/expoquebecvert.com\/wp-content\/uploads\/2023\/09\/bruno-paquet.jpg\" \/>\n\t<meta property=\"og:image:width\" content=\"359\" \/>\n\t<meta property=\"og:image:height\" content=\"500\" \/>\n\t<meta property=\"og:image:type\" content=\"image\/jpeg\" \/>\n<meta name=\"twitter:card\" content=\"summary_large_image\" \/>\n<meta name=\"twitter:label1\" content=\"Est. reading time\" \/>\n\t<meta name=\"twitter:data1\" content=\"1 minute\" \/>\n<script type=\"application\/ld+json\" class=\"yoast-schema-graph\">{\"@context\":\"https:\\\/\\\/schema.org\",\"@graph\":[{\"@type\":[\"WebPage\",\"ItemPage\"],\"@id\":\"https:\\\/\\\/expoquebecvert.com\\\/en\\\/program\\\/concevoir-aujourdhui-pour-entretenir-moins-demain\\\/\",\"url\":\"https:\\\/\\\/expoquebecvert.com\\\/en\\\/program\\\/concevoir-aujourdhui-pour-entretenir-moins-demain\\\/\",\"name\":\"Concevoir aujourd\u2019hui pour entretenir moins demain\",\"isPartOf\":{\"@id\":\"https:\\\/\\\/expoquebecvert.com\\\/en\\\/#website\"},\"primaryImageOfPage\":{\"@id\":\"https:\\\/\\\/expoquebecvert.com\\\/en\\\/program\\\/concevoir-aujourdhui-pour-entretenir-moins-demain\\\/#primaryimage\"},\"image\":{\"@id\":\"https:\\\/\\\/expoquebecvert.com\\\/en\\\/program\\\/concevoir-aujourdhui-pour-entretenir-moins-demain\\\/#primaryimage\"},\"thumbnailUrl\":\"https:\\\/\\\/expoquebecvert.com\\\/wp-content\\\/uploads\\\/2023\\\/09\\\/bruno-paquet.jpg\",\"datePublished\":\"2025-11-20T10:45:00+00:00\",\"dateModified\":\"2026-08-31T18:59:16+00:00\",\"description\":\"Voyez comment concevoir des am\u00e9nagements r\u00e9silients et durables qui maximisent les b\u00e9n\u00e9fices tout en r\u00e9duisant la charge d\u2019entretien.\",\"breadcrumb\":{\"@id\":\"https:\\\/\\\/expoquebecvert.com\\\/en\\\/program\\\/concevoir-aujourdhui-pour-entretenir-moins-demain\\\/#breadcrumb\"},\"inLanguage\":\"en-US\",\"potentialAction\":[{\"@type\":\"ReadAction\",\"target\":[\"https:\\\/\\\/expoquebecvert.com\\\/en\\\/program\\\/concevoir-aujourdhui-pour-entretenir-moins-demain\\\/\"]}]},{\"@type\":\"ImageObject\",\"inLanguage\":\"en-US\",\"@id\":\"https:\\\/\\\/expoquebecvert.com\\\/en\\\/program\\\/concevoir-aujourdhui-pour-entretenir-moins-demain\\\/#primaryimage\",\"url\":\"https:\\\/\\\/expoquebecvert.com\\\/wp-content\\\/uploads\\\/2023\\\/09\\\/bruno-paquet.jpg\",\"contentUrl\":\"https:\\\/\\\/expoquebecvert.com\\\/wp-content\\\/uploads\\\/2023\\\/09\\\/bruno-paquet.jpg\",\"width\":359,\"height\":500,\"caption\":\"Bruno Paquet\"},{\"@type\":\"BreadcrumbList\",\"@id\":\"https:\\\/\\\/expoquebecvert.com\\\/en\\\/program\\\/concevoir-aujourdhui-pour-entretenir-moins-demain\\\/#breadcrumb\",\"itemListElement\":[{\"@type\":\"ListItem\",\"position\":1,\"name\":\"Home\",\"item\":\"https:\\\/\\\/expoquebecvert.com\\\/\"},{\"@type\":\"ListItem\",\"position\":2,\"name\":\"Programmation\",\"item\":\"https:\\\/\\\/expoquebecvert.com\\\/programmation\\\/\"},{\"@type\":\"ListItem\",\"position\":3,\"name\":\"Concevoir aujourd\u2019hui pour entretenir moins demain\"}]},{\"@type\":\"WebSite\",\"@id\":\"https:\\\/\\\/expoquebecvert.com\\\/en\\\/#website\",\"url\":\"https:\\\/\\\/expoquebecvert.com\\\/en\\\/\",\"name\":\"Expo Qu\u00e9bec Vert\",\"description\":\"\",\"publisher\":{\"@id\":\"https:\\\/\\\/expoquebecvert.com\\\/en\\\/#organization\"},\"potentialAction\":[{\"@type\":\"SearchAction\",\"target\":{\"@type\":\"EntryPoint\",\"urlTemplate\":\"https:\\\/\\\/expoquebecvert.com\\\/en\\\/?s={search_term_string}\"},\"query-input\":{\"@type\":\"PropertyValueSpecification\",\"valueRequired\":true,\"valueName\":\"search_term_string\"}}],\"inLanguage\":\"en-US\"},{\"@type\":\"Organization\",\"@id\":\"https:\\\/\\\/expoquebecvert.com\\\/en\\\/#organization\",\"name\":\"Expo Qu\u00e9bec Vert\",\"url\":\"https:\\\/\\\/expoquebecvert.com\\\/en\\\/\",\"logo\":{\"@type\":\"ImageObject\",\"inLanguage\":\"en-US\",\"@id\":\"https:\\\/\\\/expoquebecvert.com\\\/en\\\/#\\\/schema\\\/logo\\\/image\\\/\",\"url\":\"https:\\\/\\\/expoquebecvert.com\\\/wp-content\\\/uploads\\\/2020\\\/10\\\/expo-quebec-vert-2.jpg\",\"contentUrl\":\"https:\\\/\\\/expoquebecvert.com\\\/wp-content\\\/uploads\\\/2020\\\/10\\\/expo-quebec-vert-2.jpg\",\"width\":1400,\"height\":1400,\"caption\":\"Expo Qu\u00e9bec Vert\"},\"image\":{\"@id\":\"https:\\\/\\\/expoquebecvert.com\\\/en\\\/#\\\/schema\\\/logo\\\/image\\\/\"},\"sameAs\":[\"https:\\\/\\\/www.facebook.com\\\/expoquebecvert\\\/\"]}]}<\/script>\n<!-- \/ Yoast SEO plugin. -->","yoast_head_json":{"title":"Concevoir aujourd\u2019hui pour entretenir moins demain","description":"Voyez comment concevoir des am\u00e9nagements r\u00e9silients et durables qui maximisent les b\u00e9n\u00e9fices tout en r\u00e9duisant la charge d\u2019entretien.","robots":{"index":"index","follow":"follow","max-snippet":"max-snippet:-1","max-image-preview":"max-image-preview:large","max-video-preview":"max-video-preview:-1"},"canonical":"https:\/\/expoquebecvert.com\/en\/program\/concevoir-aujourdhui-pour-entretenir-moins-demain\/","og_locale":"en_US","og_type":"article","og_title":"Concevoir aujourd\u2019hui pour entretenir moins demain","og_description":"Voyez comment concevoir des am\u00e9nagements r\u00e9silients et durables qui maximisent les b\u00e9n\u00e9fices tout en r\u00e9duisant la charge d\u2019entretien.","og_url":"https:\/\/expoquebecvert.com\/en\/program\/concevoir-aujourdhui-pour-entretenir-moins-demain\/","og_site_name":"Expo Qu\u00e9bec Vert","article_publisher":"https:\/\/www.facebook.com\/expoquebecvert\/","article_modified_time":"2026-08-31T18:59:16+00:00","og_image":[{"width":359,"height":500,"url":"https:\/\/expoquebecvert.com\/wp-content\/uploads\/2023\/09\/bruno-paquet.jpg","type":"image\/jpeg"}],"twitter_card":"summary_large_image","twitter_misc":{"Est. reading time":"1 minute"},"schema":{"@context":"https:\/\/schema.org","@graph":[{"@type":["WebPage","ItemPage"],"@id":"https:\/\/expoquebecvert.com\/en\/program\/concevoir-aujourdhui-pour-entretenir-moins-demain\/","url":"https:\/\/expoquebecvert.com\/en\/program\/concevoir-aujourdhui-pour-entretenir-moins-demain\/","name":"Concevoir aujourd\u2019hui pour entretenir moins demain","isPartOf":{"@id":"https:\/\/expoquebecvert.com\/en\/#website"},"primaryImageOfPage":{"@id":"https:\/\/expoquebecvert.com\/en\/program\/concevoir-aujourdhui-pour-entretenir-moins-demain\/#primaryimage"},"image":{"@id":"https:\/\/expoquebecvert.com\/en\/program\/concevoir-aujourdhui-pour-entretenir-moins-demain\/#primaryimage"},"thumbnailUrl":"https:\/\/expoquebecvert.com\/wp-content\/uploads\/2023\/09\/bruno-paquet.jpg","datePublished":"2025-11-20T10:45:00+00:00","dateModified":"2026-08-31T18:59:16+00:00","description":"Voyez comment concevoir des am\u00e9nagements r\u00e9silients et durables qui maximisent les b\u00e9n\u00e9fices tout en r\u00e9duisant la charge d\u2019entretien.","breadcrumb":{"@id":"https:\/\/expoquebecvert.com\/en\/program\/concevoir-aujourdhui-pour-entretenir-moins-demain\/#breadcrumb"},"inLanguage":"en-US","potentialAction":[{"@type":"ReadAction","target":["https:\/\/expoquebecvert.com\/en\/program\/concevoir-aujourdhui-pour-entretenir-moins-demain\/"]}]},{"@type":"ImageObject","inLanguage":"en-US","@id":"https:\/\/expoquebecvert.com\/en\/program\/concevoir-aujourdhui-pour-entretenir-moins-demain\/#primaryimage","url":"https:\/\/expoquebecvert.com\/wp-content\/uploads\/2023\/09\/bruno-paquet.jpg","contentUrl":"https:\/\/expoquebecvert.com\/wp-content\/uploads\/2023\/09\/bruno-paquet.jpg","width":359,"height":500,"caption":"Bruno Paquet"},{"@type":"BreadcrumbList","@id":"https:\/\/expoquebecvert.com\/en\/program\/concevoir-aujourdhui-pour-entretenir-moins-demain\/#breadcrumb","itemListElement":[{"@type":"ListItem","position":1,"name":"Home","item":"https:\/\/expoquebecvert.com\/"},{"@type":"ListItem","position":2,"name":"Programmation","item":"https:\/\/expoquebecvert.com\/programmation\/"},{"@type":"ListItem","position":3,"name":"Concevoir aujourd\u2019hui pour entretenir moins demain"}]},{"@type":"WebSite","@id":"https:\/\/expoquebecvert.com\/en\/#website","url":"https:\/\/expoquebecvert.com\/en\/","name":"Expo Qu\u00e9bec Vert","description":"","publisher":{"@id":"https:\/\/expoquebecvert.com\/en\/#organization"},"potentialAction":[{"@type":"SearchAction","target":{"@type":"EntryPoint","urlTemplate":"https:\/\/expoquebecvert.com\/en\/?s={search_term_string}"},"query-input":{"@type":"PropertyValueSpecification","valueRequired":true,"valueName":"search_term_string"}}],"inLanguage":"en-US"},{"@type":"Organization","@id":"https:\/\/expoquebecvert.com\/en\/#organization","name":"Expo Qu\u00e9bec Vert","url":"https:\/\/expoquebecvert.com\/en\/","logo":{"@type":"ImageObject","inLanguage":"en-US","@id":"https:\/\/expoquebecvert.com\/en\/#\/schema\/logo\/image\/","url":"https:\/\/expoquebecvert.com\/wp-content\/uploads\/2020\/10\/expo-quebec-vert-2.jpg","contentUrl":"https:\/\/expoquebecvert.com\/wp-content\/uploads\/2020\/10\/expo-quebec-vert-2.jpg","width":1400,"height":1400,"caption":"Expo Qu\u00e9bec Vert"},"image":{"@id":"https:\/\/expoquebecvert.com\/en\/#\/schema\/logo\/image\/"},"sameAs":["https:\/\/www.facebook.com\/expoquebecvert\/"]}]}},"_links":{"self":[{"href":"https:\/\/expoquebecvert.com\/en\/wp-json\/wp\/v2\/programmation\/22848","targetHints":{"allow":["GET"]}}],"collection":[{"href":"https:\/\/expoquebecvert.com\/en\/wp-json\/wp\/v2\/programmation"}],"about":[{"href":"https:\/\/expoquebecvert.com\/en\/wp-json\/wp\/v2\/types\/programmation"}],"version-history":[{"count":2,"href":"https:\/\/expoquebecvert.com\/en\/wp-json\/wp\/v2\/programmation\/22848\/revisions"}],"predecessor-version":[{"id":22850,"href":"https:\/\/expoquebecvert.com\/en\/wp-json\/wp\/v2\/programmation\/22848\/revisions\/22850"}],"wp:featuredmedia":[{"embeddable":true,"href":"https:\/\/expoquebecvert.com\/en\/wp-json\/wp\/v2\/media\/16021"}],"wp:attachment":[{"href":"https:\/\/expoquebecvert.com\/en\/wp-json\/wp\/v2\/media?parent=22848"}],"curies":[{"name":"wp","href":"https:\/\/api.w.org\/{rel}","templated":true}]}}