{"id":22855,"date":"2025-11-20T10:45:00","date_gmt":"2025-11-20T10:45:00","guid":{"rendered":"https:\/\/expoquebecvert.com\/programmation\/mythes-et-realites-sur-les-plantes-indigenes\/"},"modified":"2026-08-31T15:05:36","modified_gmt":"2026-08-31T19:05:36","slug":"mythes-et-realites-sur-les-plantes-indigenes","status":"publish","type":"programmation","link":"https:\/\/expoquebecvert.com\/en\/program\/mythes-et-realites-sur-les-plantes-indigenes\/","title":{"rendered":"Mythes et r\u00e9alit\u00e9s sur les plantes indig\u00e8nes"},"content":{"rendered":"<p><strong><em>&#8211; Conference presented in French &#8211;<\/em><\/strong><\/p>\n<p>Indig\u00e8ne signifie-t-il n\u00e9cessairement mieux adapt\u00e9, plus r\u00e9silient ou plus favorable \u00e0 la biodiversit\u00e9? Cette conf\u00e9rence propose un regard nuanc\u00e9 sur les plantes indig\u00e8nes, les nativars et les plantes exotiques. \u00c0 partir des connaissances scientifiques actuelles, d\u00e9couvrez les id\u00e9es re\u00e7ues et les nuances \u00e0 consid\u00e9rer selon les diff\u00e9rents contextes d\u2019utilisation.<\/p>\n<p><em>Cre\u0301dit photo : Marie-Andre\u0301e Lemire<\/em><\/p>\n","protected":false},"featured_media":22853,"template":"","meta":{"site-sidebar-layout":"default","site-content-layout":"","ast-site-content-layout":"default","site-content-style":"default","site-sidebar-style":"default","ast-global-header-display":"","ast-banner-title-visibility":"","ast-main-header-display":"","ast-hfb-above-header-display":"","ast-hfb-below-header-display":"","ast-hfb-mobile-header-display":"","site-post-title":"","ast-breadcrumbs-content":"","ast-featured-img":"","footer-sml-layout":"","ast-disable-related-posts":"","theme-transparent-header-meta":"default","adv-header-id-meta":"","stick-header-meta":"","header-above-stick-meta":"","header-main-stick-meta":"","header-below-stick-meta":"","astra-migrate-meta-layouts":"set","ast-page-background-enabled":"default","ast-page-background-meta":{"desktop":{"background-color":"","background-image":"","background-repeat":"repeat","background-position":"center center","background-size":"auto","background-attachment":"scroll","background-type":"","background-media":"","overlay-type":"","overlay-color":"","overlay-opacity":"","overlay-gradient":""},"tablet":{"background-color":"","background-image":"","background-repeat":"repeat","background-position":"center center","background-size":"auto","background-attachment":"scroll","background-type":"","background-media":"","overlay-type":"","overlay-color":"","overlay-opacity":"","overlay-gradient":""},"mobile":{"background-color":"","background-image":"","background-repeat":"repeat","background-position":"center center","background-size":"auto","background-attachment":"scroll","background-type":"","background-media":"","overlay-type":"","overlay-color":"","overlay-opacity":"","overlay-gradient":""}},"ast-content-background-meta":{"desktop":{"background-color":"var(--ast-global-color-5)","background-image":"","background-repeat":"repeat","background-position":"center center","background-size":"auto","background-attachment":"scroll","background-type":"","background-media":"","overlay-type":"","overlay-color":"","overlay-opacity":"","overlay-gradient":""},"tablet":{"background-color":"var(--ast-global-color-5)","background-image":"","background-repeat":"repeat","background-position":"center center","background-size":"auto","background-attachment":"scroll","background-type":"","background-media":"","overlay-type":"","overlay-color":"","overlay-opacity":"","overlay-gradient":""},"mobile":{"background-color":"var(--ast-global-color-5)","background-image":"","background-repeat":"repeat","background-position":"center center","background-size":"auto","background-attachment":"scroll","background-type":"","background-media":"","overlay-type":"","overlay-color":"","overlay-opacity":"","overlay-gradient":""}},"footnotes":""},"class_list":["post-22855","programmation","type-programmation","status-publish","has-post-thumbnail","hentry","clientele-architecture-and-municipal-world","clientele-garden-center","clientele-ground-maintenance-and-lawn-care","clientele-landscaping","clientele-production-en-2","type-presentiel-en","ouverture-reserved-activity","date-friday-november-20","salle-salle-paysage-bmo-en"],"yoast_head":"<!-- This site is optimized with the Yoast SEO plugin v27.8 - https:\/\/yoast.com\/product\/yoast-seo-wordpress\/ -->\n<title>Mythes et r\u00e9alit\u00e9s sur les plantes indig\u00e8nes<\/title>\n<meta name=\"description\" content=\"Cette conf\u00e9rence propose un regard nuanc\u00e9 sur les plantes indig\u00e8nes, les nativars et les plantes exotiques.\" \/>\n<meta name=\"robots\" content=\"index, follow, max-snippet:-1, max-image-preview:large, max-video-preview:-1\" \/>\n<link rel=\"canonical\" href=\"https:\/\/expoquebecvert.com\/en\/program\/mythes-et-realites-sur-les-plantes-indigenes\/\" \/>\n<meta property=\"og:locale\" content=\"en_US\" \/>\n<meta property=\"og:type\" content=\"article\" \/>\n<meta property=\"og:title\" content=\"Mythes et r\u00e9alit\u00e9s sur les plantes indig\u00e8nes\" \/>\n<meta property=\"og:description\" content=\"Cette conf\u00e9rence propose un regard nuanc\u00e9 sur les plantes indig\u00e8nes, les nativars et les plantes exotiques.\" \/>\n<meta property=\"og:url\" content=\"https:\/\/expoquebecvert.com\/en\/program\/mythes-et-realites-sur-les-plantes-indigenes\/\" \/>\n<meta property=\"og:site_name\" content=\"Expo Qu\u00e9bec Vert\" \/>\n<meta property=\"article:publisher\" content=\"https:\/\/www.facebook.com\/expoquebecvert\/\" \/>\n<meta property=\"article:modified_time\" content=\"2026-08-31T19:05:36+00:00\" \/>\n<meta property=\"og:image\" content=\"https:\/\/expoquebecvert.com\/wp-content\/uploads\/2026\/08\/genevieve-clement-web.png\" \/>\n\t<meta property=\"og:image:width\" content=\"400\" \/>\n\t<meta property=\"og:image:height\" content=\"500\" \/>\n\t<meta property=\"og:image:type\" content=\"image\/png\" \/>\n<meta name=\"twitter:card\" content=\"summary_large_image\" \/>\n<meta name=\"twitter:label1\" content=\"Est. reading time\" \/>\n\t<meta name=\"twitter:data1\" content=\"1 minute\" \/>\n<script type=\"application\/ld+json\" class=\"yoast-schema-graph\">{\"@context\":\"https:\\\/\\\/schema.org\",\"@graph\":[{\"@type\":[\"WebPage\",\"ItemPage\"],\"@id\":\"https:\\\/\\\/expoquebecvert.com\\\/en\\\/program\\\/mythes-et-realites-sur-les-plantes-indigenes\\\/\",\"url\":\"https:\\\/\\\/expoquebecvert.com\\\/en\\\/program\\\/mythes-et-realites-sur-les-plantes-indigenes\\\/\",\"name\":\"Mythes et r\u00e9alit\u00e9s sur les plantes indig\u00e8nes\",\"isPartOf\":{\"@id\":\"https:\\\/\\\/expoquebecvert.com\\\/en\\\/#website\"},\"primaryImageOfPage\":{\"@id\":\"https:\\\/\\\/expoquebecvert.com\\\/en\\\/program\\\/mythes-et-realites-sur-les-plantes-indigenes\\\/#primaryimage\"},\"image\":{\"@id\":\"https:\\\/\\\/expoquebecvert.com\\\/en\\\/program\\\/mythes-et-realites-sur-les-plantes-indigenes\\\/#primaryimage\"},\"thumbnailUrl\":\"https:\\\/\\\/expoquebecvert.com\\\/wp-content\\\/uploads\\\/2026\\\/08\\\/genevieve-clement-web.png\",\"datePublished\":\"2025-11-20T10:45:00+00:00\",\"dateModified\":\"2026-08-31T19:05:36+00:00\",\"description\":\"Cette conf\u00e9rence propose un regard nuanc\u00e9 sur les plantes indig\u00e8nes, les nativars et les plantes exotiques.\",\"breadcrumb\":{\"@id\":\"https:\\\/\\\/expoquebecvert.com\\\/en\\\/program\\\/mythes-et-realites-sur-les-plantes-indigenes\\\/#breadcrumb\"},\"inLanguage\":\"en-US\",\"potentialAction\":[{\"@type\":\"ReadAction\",\"target\":[\"https:\\\/\\\/expoquebecvert.com\\\/en\\\/program\\\/mythes-et-realites-sur-les-plantes-indigenes\\\/\"]}]},{\"@type\":\"ImageObject\",\"inLanguage\":\"en-US\",\"@id\":\"https:\\\/\\\/expoquebecvert.com\\\/en\\\/program\\\/mythes-et-realites-sur-les-plantes-indigenes\\\/#primaryimage\",\"url\":\"https:\\\/\\\/expoquebecvert.com\\\/wp-content\\\/uploads\\\/2026\\\/08\\\/genevieve-clement-web.png\",\"contentUrl\":\"https:\\\/\\\/expoquebecvert.com\\\/wp-content\\\/uploads\\\/2026\\\/08\\\/genevieve-clement-web.png\",\"width\":400,\"height\":500,\"caption\":\"Genevi\u00e8ve Cl\u00e9ment\"},{\"@type\":\"BreadcrumbList\",\"@id\":\"https:\\\/\\\/expoquebecvert.com\\\/en\\\/program\\\/mythes-et-realites-sur-les-plantes-indigenes\\\/#breadcrumb\",\"itemListElement\":[{\"@type\":\"ListItem\",\"position\":1,\"name\":\"Home\",\"item\":\"https:\\\/\\\/expoquebecvert.com\\\/\"},{\"@type\":\"ListItem\",\"position\":2,\"name\":\"Programmation\",\"item\":\"https:\\\/\\\/expoquebecvert.com\\\/programmation\\\/\"},{\"@type\":\"ListItem\",\"position\":3,\"name\":\"Mythes et r\u00e9alit\u00e9s sur les plantes indig\u00e8nes\"}]},{\"@type\":\"WebSite\",\"@id\":\"https:\\\/\\\/expoquebecvert.com\\\/en\\\/#website\",\"url\":\"https:\\\/\\\/expoquebecvert.com\\\/en\\\/\",\"name\":\"Expo Qu\u00e9bec Vert\",\"description\":\"\",\"publisher\":{\"@id\":\"https:\\\/\\\/expoquebecvert.com\\\/en\\\/#organization\"},\"potentialAction\":[{\"@type\":\"SearchAction\",\"target\":{\"@type\":\"EntryPoint\",\"urlTemplate\":\"https:\\\/\\\/expoquebecvert.com\\\/en\\\/?s={search_term_string}\"},\"query-input\":{\"@type\":\"PropertyValueSpecification\",\"valueRequired\":true,\"valueName\":\"search_term_string\"}}],\"inLanguage\":\"en-US\"},{\"@type\":\"Organization\",\"@id\":\"https:\\\/\\\/expoquebecvert.com\\\/en\\\/#organization\",\"name\":\"Expo Qu\u00e9bec Vert\",\"url\":\"https:\\\/\\\/expoquebecvert.com\\\/en\\\/\",\"logo\":{\"@type\":\"ImageObject\",\"inLanguage\":\"en-US\",\"@id\":\"https:\\\/\\\/expoquebecvert.com\\\/en\\\/#\\\/schema\\\/logo\\\/image\\\/\",\"url\":\"https:\\\/\\\/expoquebecvert.com\\\/wp-content\\\/uploads\\\/2020\\\/10\\\/expo-quebec-vert-2.jpg\",\"contentUrl\":\"https:\\\/\\\/expoquebecvert.com\\\/wp-content\\\/uploads\\\/2020\\\/10\\\/expo-quebec-vert-2.jpg\",\"width\":1400,\"height\":1400,\"caption\":\"Expo Qu\u00e9bec Vert\"},\"image\":{\"@id\":\"https:\\\/\\\/expoquebecvert.com\\\/en\\\/#\\\/schema\\\/logo\\\/image\\\/\"},\"sameAs\":[\"https:\\\/\\\/www.facebook.com\\\/expoquebecvert\\\/\"]}]}<\/script>\n<!-- \/ Yoast SEO plugin. -->","yoast_head_json":{"title":"Mythes et r\u00e9alit\u00e9s sur les plantes indig\u00e8nes","description":"Cette conf\u00e9rence propose un regard nuanc\u00e9 sur les plantes indig\u00e8nes, les nativars et les plantes exotiques.","robots":{"index":"index","follow":"follow","max-snippet":"max-snippet:-1","max-image-preview":"max-image-preview:large","max-video-preview":"max-video-preview:-1"},"canonical":"https:\/\/expoquebecvert.com\/en\/program\/mythes-et-realites-sur-les-plantes-indigenes\/","og_locale":"en_US","og_type":"article","og_title":"Mythes et r\u00e9alit\u00e9s sur les plantes indig\u00e8nes","og_description":"Cette conf\u00e9rence propose un regard nuanc\u00e9 sur les plantes indig\u00e8nes, les nativars et les plantes exotiques.","og_url":"https:\/\/expoquebecvert.com\/en\/program\/mythes-et-realites-sur-les-plantes-indigenes\/","og_site_name":"Expo Qu\u00e9bec Vert","article_publisher":"https:\/\/www.facebook.com\/expoquebecvert\/","article_modified_time":"2026-08-31T19:05:36+00:00","og_image":[{"width":400,"height":500,"url":"https:\/\/expoquebecvert.com\/wp-content\/uploads\/2026\/08\/genevieve-clement-web.png","type":"image\/png"}],"twitter_card":"summary_large_image","twitter_misc":{"Est. reading time":"1 minute"},"schema":{"@context":"https:\/\/schema.org","@graph":[{"@type":["WebPage","ItemPage"],"@id":"https:\/\/expoquebecvert.com\/en\/program\/mythes-et-realites-sur-les-plantes-indigenes\/","url":"https:\/\/expoquebecvert.com\/en\/program\/mythes-et-realites-sur-les-plantes-indigenes\/","name":"Mythes et r\u00e9alit\u00e9s sur les plantes indig\u00e8nes","isPartOf":{"@id":"https:\/\/expoquebecvert.com\/en\/#website"},"primaryImageOfPage":{"@id":"https:\/\/expoquebecvert.com\/en\/program\/mythes-et-realites-sur-les-plantes-indigenes\/#primaryimage"},"image":{"@id":"https:\/\/expoquebecvert.com\/en\/program\/mythes-et-realites-sur-les-plantes-indigenes\/#primaryimage"},"thumbnailUrl":"https:\/\/expoquebecvert.com\/wp-content\/uploads\/2026\/08\/genevieve-clement-web.png","datePublished":"2025-11-20T10:45:00+00:00","dateModified":"2026-08-31T19:05:36+00:00","description":"Cette conf\u00e9rence propose un regard nuanc\u00e9 sur les plantes indig\u00e8nes, les nativars et les plantes exotiques.","breadcrumb":{"@id":"https:\/\/expoquebecvert.com\/en\/program\/mythes-et-realites-sur-les-plantes-indigenes\/#breadcrumb"},"inLanguage":"en-US","potentialAction":[{"@type":"ReadAction","target":["https:\/\/expoquebecvert.com\/en\/program\/mythes-et-realites-sur-les-plantes-indigenes\/"]}]},{"@type":"ImageObject","inLanguage":"en-US","@id":"https:\/\/expoquebecvert.com\/en\/program\/mythes-et-realites-sur-les-plantes-indigenes\/#primaryimage","url":"https:\/\/expoquebecvert.com\/wp-content\/uploads\/2026\/08\/genevieve-clement-web.png","contentUrl":"https:\/\/expoquebecvert.com\/wp-content\/uploads\/2026\/08\/genevieve-clement-web.png","width":400,"height":500,"caption":"Genevi\u00e8ve Cl\u00e9ment"},{"@type":"BreadcrumbList","@id":"https:\/\/expoquebecvert.com\/en\/program\/mythes-et-realites-sur-les-plantes-indigenes\/#breadcrumb","itemListElement":[{"@type":"ListItem","position":1,"name":"Home","item":"https:\/\/expoquebecvert.com\/"},{"@type":"ListItem","position":2,"name":"Programmation","item":"https:\/\/expoquebecvert.com\/programmation\/"},{"@type":"ListItem","position":3,"name":"Mythes et r\u00e9alit\u00e9s sur les plantes indig\u00e8nes"}]},{"@type":"WebSite","@id":"https:\/\/expoquebecvert.com\/en\/#website","url":"https:\/\/expoquebecvert.com\/en\/","name":"Expo Qu\u00e9bec Vert","description":"","publisher":{"@id":"https:\/\/expoquebecvert.com\/en\/#organization"},"potentialAction":[{"@type":"SearchAction","target":{"@type":"EntryPoint","urlTemplate":"https:\/\/expoquebecvert.com\/en\/?s={search_term_string}"},"query-input":{"@type":"PropertyValueSpecification","valueRequired":true,"valueName":"search_term_string"}}],"inLanguage":"en-US"},{"@type":"Organization","@id":"https:\/\/expoquebecvert.com\/en\/#organization","name":"Expo Qu\u00e9bec Vert","url":"https:\/\/expoquebecvert.com\/en\/","logo":{"@type":"ImageObject","inLanguage":"en-US","@id":"https:\/\/expoquebecvert.com\/en\/#\/schema\/logo\/image\/","url":"https:\/\/expoquebecvert.com\/wp-content\/uploads\/2020\/10\/expo-quebec-vert-2.jpg","contentUrl":"https:\/\/expoquebecvert.com\/wp-content\/uploads\/2020\/10\/expo-quebec-vert-2.jpg","width":1400,"height":1400,"caption":"Expo Qu\u00e9bec Vert"},"image":{"@id":"https:\/\/expoquebecvert.com\/en\/#\/schema\/logo\/image\/"},"sameAs":["https:\/\/www.facebook.com\/expoquebecvert\/"]}]}},"_links":{"self":[{"href":"https:\/\/expoquebecvert.com\/en\/wp-json\/wp\/v2\/programmation\/22855","targetHints":{"allow":["GET"]}}],"collection":[{"href":"https:\/\/expoquebecvert.com\/en\/wp-json\/wp\/v2\/programmation"}],"about":[{"href":"https:\/\/expoquebecvert.com\/en\/wp-json\/wp\/v2\/types\/programmation"}],"version-history":[{"count":2,"href":"https:\/\/expoquebecvert.com\/en\/wp-json\/wp\/v2\/programmation\/22855\/revisions"}],"predecessor-version":[{"id":22857,"href":"https:\/\/expoquebecvert.com\/en\/wp-json\/wp\/v2\/programmation\/22855\/revisions\/22857"}],"wp:featuredmedia":[{"embeddable":true,"href":"https:\/\/expoquebecvert.com\/en\/wp-json\/wp\/v2\/media\/22853"}],"wp:attachment":[{"href":"https:\/\/expoquebecvert.com\/en\/wp-json\/wp\/v2\/media?parent=22855"}],"curies":[{"name":"wp","href":"https:\/\/api.w.org\/{rel}","templated":true}]}}